{"id":353,"date":"2011-06-10T23:51:15","date_gmt":"2011-06-10T21:51:15","guid":{"rendered":"http:\/\/www.berliner-seiten.de\/ganz-nah\/?page_id=353"},"modified":"2012-05-28T09:50:40","modified_gmt":"2012-05-28T07:50:40","slug":"tiere-auf-fotokarten","status":"publish","type":"page","link":"http:\/\/www.berliner-seiten.de\/ganz-nah\/fotokarten\/tiere-auf-fotokarten\/","title":{"rendered":"Tiere auf Fotokarten"},"content":{"rendered":"<h3>Die Sch\u00f6nheit der Tierwelt war und ist ein Hauptmotiv vieler meiner Fotos. Tiere der freien Natur sind wie Pflanzen hervorragend geeignet zur Gestaltung von Fotokarten, besonders, wenn es gelingt, sie in &#8222;ganz-nah&#8220;- Einstellungen vor die Kameralinse zu bekommen. So finden sich schon unter meinen \u00e4ltesten Fotokarten nicht wenige Makros von Bienen, Hummeln, Schmetterlingen, Spinnen, Marienk\u00e4fern und V\u00f6geln; aber auch Eichh\u00f6rnchen und Wasserv\u00f6gel, vor allem Haubentaucher und immer wieder die majest\u00e4tischen Schw\u00e4ne, waren von Anfang an dabei.<\/h3>\n<h3>Alle meine Fotos bzw. Fotokarten mit Tiermotiven waren und sind Teil des gro\u00dfen Erlebnisses Natur. Jede Begegnung mit Tieren durch die Augen der Kamera hat das Staunen \u00fcber die Wunder der Natur und die Ehrfurcht davor verst\u00e4rkt. Daher imponiert mir besonders die auf den Punkt gebrachte Aussage des Philosophen Arthur Schopenhauer (1788-1860):\u00a0 <em>&#8222;Jeder dumme Junge kann einen K\u00e4fer zertreten. Aber alle Professoren der Welt k\u00f6nnen keinen herstellen.&#8220;<\/em><\/h3>\n<h3>Und das waren die ersten Versuche einer Verbindung dieses Zitats mit Fotos von 2006\/07:<\/h3>\n<div id=\"attachment_902\" style=\"width: 209px\" class=\"wp-caption aligncenter\"><a href=\"http:\/\/www.berliner-seiten.de\/ganz-nah\/files\/2011\/06\/Bild271.jpg\"><img loading=\"lazy\" decoding=\"async\" aria-describedby=\"caption-attachment-902\" class=\"size-medium wp-image-902\" src=\"http:\/\/www.berliner-seiten.de\/ganz-nah\/files\/2011\/06\/Bild271-199x300.jpg\" alt=\"\" width=\"199\" height=\"300\" srcset=\"http:\/\/www.berliner-seiten.de\/ganz-nah\/files\/2011\/06\/Bild271-199x300.jpg 199w, http:\/\/www.berliner-seiten.de\/ganz-nah\/files\/2011\/06\/Bild271-681x1024.jpg 681w, http:\/\/www.berliner-seiten.de\/ganz-nah\/files\/2011\/06\/Bild271.jpg 1065w\" sizes=\"auto, (max-width: 199px) 100vw, 199px\" \/><\/a><p id=\"caption-attachment-902\" class=\"wp-caption-text\">Kreuzspinne - ein pr\u00e4chtiges Werk der Natur, 2006<\/p><\/div>\n<div id=\"attachment_950\" style=\"width: 310px\" class=\"wp-caption aligncenter\"><a href=\"http:\/\/www.berliner-seiten.de\/ganz-nah\/files\/2011\/06\/Bild613.jpg\"><img loading=\"lazy\" decoding=\"async\" aria-describedby=\"caption-attachment-950\" class=\"size-medium wp-image-950\" src=\"http:\/\/www.berliner-seiten.de\/ganz-nah\/files\/2011\/06\/Bild613-300x199.jpg\" alt=\"\" width=\"300\" height=\"199\" srcset=\"http:\/\/www.berliner-seiten.de\/ganz-nah\/files\/2011\/06\/Bild613-300x199.jpg 300w, http:\/\/www.berliner-seiten.de\/ganz-nah\/files\/2011\/06\/Bild613-1024x682.jpg 1024w\" sizes=\"auto, (max-width: 300px) 100vw, 300px\" \/><\/a><p id=\"caption-attachment-950\" class=\"wp-caption-text\">Libellen, 2007<\/p><\/div>\n<div id=\"attachment_931\" style=\"width: 310px\" class=\"wp-caption aligncenter\"><a href=\"http:\/\/www.berliner-seiten.de\/ganz-nah\/files\/2011\/06\/Bild6a-korr1.jpg\"><img loading=\"lazy\" decoding=\"async\" aria-describedby=\"caption-attachment-931\" class=\"size-medium wp-image-931\" src=\"http:\/\/www.berliner-seiten.de\/ganz-nah\/files\/2011\/06\/Bild6a-korr1-300x200.jpg\" alt=\"\" width=\"300\" height=\"200\" srcset=\"http:\/\/www.berliner-seiten.de\/ganz-nah\/files\/2011\/06\/Bild6a-korr1-300x200.jpg 300w, http:\/\/www.berliner-seiten.de\/ganz-nah\/files\/2011\/06\/Bild6a-korr1-1024x683.jpg 1024w\" sizes=\"auto, (max-width: 300px) 100vw, 300px\" \/><\/a><p id=\"caption-attachment-931\" class=\"wp-caption-text\">Ganz nah, 2006<\/p><\/div>\n<h3>Besonders das Verh\u00e4ltnis zu den Tieren ist ein Ma\u00dfstab menschlicher Kultur, ein Gradmesser menschlicher Herzensbildung, aber auch eine Mahnung zum Schutz und zur Pflege der Tierwelt: <em>&#8222;Mensch, erhebe dich nicht \u00fcber die Tiere&#8230;&#8220; <\/em>&#8211; diesem Imperativ vieler Dichter und Denker (hier im Zitat der russische Schriftsteller Fjodor Michailowitsch Dostojewski<em>, <\/em>1821-1881) f\u00fchlt sich auch meine Verbindung von Bild und Wort auf Tier-Fotokarten verpflichtet.<\/h3>\n<h3><em> <\/em>Wie bei den Fotokarten mit Pflanzenmotiven fing auch bei den &#8222;Tieren auf Fotokarten&#8220; alles mit einfach beschrifteten Fotos an. Bald tauchten aber auch die ersten Klassiker-Spr\u00fcche in Verbindung zum Tiermotiv auf.<\/h3>\n<div id=\"attachment_883\" style=\"width: 310px\" class=\"wp-caption aligncenter\"><a href=\"http:\/\/www.berliner-seiten.de\/ganz-nah\/files\/2011\/06\/051.jpg\"><img loading=\"lazy\" decoding=\"async\" aria-describedby=\"caption-attachment-883\" class=\"size-medium wp-image-883\" src=\"http:\/\/www.berliner-seiten.de\/ganz-nah\/files\/2011\/06\/051-300x225.jpg\" alt=\"\" width=\"300\" height=\"225\" srcset=\"http:\/\/www.berliner-seiten.de\/ganz-nah\/files\/2011\/06\/051-300x225.jpg 300w, http:\/\/www.berliner-seiten.de\/ganz-nah\/files\/2011\/06\/051-1024x768.jpg 1024w, http:\/\/www.berliner-seiten.de\/ganz-nah\/files\/2011\/06\/051.jpg 2048w\" sizes=\"auto, (max-width: 300px) 100vw, 300px\" \/><\/a><p id=\"caption-attachment-883\" class=\"wp-caption-text\">Bienenflei\u00df, 2003<\/p><\/div>\n<div id=\"attachment_884\" style=\"width: 310px\" class=\"wp-caption aligncenter\"><a href=\"http:\/\/www.berliner-seiten.de\/ganz-nah\/files\/2011\/06\/Nr3.jpg\"><img loading=\"lazy\" decoding=\"async\" aria-describedby=\"caption-attachment-884\" class=\"size-medium wp-image-884\" src=\"http:\/\/www.berliner-seiten.de\/ganz-nah\/files\/2011\/06\/Nr3-300x225.jpg\" alt=\"\" width=\"300\" height=\"225\" srcset=\"http:\/\/www.berliner-seiten.de\/ganz-nah\/files\/2011\/06\/Nr3-300x225.jpg 300w, http:\/\/www.berliner-seiten.de\/ganz-nah\/files\/2011\/06\/Nr3-1024x768.jpg 1024w, http:\/\/www.berliner-seiten.de\/ganz-nah\/files\/2011\/06\/Nr3.jpg 2048w\" sizes=\"auto, (max-width: 300px) 100vw, 300px\" \/><\/a><p id=\"caption-attachment-884\" class=\"wp-caption-text\">Tagpfauenauge auf Fr\u00fchlingstour, 2003<\/p><\/div>\n<div id=\"attachment_885\" style=\"width: 310px\" class=\"wp-caption aligncenter\"><a href=\"http:\/\/www.berliner-seiten.de\/ganz-nah\/files\/2011\/06\/Nr4.jpg\"><img loading=\"lazy\" decoding=\"async\" aria-describedby=\"caption-attachment-885\" class=\"size-medium wp-image-885\" src=\"http:\/\/www.berliner-seiten.de\/ganz-nah\/files\/2011\/06\/Nr4-300x225.jpg\" alt=\"\" width=\"300\" height=\"225\" srcset=\"http:\/\/www.berliner-seiten.de\/ganz-nah\/files\/2011\/06\/Nr4-300x225.jpg 300w, http:\/\/www.berliner-seiten.de\/ganz-nah\/files\/2011\/06\/Nr4-1024x768.jpg 1024w, http:\/\/www.berliner-seiten.de\/ganz-nah\/files\/2011\/06\/Nr4.jpg 2048w\" sizes=\"auto, (max-width: 300px) 100vw, 300px\" \/><\/a><p id=\"caption-attachment-885\" class=\"wp-caption-text\">Fr\u00fchlingsrausch, 2003<\/p><\/div>\n<div id=\"attachment_886\" style=\"width: 310px\" class=\"wp-caption aligncenter\"><a href=\"http:\/\/www.berliner-seiten.de\/ganz-nah\/files\/2011\/06\/Bild104.jpg\"><img loading=\"lazy\" decoding=\"async\" aria-describedby=\"caption-attachment-886\" class=\"size-medium wp-image-886\" src=\"http:\/\/www.berliner-seiten.de\/ganz-nah\/files\/2011\/06\/Bild104-300x222.jpg\" alt=\"\" width=\"300\" height=\"222\" srcset=\"http:\/\/www.berliner-seiten.de\/ganz-nah\/files\/2011\/06\/Bild104-300x222.jpg 300w, http:\/\/www.berliner-seiten.de\/ganz-nah\/files\/2011\/06\/Bild104.jpg 953w\" sizes=\"auto, (max-width: 300px) 100vw, 300px\" \/><\/a><p id=\"caption-attachment-886\" class=\"wp-caption-text\">Punktlandung, 2004<\/p><\/div>\n<div id=\"attachment_888\" style=\"width: 310px\" class=\"wp-caption aligncenter\"><a href=\"http:\/\/www.berliner-seiten.de\/ganz-nah\/files\/2011\/06\/Bild_B1.jpg\"><img loading=\"lazy\" decoding=\"async\" aria-describedby=\"caption-attachment-888\" class=\"size-medium wp-image-888\" src=\"http:\/\/www.berliner-seiten.de\/ganz-nah\/files\/2011\/06\/Bild_B1-300x240.jpg\" alt=\"\" width=\"300\" height=\"240\" srcset=\"http:\/\/www.berliner-seiten.de\/ganz-nah\/files\/2011\/06\/Bild_B1-300x240.jpg 300w, http:\/\/www.berliner-seiten.de\/ganz-nah\/files\/2011\/06\/Bild_B1-1024x820.jpg 1024w, http:\/\/www.berliner-seiten.de\/ganz-nah\/files\/2011\/06\/Bild_B1.jpg 1215w\" sizes=\"auto, (max-width: 300px) 100vw, 300px\" \/><\/a><p id=\"caption-attachment-888\" class=\"wp-caption-text\">Kleines Sonnenbad, 2004<\/p><\/div>\n<div id=\"attachment_889\" style=\"width: 310px\" class=\"wp-caption aligncenter\"><a href=\"http:\/\/www.berliner-seiten.de\/ganz-nah\/files\/2011\/06\/Bild191.jpg\"><img loading=\"lazy\" decoding=\"async\" aria-describedby=\"caption-attachment-889\" class=\"size-medium wp-image-889\" src=\"http:\/\/www.berliner-seiten.de\/ganz-nah\/files\/2011\/06\/Bild191-300x229.jpg\" alt=\"\" width=\"300\" height=\"229\" srcset=\"http:\/\/www.berliner-seiten.de\/ganz-nah\/files\/2011\/06\/Bild191-300x229.jpg 300w, http:\/\/www.berliner-seiten.de\/ganz-nah\/files\/2011\/06\/Bild191-1024x783.jpg 1024w, http:\/\/www.berliner-seiten.de\/ganz-nah\/files\/2011\/06\/Bild191.jpg 1132w\" sizes=\"auto, (max-width: 300px) 100vw, 300px\" \/><\/a><p id=\"caption-attachment-889\" class=\"wp-caption-text\">Admiral, 2004<\/p><\/div>\n<div id=\"attachment_891\" style=\"width: 310px\" class=\"wp-caption aligncenter\"><a href=\"http:\/\/www.berliner-seiten.de\/ganz-nah\/files\/2011\/06\/Bild54.jpg\"><img loading=\"lazy\" decoding=\"async\" aria-describedby=\"caption-attachment-891\" class=\"size-medium wp-image-891\" src=\"http:\/\/www.berliner-seiten.de\/ganz-nah\/files\/2011\/06\/Bild54-300x204.jpg\" alt=\"\" width=\"300\" height=\"204\" srcset=\"http:\/\/www.berliner-seiten.de\/ganz-nah\/files\/2011\/06\/Bild54-300x204.jpg 300w, http:\/\/www.berliner-seiten.de\/ganz-nah\/files\/2011\/06\/Bild54-1024x697.jpg 1024w, http:\/\/www.berliner-seiten.de\/ganz-nah\/files\/2011\/06\/Bild54.jpg 1116w\" sizes=\"auto, (max-width: 300px) 100vw, 300px\" \/><\/a><p id=\"caption-attachment-891\" class=\"wp-caption-text\">Vorw\u00e4rts immer..., 2004<\/p><\/div>\n<div id=\"attachment_892\" style=\"width: 236px\" class=\"wp-caption aligncenter\"><a href=\"http:\/\/www.berliner-seiten.de\/ganz-nah\/files\/2011\/06\/Bild118.jpg\"><img loading=\"lazy\" decoding=\"async\" aria-describedby=\"caption-attachment-892\" class=\"size-medium wp-image-892\" src=\"http:\/\/www.berliner-seiten.de\/ganz-nah\/files\/2011\/06\/Bild118-226x300.jpg\" alt=\"\" width=\"226\" height=\"300\" srcset=\"http:\/\/www.berliner-seiten.de\/ganz-nah\/files\/2011\/06\/Bild118-226x300.jpg 226w, http:\/\/www.berliner-seiten.de\/ganz-nah\/files\/2011\/06\/Bild118-772x1024.jpg 772w, http:\/\/www.berliner-seiten.de\/ganz-nah\/files\/2011\/06\/Bild118.jpg 1195w\" sizes=\"auto, (max-width: 226px) 100vw, 226px\" \/><\/a><p id=\"caption-attachment-892\" class=\"wp-caption-text\">Vor Sonnenuntergang, 2004<\/p><\/div>\n<div id=\"attachment_893\" style=\"width: 310px\" class=\"wp-caption aligncenter\"><a href=\"http:\/\/www.berliner-seiten.de\/ganz-nah\/files\/2011\/06\/Bild121.jpg\"><img loading=\"lazy\" decoding=\"async\" aria-describedby=\"caption-attachment-893\" class=\"size-medium wp-image-893\" src=\"http:\/\/www.berliner-seiten.de\/ganz-nah\/files\/2011\/06\/Bild121-300x194.jpg\" alt=\"\" width=\"300\" height=\"194\" srcset=\"http:\/\/www.berliner-seiten.de\/ganz-nah\/files\/2011\/06\/Bild121-300x194.jpg 300w, http:\/\/www.berliner-seiten.de\/ganz-nah\/files\/2011\/06\/Bild121-1024x662.jpg 1024w, http:\/\/www.berliner-seiten.de\/ganz-nah\/files\/2011\/06\/Bild121.jpg 1275w\" sizes=\"auto, (max-width: 300px) 100vw, 300px\" \/><\/a><p id=\"caption-attachment-893\" class=\"wp-caption-text\">Jahresr\u00fcckschau, 2004<\/p><\/div>\n<div id=\"attachment_895\" style=\"width: 310px\" class=\"wp-caption aligncenter\"><a href=\"http:\/\/www.berliner-seiten.de\/ganz-nah\/files\/2011\/06\/Bild45.jpg\"><img loading=\"lazy\" decoding=\"async\" aria-describedby=\"caption-attachment-895\" class=\"size-medium wp-image-895\" src=\"http:\/\/www.berliner-seiten.de\/ganz-nah\/files\/2011\/06\/Bild45-300x199.jpg\" alt=\"\" width=\"300\" height=\"199\" srcset=\"http:\/\/www.berliner-seiten.de\/ganz-nah\/files\/2011\/06\/Bild45-300x199.jpg 300w, http:\/\/www.berliner-seiten.de\/ganz-nah\/files\/2011\/06\/Bild45-1024x681.jpg 1024w, http:\/\/www.berliner-seiten.de\/ganz-nah\/files\/2011\/06\/Bild45.jpg 1354w\" sizes=\"auto, (max-width: 300px) 100vw, 300px\" \/><\/a><p id=\"caption-attachment-895\" class=\"wp-caption-text\">Winterf\u00fctterung, 2005<\/p><\/div>\n<div id=\"attachment_905\" style=\"width: 310px\" class=\"wp-caption aligncenter\"><a href=\"http:\/\/www.berliner-seiten.de\/ganz-nah\/files\/2011\/06\/Bild81.jpg\"><img loading=\"lazy\" decoding=\"async\" aria-describedby=\"caption-attachment-905\" class=\"size-medium wp-image-905\" src=\"http:\/\/www.berliner-seiten.de\/ganz-nah\/files\/2011\/06\/Bild81-300x200.jpg\" alt=\"\" width=\"300\" height=\"200\" srcset=\"http:\/\/www.berliner-seiten.de\/ganz-nah\/files\/2011\/06\/Bild81-300x200.jpg 300w, http:\/\/www.berliner-seiten.de\/ganz-nah\/files\/2011\/06\/Bild81-1024x683.jpg 1024w, http:\/\/www.berliner-seiten.de\/ganz-nah\/files\/2011\/06\/Bild81.jpg 1902w\" sizes=\"auto, (max-width: 300px) 100vw, 300px\" \/><\/a><p id=\"caption-attachment-905\" class=\"wp-caption-text\">Gez\u00e4nk der Stare, 2005<\/p><\/div>\n<div id=\"attachment_906\" style=\"width: 204px\" class=\"wp-caption aligncenter\"><a href=\"http:\/\/www.berliner-seiten.de\/ganz-nah\/files\/2011\/06\/Bild55.jpg\"><img loading=\"lazy\" decoding=\"async\" aria-describedby=\"caption-attachment-906\" class=\"size-medium wp-image-906\" src=\"http:\/\/www.berliner-seiten.de\/ganz-nah\/files\/2011\/06\/Bild55-194x300.jpg\" alt=\"Schwanen-Geburt am Orankesee, 2005\" width=\"194\" height=\"300\" srcset=\"http:\/\/www.berliner-seiten.de\/ganz-nah\/files\/2011\/06\/Bild55-194x300.jpg 194w, http:\/\/www.berliner-seiten.de\/ganz-nah\/files\/2011\/06\/Bild55-662x1024.jpg 662w, http:\/\/www.berliner-seiten.de\/ganz-nah\/files\/2011\/06\/Bild55.jpg 825w\" sizes=\"auto, (max-width: 194px) 100vw, 194px\" \/><\/a><p id=\"caption-attachment-906\" class=\"wp-caption-text\">Schwanengeburt am Orankesee, 2005<\/p><\/div>\n<div id=\"attachment_907\" style=\"width: 310px\" class=\"wp-caption aligncenter\"><a href=\"http:\/\/www.berliner-seiten.de\/ganz-nah\/files\/2011\/06\/Bild46.jpg\"><img loading=\"lazy\" decoding=\"async\" aria-describedby=\"caption-attachment-907\" class=\"size-medium wp-image-907\" src=\"http:\/\/www.berliner-seiten.de\/ganz-nah\/files\/2011\/06\/Bild46-300x194.jpg\" alt=\"\" width=\"300\" height=\"194\" srcset=\"http:\/\/www.berliner-seiten.de\/ganz-nah\/files\/2011\/06\/Bild46-300x194.jpg 300w, http:\/\/www.berliner-seiten.de\/ganz-nah\/files\/2011\/06\/Bild46-1024x662.jpg 1024w, http:\/\/www.berliner-seiten.de\/ganz-nah\/files\/2011\/06\/Bild46.jpg 1275w\" sizes=\"auto, (max-width: 300px) 100vw, 300px\" \/><\/a><p id=\"caption-attachment-907\" class=\"wp-caption-text\">Sommer-Miniatur, 2005<\/p><\/div>\n<div id=\"attachment_909\" style=\"width: 310px\" class=\"wp-caption aligncenter\"><a href=\"http:\/\/www.berliner-seiten.de\/ganz-nah\/files\/2011\/06\/Bild311.jpg\"><img loading=\"lazy\" decoding=\"async\" aria-describedby=\"caption-attachment-909\" class=\"size-medium wp-image-909\" src=\"http:\/\/www.berliner-seiten.de\/ganz-nah\/files\/2011\/06\/Bild311-300x200.jpg\" alt=\"\" width=\"300\" height=\"200\" srcset=\"http:\/\/www.berliner-seiten.de\/ganz-nah\/files\/2011\/06\/Bild311-300x200.jpg 300w, http:\/\/www.berliner-seiten.de\/ganz-nah\/files\/2011\/06\/Bild311-1024x683.jpg 1024w\" sizes=\"auto, (max-width: 300px) 100vw, 300px\" \/><\/a><p id=\"caption-attachment-909\" class=\"wp-caption-text\">Tierische Freundschaft, Fotomontage, 2005<\/p><\/div>\n<div id=\"attachment_911\" style=\"width: 310px\" class=\"wp-caption aligncenter\"><a href=\"http:\/\/www.berliner-seiten.de\/ganz-nah\/files\/2011\/06\/Schw\u00e4ne29-jep1.jpg\"><img loading=\"lazy\" decoding=\"async\" aria-describedby=\"caption-attachment-911\" class=\"size-medium wp-image-911\" src=\"http:\/\/www.berliner-seiten.de\/ganz-nah\/files\/2011\/06\/Schw\u00e4ne29-jep1-300x200.jpg\" alt=\"\" width=\"300\" height=\"200\" srcset=\"http:\/\/www.berliner-seiten.de\/ganz-nah\/files\/2011\/06\/Schw\u00e4ne29-jep1-300x200.jpg 300w, http:\/\/www.berliner-seiten.de\/ganz-nah\/files\/2011\/06\/Schw\u00e4ne29-jep1-1024x683.jpg 1024w\" sizes=\"auto, (max-width: 300px) 100vw, 300px\" \/><\/a><p id=\"caption-attachment-911\" class=\"wp-caption-text\">Meine Schw\u00e4ne am Orankesee, 2005<\/p><\/div>\n<div id=\"attachment_912\" style=\"width: 310px\" class=\"wp-caption aligncenter\"><a href=\"http:\/\/www.berliner-seiten.de\/ganz-nah\/files\/2011\/06\/Schw\u00e4ne07.jpg\"><img loading=\"lazy\" decoding=\"async\" aria-describedby=\"caption-attachment-912\" class=\"size-medium wp-image-912\" src=\"http:\/\/www.berliner-seiten.de\/ganz-nah\/files\/2011\/06\/Schw\u00e4ne07-300x200.jpg\" alt=\"\" width=\"300\" height=\"200\" srcset=\"http:\/\/www.berliner-seiten.de\/ganz-nah\/files\/2011\/06\/Schw\u00e4ne07-300x200.jpg 300w, http:\/\/www.berliner-seiten.de\/ganz-nah\/files\/2011\/06\/Schw\u00e4ne07-1024x682.jpg 1024w\" sizes=\"auto, (max-width: 300px) 100vw, 300px\" \/><\/a><p id=\"caption-attachment-912\" class=\"wp-caption-text\">Sechslinge von Mai 2005 bis Januar 2006<\/p><\/div>\n<div id=\"attachment_913\" style=\"width: 310px\" class=\"wp-caption aligncenter\"><a href=\"http:\/\/www.berliner-seiten.de\/ganz-nah\/files\/2011\/06\/Bild120.jpg\"><img loading=\"lazy\" decoding=\"async\" aria-describedby=\"caption-attachment-913\" class=\"size-medium wp-image-913\" src=\"http:\/\/www.berliner-seiten.de\/ganz-nah\/files\/2011\/06\/Bild120-300x200.jpg\" alt=\"\" width=\"300\" height=\"200\" srcset=\"http:\/\/www.berliner-seiten.de\/ganz-nah\/files\/2011\/06\/Bild120-300x200.jpg 300w, http:\/\/www.berliner-seiten.de\/ganz-nah\/files\/2011\/06\/Bild120-1024x684.jpg 1024w, http:\/\/www.berliner-seiten.de\/ganz-nah\/files\/2011\/06\/Bild120.jpg 1697w\" sizes=\"auto, (max-width: 300px) 100vw, 300px\" \/><\/a><p id=\"caption-attachment-913\" class=\"wp-caption-text\">Alle V\u00f6gel sind schon da, 2006<\/p><\/div>\n<div id=\"attachment_915\" style=\"width: 310px\" class=\"wp-caption aligncenter\"><a href=\"http:\/\/www.berliner-seiten.de\/ganz-nah\/files\/2011\/06\/Bild4a.jpg\"><img loading=\"lazy\" decoding=\"async\" aria-describedby=\"caption-attachment-915\" class=\"size-medium wp-image-915\" src=\"http:\/\/www.berliner-seiten.de\/ganz-nah\/files\/2011\/06\/Bild4a-300x200.jpg\" alt=\"\" width=\"300\" height=\"200\" srcset=\"http:\/\/www.berliner-seiten.de\/ganz-nah\/files\/2011\/06\/Bild4a-300x200.jpg 300w, http:\/\/www.berliner-seiten.de\/ganz-nah\/files\/2011\/06\/Bild4a-1024x682.jpg 1024w\" sizes=\"auto, (max-width: 300px) 100vw, 300px\" \/><\/a><p id=\"caption-attachment-915\" class=\"wp-caption-text\">Ergreift den Augenblick! 2006<\/p><\/div>\n<div id=\"attachment_916\" style=\"width: 310px\" class=\"wp-caption aligncenter\"><a href=\"http:\/\/www.berliner-seiten.de\/ganz-nah\/files\/2011\/06\/Bild28.jpg\"><img loading=\"lazy\" decoding=\"async\" aria-describedby=\"caption-attachment-916\" class=\"size-medium wp-image-916\" src=\"http:\/\/www.berliner-seiten.de\/ganz-nah\/files\/2011\/06\/Bild28-300x200.jpg\" alt=\"\" width=\"300\" height=\"200\" srcset=\"http:\/\/www.berliner-seiten.de\/ganz-nah\/files\/2011\/06\/Bild28-300x200.jpg 300w, http:\/\/www.berliner-seiten.de\/ganz-nah\/files\/2011\/06\/Bild28-1024x683.jpg 1024w\" sizes=\"auto, (max-width: 300px) 100vw, 300px\" \/><\/a><p id=\"caption-attachment-916\" class=\"wp-caption-text\">St\u00e4ndige Erneuerung, 2006<\/p><\/div>\n<div id=\"attachment_917\" style=\"width: 310px\" class=\"wp-caption aligncenter\"><a href=\"http:\/\/www.berliner-seiten.de\/ganz-nah\/files\/2011\/06\/Bild122.jpg\"><img loading=\"lazy\" decoding=\"async\" aria-describedby=\"caption-attachment-917\" class=\"size-medium wp-image-917\" src=\"http:\/\/www.berliner-seiten.de\/ganz-nah\/files\/2011\/06\/Bild122-300x200.jpg\" alt=\"\" width=\"300\" height=\"200\" srcset=\"http:\/\/www.berliner-seiten.de\/ganz-nah\/files\/2011\/06\/Bild122-300x200.jpg 300w, http:\/\/www.berliner-seiten.de\/ganz-nah\/files\/2011\/06\/Bild122-1024x683.jpg 1024w\" sizes=\"auto, (max-width: 300px) 100vw, 300px\" \/><\/a><p id=\"caption-attachment-917\" class=\"wp-caption-text\">Blessh\u00fchner, 2006<\/p><\/div>\n<div id=\"attachment_918\" style=\"width: 310px\" class=\"wp-caption aligncenter\"><a href=\"http:\/\/www.berliner-seiten.de\/ganz-nah\/files\/2011\/06\/Bild123.jpg\"><img loading=\"lazy\" decoding=\"async\" aria-describedby=\"caption-attachment-918\" class=\"size-medium wp-image-918\" src=\"http:\/\/www.berliner-seiten.de\/ganz-nah\/files\/2011\/06\/Bild123-300x200.jpg\" alt=\"\" width=\"300\" height=\"200\" srcset=\"http:\/\/www.berliner-seiten.de\/ganz-nah\/files\/2011\/06\/Bild123-300x200.jpg 300w, http:\/\/www.berliner-seiten.de\/ganz-nah\/files\/2011\/06\/Bild123-1024x683.jpg 1024w\" sizes=\"auto, (max-width: 300px) 100vw, 300px\" \/><\/a><p id=\"caption-attachment-918\" class=\"wp-caption-text\">Haubentaucher, 2006<\/p><\/div>\n<div id=\"attachment_919\" style=\"width: 310px\" class=\"wp-caption aligncenter\"><a href=\"http:\/\/www.berliner-seiten.de\/ganz-nah\/files\/2011\/06\/Bild47.jpg\"><img loading=\"lazy\" decoding=\"async\" aria-describedby=\"caption-attachment-919\" class=\"size-medium wp-image-919\" src=\"http:\/\/www.berliner-seiten.de\/ganz-nah\/files\/2011\/06\/Bild47-300x200.jpg\" alt=\"\" width=\"300\" height=\"200\" srcset=\"http:\/\/www.berliner-seiten.de\/ganz-nah\/files\/2011\/06\/Bild47-300x200.jpg 300w, http:\/\/www.berliner-seiten.de\/ganz-nah\/files\/2011\/06\/Bild47-1024x683.jpg 1024w\" sizes=\"auto, (max-width: 300px) 100vw, 300px\" \/><\/a><p id=\"caption-attachment-919\" class=\"wp-caption-text\">Gut Ding will Weile haben, 2006<\/p><\/div>\n<div id=\"attachment_920\" style=\"width: 310px\" class=\"wp-caption aligncenter\"><a href=\"http:\/\/www.berliner-seiten.de\/ganz-nah\/files\/2011\/06\/Bild29.jpg\"><img loading=\"lazy\" decoding=\"async\" aria-describedby=\"caption-attachment-920\" class=\"size-medium wp-image-920\" src=\"http:\/\/www.berliner-seiten.de\/ganz-nah\/files\/2011\/06\/Bild29-300x199.jpg\" alt=\"\" width=\"300\" height=\"199\" srcset=\"http:\/\/www.berliner-seiten.de\/ganz-nah\/files\/2011\/06\/Bild29-300x199.jpg 300w, http:\/\/www.berliner-seiten.de\/ganz-nah\/files\/2011\/06\/Bild29-1024x681.jpg 1024w\" sizes=\"auto, (max-width: 300px) 100vw, 300px\" \/><\/a><p id=\"caption-attachment-920\" class=\"wp-caption-text\">Orankeschw\u00e4ne, 2006<\/p><\/div>\n<div id=\"attachment_921\" style=\"width: 310px\" class=\"wp-caption aligncenter\"><a href=\"http:\/\/www.berliner-seiten.de\/ganz-nah\/files\/2011\/06\/Bild48.jpg\"><img loading=\"lazy\" decoding=\"async\" aria-describedby=\"caption-attachment-921\" class=\"size-medium wp-image-921\" src=\"http:\/\/www.berliner-seiten.de\/ganz-nah\/files\/2011\/06\/Bild48-300x200.jpg\" alt=\"\" width=\"300\" height=\"200\" srcset=\"http:\/\/www.berliner-seiten.de\/ganz-nah\/files\/2011\/06\/Bild48-300x200.jpg 300w, http:\/\/www.berliner-seiten.de\/ganz-nah\/files\/2011\/06\/Bild48-1024x683.jpg 1024w\" sizes=\"auto, (max-width: 300px) 100vw, 300px\" \/><\/a><p id=\"caption-attachment-921\" class=\"wp-caption-text\">M\u00fcde Drillinge am Orankesee, 2006<\/p><\/div>\n<div id=\"attachment_923\" style=\"width: 310px\" class=\"wp-caption aligncenter\"><a href=\"http:\/\/www.berliner-seiten.de\/ganz-nah\/files\/2011\/06\/Bild75.jpg\"><img loading=\"lazy\" decoding=\"async\" aria-describedby=\"caption-attachment-923\" class=\"size-medium wp-image-923\" src=\"http:\/\/www.berliner-seiten.de\/ganz-nah\/files\/2011\/06\/Bild75-300x199.jpg\" alt=\"\" width=\"300\" height=\"199\" srcset=\"http:\/\/www.berliner-seiten.de\/ganz-nah\/files\/2011\/06\/Bild75-300x199.jpg 300w, http:\/\/www.berliner-seiten.de\/ganz-nah\/files\/2011\/06\/Bild75-1024x682.jpg 1024w\" sizes=\"auto, (max-width: 300px) 100vw, 300px\" \/><\/a><p id=\"caption-attachment-923\" class=\"wp-caption-text\">Sommergru\u00df vom Schwalbenschwanz, 2006<\/p><\/div>\n<div id=\"attachment_924\" style=\"width: 310px\" class=\"wp-caption aligncenter\"><a href=\"http:\/\/www.berliner-seiten.de\/ganz-nah\/files\/2011\/06\/Schmetterlinge1.jpg\"><img loading=\"lazy\" decoding=\"async\" aria-describedby=\"caption-attachment-924\" class=\"size-medium wp-image-924\" src=\"http:\/\/www.berliner-seiten.de\/ganz-nah\/files\/2011\/06\/Schmetterlinge1-300x200.jpg\" alt=\"\" width=\"300\" height=\"200\" srcset=\"http:\/\/www.berliner-seiten.de\/ganz-nah\/files\/2011\/06\/Schmetterlinge1-300x200.jpg 300w, http:\/\/www.berliner-seiten.de\/ganz-nah\/files\/2011\/06\/Schmetterlinge1-1024x683.jpg 1024w, http:\/\/www.berliner-seiten.de\/ganz-nah\/files\/2011\/06\/Schmetterlinge1.jpg 1394w\" sizes=\"auto, (max-width: 300px) 100vw, 300px\" \/><\/a><p id=\"caption-attachment-924\" class=\"wp-caption-text\">Und noch mehr Sommerg\u00e4ste, 2006<\/p><\/div>\n<div id=\"attachment_925\" style=\"width: 310px\" class=\"wp-caption aligncenter\"><a href=\"http:\/\/www.berliner-seiten.de\/ganz-nah\/files\/2011\/06\/Schmetterlinge2.jpg\"><img loading=\"lazy\" decoding=\"async\" aria-describedby=\"caption-attachment-925\" class=\"size-medium wp-image-925\" src=\"http:\/\/www.berliner-seiten.de\/ganz-nah\/files\/2011\/06\/Schmetterlinge2-300x200.jpg\" alt=\"\" width=\"300\" height=\"200\" srcset=\"http:\/\/www.berliner-seiten.de\/ganz-nah\/files\/2011\/06\/Schmetterlinge2-300x200.jpg 300w, http:\/\/www.berliner-seiten.de\/ganz-nah\/files\/2011\/06\/Schmetterlinge2-1024x683.jpg 1024w, http:\/\/www.berliner-seiten.de\/ganz-nah\/files\/2011\/06\/Schmetterlinge2.jpg 1394w\" sizes=\"auto, (max-width: 300px) 100vw, 300px\" \/><\/a><p id=\"caption-attachment-925\" class=\"wp-caption-text\">Sommerfreuden, 2006<\/p><\/div>\n<div id=\"attachment_926\" style=\"width: 310px\" class=\"wp-caption aligncenter\"><a href=\"http:\/\/www.berliner-seiten.de\/ganz-nah\/files\/2011\/06\/Bild210.jpg\"><img loading=\"lazy\" decoding=\"async\" aria-describedby=\"caption-attachment-926\" class=\"size-medium wp-image-926\" src=\"http:\/\/www.berliner-seiten.de\/ganz-nah\/files\/2011\/06\/Bild210-300x200.jpg\" alt=\"\" width=\"300\" height=\"200\" srcset=\"http:\/\/www.berliner-seiten.de\/ganz-nah\/files\/2011\/06\/Bild210-300x200.jpg 300w, http:\/\/www.berliner-seiten.de\/ganz-nah\/files\/2011\/06\/Bild210-1024x683.jpg 1024w\" sizes=\"auto, (max-width: 300px) 100vw, 300px\" \/><\/a><p id=\"caption-attachment-926\" class=\"wp-caption-text\">Schmetterlingsgalerie, 2006<\/p><\/div>\n<div id=\"attachment_927\" style=\"width: 310px\" class=\"wp-caption aligncenter\"><a href=\"http:\/\/www.berliner-seiten.de\/ganz-nah\/files\/2011\/06\/Tempo.jpg\"><img loading=\"lazy\" decoding=\"async\" aria-describedby=\"caption-attachment-927\" class=\"size-medium wp-image-927\" src=\"http:\/\/www.berliner-seiten.de\/ganz-nah\/files\/2011\/06\/Tempo-300x200.jpg\" alt=\"\" width=\"300\" height=\"200\" srcset=\"http:\/\/www.berliner-seiten.de\/ganz-nah\/files\/2011\/06\/Tempo-300x200.jpg 300w, http:\/\/www.berliner-seiten.de\/ganz-nah\/files\/2011\/06\/Tempo-1024x683.jpg 1024w\" sizes=\"auto, (max-width: 300px) 100vw, 300px\" \/><\/a><p id=\"caption-attachment-927\" class=\"wp-caption-text\">Eichh\u00f6rnchen in Bewegung, 2006<\/p><\/div>\n<div id=\"attachment_928\" style=\"width: 310px\" class=\"wp-caption aligncenter\"><a href=\"http:\/\/www.berliner-seiten.de\/ganz-nah\/files\/2011\/06\/Bild56.jpg\"><img loading=\"lazy\" decoding=\"async\" aria-describedby=\"caption-attachment-928\" class=\"size-medium wp-image-928\" src=\"http:\/\/www.berliner-seiten.de\/ganz-nah\/files\/2011\/06\/Bild56-300x200.jpg\" alt=\"\" width=\"300\" height=\"200\" srcset=\"http:\/\/www.berliner-seiten.de\/ganz-nah\/files\/2011\/06\/Bild56-300x200.jpg 300w, http:\/\/www.berliner-seiten.de\/ganz-nah\/files\/2011\/06\/Bild56-1024x683.jpg 1024w\" sizes=\"auto, (max-width: 300px) 100vw, 300px\" \/><\/a><p id=\"caption-attachment-928\" class=\"wp-caption-text\">Sommerbilder, 2006<\/p><\/div>\n<div id=\"attachment_933\" style=\"width: 310px\" class=\"wp-caption aligncenter\"><a href=\"http:\/\/www.berliner-seiten.de\/ganz-nah\/files\/2011\/06\/Bild312.jpg\"><img loading=\"lazy\" decoding=\"async\" aria-describedby=\"caption-attachment-933\" class=\"size-medium wp-image-933\" src=\"http:\/\/www.berliner-seiten.de\/ganz-nah\/files\/2011\/06\/Bild312-300x200.jpg\" alt=\"\" width=\"300\" height=\"200\" srcset=\"http:\/\/www.berliner-seiten.de\/ganz-nah\/files\/2011\/06\/Bild312-300x200.jpg 300w, http:\/\/www.berliner-seiten.de\/ganz-nah\/files\/2011\/06\/Bild312-1024x683.jpg 1024w\" sizes=\"auto, (max-width: 300px) 100vw, 300px\" \/><\/a><p id=\"caption-attachment-933\" class=\"wp-caption-text\">Vogelparadies im Biotop, 2007<\/p><\/div>\n<div id=\"attachment_935\" style=\"width: 310px\" class=\"wp-caption aligncenter\"><a href=\"http:\/\/www.berliner-seiten.de\/ganz-nah\/files\/2011\/06\/Bild49.jpg\"><img loading=\"lazy\" decoding=\"async\" aria-describedby=\"caption-attachment-935\" class=\"size-medium wp-image-935\" src=\"http:\/\/www.berliner-seiten.de\/ganz-nah\/files\/2011\/06\/Bild49-300x200.jpg\" alt=\"\" width=\"300\" height=\"200\" srcset=\"http:\/\/www.berliner-seiten.de\/ganz-nah\/files\/2011\/06\/Bild49-300x200.jpg 300w, http:\/\/www.berliner-seiten.de\/ganz-nah\/files\/2011\/06\/Bild49-1024x683.jpg 1024w\" sizes=\"auto, (max-width: 300px) 100vw, 300px\" \/><\/a><p id=\"caption-attachment-935\" class=\"wp-caption-text\">Vogelgalerie im Biotop-1, 2007<\/p><\/div>\n<div id=\"attachment_936\" style=\"width: 310px\" class=\"wp-caption aligncenter\"><a href=\"http:\/\/www.berliner-seiten.de\/ganz-nah\/files\/2011\/06\/Bild57.jpg\"><img loading=\"lazy\" decoding=\"async\" aria-describedby=\"caption-attachment-936\" class=\"size-medium wp-image-936\" src=\"http:\/\/www.berliner-seiten.de\/ganz-nah\/files\/2011\/06\/Bild57-300x200.jpg\" alt=\"\" width=\"300\" height=\"200\" srcset=\"http:\/\/www.berliner-seiten.de\/ganz-nah\/files\/2011\/06\/Bild57-300x200.jpg 300w, http:\/\/www.berliner-seiten.de\/ganz-nah\/files\/2011\/06\/Bild57-1024x683.jpg 1024w\" sizes=\"auto, (max-width: 300px) 100vw, 300px\" \/><\/a><p id=\"caption-attachment-936\" class=\"wp-caption-text\">Vogelgalerie im Biotop-2, 2007<\/p><\/div>\n<div id=\"attachment_934\" style=\"width: 310px\" class=\"wp-caption aligncenter\"><a href=\"http:\/\/www.berliner-seiten.de\/ganz-nah\/files\/2011\/06\/Bild124.jpg\"><img loading=\"lazy\" decoding=\"async\" aria-describedby=\"caption-attachment-934\" class=\"size-medium wp-image-934\" src=\"http:\/\/www.berliner-seiten.de\/ganz-nah\/files\/2011\/06\/Bild124-300x200.jpg\" alt=\"\" width=\"300\" height=\"200\" srcset=\"http:\/\/www.berliner-seiten.de\/ganz-nah\/files\/2011\/06\/Bild124-300x200.jpg 300w, http:\/\/www.berliner-seiten.de\/ganz-nah\/files\/2011\/06\/Bild124-1024x683.jpg 1024w\" sizes=\"auto, (max-width: 300px) 100vw, 300px\" \/><\/a><p id=\"caption-attachment-934\" class=\"wp-caption-text\">Rotkehlchen im Biotop, 2007<\/p><\/div>\n<div id=\"attachment_937\" style=\"width: 310px\" class=\"wp-caption aligncenter\"><a href=\"http:\/\/www.berliner-seiten.de\/ganz-nah\/files\/2011\/06\/Bild313.jpg\"><img loading=\"lazy\" decoding=\"async\" aria-describedby=\"caption-attachment-937\" class=\"size-medium wp-image-937\" src=\"http:\/\/www.berliner-seiten.de\/ganz-nah\/files\/2011\/06\/Bild313-300x200.jpg\" alt=\"\" width=\"300\" height=\"200\" srcset=\"http:\/\/www.berliner-seiten.de\/ganz-nah\/files\/2011\/06\/Bild313-300x200.jpg 300w, http:\/\/www.berliner-seiten.de\/ganz-nah\/files\/2011\/06\/Bild313-1024x683.jpg 1024w\" sizes=\"auto, (max-width: 300px) 100vw, 300px\" \/><\/a><p id=\"caption-attachment-937\" class=\"wp-caption-text\">Schwanzmeise im Biotop, 2007<\/p><\/div>\n<div id=\"attachment_938\" style=\"width: 310px\" class=\"wp-caption aligncenter\"><a href=\"http:\/\/www.berliner-seiten.de\/ganz-nah\/files\/2011\/06\/Bild5a.jpg\"><img loading=\"lazy\" decoding=\"async\" aria-describedby=\"caption-attachment-938\" class=\"size-medium wp-image-938\" src=\"http:\/\/www.berliner-seiten.de\/ganz-nah\/files\/2011\/06\/Bild5a-300x200.jpg\" alt=\"\" width=\"300\" height=\"200\" srcset=\"http:\/\/www.berliner-seiten.de\/ganz-nah\/files\/2011\/06\/Bild5a-300x200.jpg 300w, http:\/\/www.berliner-seiten.de\/ganz-nah\/files\/2011\/06\/Bild5a-1024x683.jpg 1024w\" sizes=\"auto, (max-width: 300px) 100vw, 300px\" \/><\/a><p id=\"caption-attachment-938\" class=\"wp-caption-text\">Gro\u00dfer Buntspecht im Biotop, 2007<\/p><\/div>\n<div id=\"attachment_939\" style=\"width: 310px\" class=\"wp-caption aligncenter\"><a href=\"http:\/\/www.berliner-seiten.de\/ganz-nah\/files\/2011\/06\/Bild82.jpg\"><img loading=\"lazy\" decoding=\"async\" aria-describedby=\"caption-attachment-939\" class=\"size-medium wp-image-939\" src=\"http:\/\/www.berliner-seiten.de\/ganz-nah\/files\/2011\/06\/Bild82-300x200.jpg\" alt=\"\" width=\"300\" height=\"200\" srcset=\"http:\/\/www.berliner-seiten.de\/ganz-nah\/files\/2011\/06\/Bild82-300x200.jpg 300w, http:\/\/www.berliner-seiten.de\/ganz-nah\/files\/2011\/06\/Bild82-1024x684.jpg 1024w, http:\/\/www.berliner-seiten.de\/ganz-nah\/files\/2011\/06\/Bild82.jpg 1597w\" sizes=\"auto, (max-width: 300px) 100vw, 300px\" \/><\/a><p id=\"caption-attachment-939\" class=\"wp-caption-text\">Buntspecht im BERLINER KURIER, 2007<\/p><\/div>\n<div id=\"attachment_940\" style=\"width: 310px\" class=\"wp-caption aligncenter\"><a href=\"http:\/\/www.berliner-seiten.de\/ganz-nah\/files\/2011\/06\/Bild314.jpg\"><img loading=\"lazy\" decoding=\"async\" aria-describedby=\"caption-attachment-940\" class=\"size-medium wp-image-940\" src=\"http:\/\/www.berliner-seiten.de\/ganz-nah\/files\/2011\/06\/Bild314-300x200.jpg\" alt=\"\" width=\"300\" height=\"200\" srcset=\"http:\/\/www.berliner-seiten.de\/ganz-nah\/files\/2011\/06\/Bild314-300x200.jpg 300w, http:\/\/www.berliner-seiten.de\/ganz-nah\/files\/2011\/06\/Bild314-1024x683.jpg 1024w\" sizes=\"auto, (max-width: 300px) 100vw, 300px\" \/><\/a><p id=\"caption-attachment-940\" class=\"wp-caption-text\">Erlenzeisig im Biotop, 2007<\/p><\/div>\n<div id=\"attachment_941\" style=\"width: 310px\" class=\"wp-caption aligncenter\"><a href=\"http:\/\/www.berliner-seiten.de\/ganz-nah\/files\/2011\/06\/Bild610.jpg\"><img loading=\"lazy\" decoding=\"async\" aria-describedby=\"caption-attachment-941\" class=\"size-medium wp-image-941\" src=\"http:\/\/www.berliner-seiten.de\/ganz-nah\/files\/2011\/06\/Bild610-300x200.jpg\" alt=\"\" width=\"300\" height=\"200\" srcset=\"http:\/\/www.berliner-seiten.de\/ganz-nah\/files\/2011\/06\/Bild610-300x200.jpg 300w, http:\/\/www.berliner-seiten.de\/ganz-nah\/files\/2011\/06\/Bild610-1024x683.jpg 1024w\" sizes=\"auto, (max-width: 300px) 100vw, 300px\" \/><\/a><p id=\"caption-attachment-941\" class=\"wp-caption-text\">Star im Biotop, 2007<\/p><\/div>\n<div id=\"attachment_942\" style=\"width: 310px\" class=\"wp-caption aligncenter\"><a href=\"http:\/\/www.berliner-seiten.de\/ganz-nah\/files\/2011\/06\/Bild611.jpg\"><img loading=\"lazy\" decoding=\"async\" aria-describedby=\"caption-attachment-942\" class=\"size-medium wp-image-942\" src=\"http:\/\/www.berliner-seiten.de\/ganz-nah\/files\/2011\/06\/Bild611-300x200.jpg\" alt=\"\" width=\"300\" height=\"200\" srcset=\"http:\/\/www.berliner-seiten.de\/ganz-nah\/files\/2011\/06\/Bild611-300x200.jpg 300w, http:\/\/www.berliner-seiten.de\/ganz-nah\/files\/2011\/06\/Bild611-1024x683.jpg 1024w\" sizes=\"auto, (max-width: 300px) 100vw, 300px\" \/><\/a><p id=\"caption-attachment-942\" class=\"wp-caption-text\">Kernbei\u00dfer im Biotop, 2007<\/p><\/div>\n<div id=\"attachment_943\" style=\"width: 310px\" class=\"wp-caption aligncenter\"><a href=\"http:\/\/www.berliner-seiten.de\/ganz-nah\/files\/2011\/06\/Bild76.jpg\"><img loading=\"lazy\" decoding=\"async\" aria-describedby=\"caption-attachment-943\" class=\"size-medium wp-image-943\" src=\"http:\/\/www.berliner-seiten.de\/ganz-nah\/files\/2011\/06\/Bild76-300x200.jpg\" alt=\"\" width=\"300\" height=\"200\" srcset=\"http:\/\/www.berliner-seiten.de\/ganz-nah\/files\/2011\/06\/Bild76-300x200.jpg 300w, http:\/\/www.berliner-seiten.de\/ganz-nah\/files\/2011\/06\/Bild76-1024x683.jpg 1024w\" sizes=\"auto, (max-width: 300px) 100vw, 300px\" \/><\/a><p id=\"caption-attachment-943\" class=\"wp-caption-text\">Alle V\u00f6gel sind schon da, 2007<\/p><\/div>\n<div id=\"attachment_944\" style=\"width: 310px\" class=\"wp-caption aligncenter\"><a href=\"http:\/\/www.berliner-seiten.de\/ganz-nah\/files\/2011\/06\/Karte25.jpg\"><img loading=\"lazy\" decoding=\"async\" aria-describedby=\"caption-attachment-944\" class=\"size-medium wp-image-944\" src=\"http:\/\/www.berliner-seiten.de\/ganz-nah\/files\/2011\/06\/Karte25-300x200.jpg\" alt=\"\" width=\"300\" height=\"200\" srcset=\"http:\/\/www.berliner-seiten.de\/ganz-nah\/files\/2011\/06\/Karte25-300x200.jpg 300w, http:\/\/www.berliner-seiten.de\/ganz-nah\/files\/2011\/06\/Karte25-1024x683.jpg 1024w\" sizes=\"auto, (max-width: 300px) 100vw, 300px\" \/><\/a><p id=\"caption-attachment-944\" class=\"wp-caption-text\">Schw\u00e4ne am Wei\u00dfen See, 2007<\/p><\/div>\n<div id=\"attachment_945\" style=\"width: 310px\" class=\"wp-caption aligncenter\"><a href=\"http:\/\/www.berliner-seiten.de\/ganz-nah\/files\/2011\/06\/Bild125.jpg\"><img loading=\"lazy\" decoding=\"async\" aria-describedby=\"caption-attachment-945\" class=\"size-medium wp-image-945\" src=\"http:\/\/www.berliner-seiten.de\/ganz-nah\/files\/2011\/06\/Bild125-300x200.jpg\" alt=\"\" width=\"300\" height=\"200\" srcset=\"http:\/\/www.berliner-seiten.de\/ganz-nah\/files\/2011\/06\/Bild125-300x200.jpg 300w, http:\/\/www.berliner-seiten.de\/ganz-nah\/files\/2011\/06\/Bild125-1024x683.jpg 1024w\" sizes=\"auto, (max-width: 300px) 100vw, 300px\" \/><\/a><p id=\"caption-attachment-945\" class=\"wp-caption-text\">Graureiher am Obersee, 2007<\/p><\/div>\n<div id=\"attachment_946\" style=\"width: 310px\" class=\"wp-caption aligncenter\"><a href=\"http:\/\/www.berliner-seiten.de\/ganz-nah\/files\/2011\/06\/K\u00e4fer2.jpg\"><img loading=\"lazy\" decoding=\"async\" aria-describedby=\"caption-attachment-946\" class=\"size-medium wp-image-946\" src=\"http:\/\/www.berliner-seiten.de\/ganz-nah\/files\/2011\/06\/K\u00e4fer2-300x200.jpg\" alt=\"\" width=\"300\" height=\"200\" srcset=\"http:\/\/www.berliner-seiten.de\/ganz-nah\/files\/2011\/06\/K\u00e4fer2-300x200.jpg 300w, http:\/\/www.berliner-seiten.de\/ganz-nah\/files\/2011\/06\/K\u00e4fer2-1024x683.jpg 1024w\" sizes=\"auto, (max-width: 300px) 100vw, 300px\" \/><\/a><p id=\"caption-attachment-946\" class=\"wp-caption-text\">Frohes Jugendleben, 2007<\/p><\/div>\n<div id=\"attachment_948\" style=\"width: 310px\" class=\"wp-caption aligncenter\"><a href=\"http:\/\/www.berliner-seiten.de\/ganz-nah\/files\/2011\/06\/Bild315.jpg\"><img loading=\"lazy\" decoding=\"async\" aria-describedby=\"caption-attachment-948\" class=\"size-medium wp-image-948\" src=\"http:\/\/www.berliner-seiten.de\/ganz-nah\/files\/2011\/06\/Bild315-300x200.jpg\" alt=\"\" width=\"300\" height=\"200\" srcset=\"http:\/\/www.berliner-seiten.de\/ganz-nah\/files\/2011\/06\/Bild315-300x200.jpg 300w, http:\/\/www.berliner-seiten.de\/ganz-nah\/files\/2011\/06\/Bild315-1024x683.jpg 1024w\" sizes=\"auto, (max-width: 300px) 100vw, 300px\" \/><\/a><p id=\"caption-attachment-948\" class=\"wp-caption-text\">Heidelibelle - Wunder der Natur, 2007<\/p><\/div>\n<div id=\"attachment_951\" style=\"width: 310px\" class=\"wp-caption aligncenter\"><a href=\"http:\/\/www.berliner-seiten.de\/ganz-nah\/files\/2011\/06\/Bild316.jpg\"><img loading=\"lazy\" decoding=\"async\" aria-describedby=\"caption-attachment-951\" class=\"size-medium wp-image-951\" src=\"http:\/\/www.berliner-seiten.de\/ganz-nah\/files\/2011\/06\/Bild316-300x199.jpg\" alt=\"\" width=\"300\" height=\"199\" srcset=\"http:\/\/www.berliner-seiten.de\/ganz-nah\/files\/2011\/06\/Bild316-300x199.jpg 300w, http:\/\/www.berliner-seiten.de\/ganz-nah\/files\/2011\/06\/Bild316-1024x682.jpg 1024w, http:\/\/www.berliner-seiten.de\/ganz-nah\/files\/2011\/06\/Bild316.jpg 1814w\" sizes=\"auto, (max-width: 300px) 100vw, 300px\" \/><\/a><p id=\"caption-attachment-951\" class=\"wp-caption-text\">Meine Heidelibelle als Zuschauerfoto im RBB, 2007<\/p><\/div>\n<div id=\"attachment_952\" style=\"width: 310px\" class=\"wp-caption aligncenter\"><a href=\"http:\/\/www.berliner-seiten.de\/ganz-nah\/files\/2011\/06\/Bild212.jpg\"><img loading=\"lazy\" decoding=\"async\" aria-describedby=\"caption-attachment-952\" class=\"size-medium wp-image-952\" src=\"http:\/\/www.berliner-seiten.de\/ganz-nah\/files\/2011\/06\/Bild212-300x200.jpg\" alt=\"\" width=\"300\" height=\"200\" srcset=\"http:\/\/www.berliner-seiten.de\/ganz-nah\/files\/2011\/06\/Bild212-300x200.jpg 300w, http:\/\/www.berliner-seiten.de\/ganz-nah\/files\/2011\/06\/Bild212-1024x683.jpg 1024w\" sizes=\"auto, (max-width: 300px) 100vw, 300px\" \/><\/a><p id=\"caption-attachment-952\" class=\"wp-caption-text\">Kraniche in Linum, 2007<\/p><\/div>\n<div id=\"attachment_960\" style=\"width: 310px\" class=\"wp-caption aligncenter\"><a href=\"http:\/\/www.berliner-seiten.de\/ganz-nah\/files\/2011\/06\/Karte_G.jpg\"><img loading=\"lazy\" decoding=\"async\" aria-describedby=\"caption-attachment-960\" class=\"size-medium wp-image-960\" src=\"http:\/\/www.berliner-seiten.de\/ganz-nah\/files\/2011\/06\/Karte_G-300x200.jpg\" alt=\"\" width=\"300\" height=\"200\" srcset=\"http:\/\/www.berliner-seiten.de\/ganz-nah\/files\/2011\/06\/Karte_G-300x200.jpg 300w, http:\/\/www.berliner-seiten.de\/ganz-nah\/files\/2011\/06\/Karte_G-1024x682.jpg 1024w\" sizes=\"auto, (max-width: 300px) 100vw, 300px\" \/><\/a><p id=\"caption-attachment-960\" class=\"wp-caption-text\">Was guckst du? 2008<\/p><\/div>\n<div id=\"attachment_961\" style=\"width: 310px\" class=\"wp-caption aligncenter\"><a href=\"http:\/\/www.berliner-seiten.de\/ganz-nah\/files\/2011\/06\/Eichhorn5.jpg\"><img loading=\"lazy\" decoding=\"async\" aria-describedby=\"caption-attachment-961\" class=\"size-medium wp-image-961\" src=\"http:\/\/www.berliner-seiten.de\/ganz-nah\/files\/2011\/06\/Eichhorn5-300x200.jpg\" alt=\"\" width=\"300\" height=\"200\" srcset=\"http:\/\/www.berliner-seiten.de\/ganz-nah\/files\/2011\/06\/Eichhorn5-300x200.jpg 300w, http:\/\/www.berliner-seiten.de\/ganz-nah\/files\/2011\/06\/Eichhorn5-1024x682.jpg 1024w\" sizes=\"auto, (max-width: 300px) 100vw, 300px\" \/><\/a><p id=\"caption-attachment-961\" class=\"wp-caption-text\">Zusatznahrung, 2008<\/p><\/div>\n<div id=\"attachment_963\" style=\"width: 310px\" class=\"wp-caption aligncenter\"><a href=\"http:\/\/www.berliner-seiten.de\/ganz-nah\/files\/2011\/06\/Karte-C1.jpg\"><img loading=\"lazy\" decoding=\"async\" aria-describedby=\"caption-attachment-963\" class=\"size-medium wp-image-963\" src=\"http:\/\/www.berliner-seiten.de\/ganz-nah\/files\/2011\/06\/Karte-C1-300x200.jpg\" alt=\"\" width=\"300\" height=\"200\" srcset=\"http:\/\/www.berliner-seiten.de\/ganz-nah\/files\/2011\/06\/Karte-C1-300x200.jpg 300w, http:\/\/www.berliner-seiten.de\/ganz-nah\/files\/2011\/06\/Karte-C1-1024x682.jpg 1024w\" sizes=\"auto, (max-width: 300px) 100vw, 300px\" \/><\/a><p id=\"caption-attachment-963\" class=\"wp-caption-text\">Eichh\u00f6rnchenparade, Fotomontage, 2008<\/p><\/div>\n<div id=\"attachment_965\" style=\"width: 310px\" class=\"wp-caption aligncenter\"><a href=\"http:\/\/www.berliner-seiten.de\/ganz-nah\/files\/2011\/06\/Karte0.jpg\"><img loading=\"lazy\" decoding=\"async\" aria-describedby=\"caption-attachment-965\" class=\"size-medium wp-image-965\" src=\"http:\/\/www.berliner-seiten.de\/ganz-nah\/files\/2011\/06\/Karte0-300x200.jpg\" alt=\"\" width=\"300\" height=\"200\" srcset=\"http:\/\/www.berliner-seiten.de\/ganz-nah\/files\/2011\/06\/Karte0-300x200.jpg 300w, http:\/\/www.berliner-seiten.de\/ganz-nah\/files\/2011\/06\/Karte0-1024x682.jpg 1024w\" sizes=\"auto, (max-width: 300px) 100vw, 300px\" \/><\/a><p id=\"caption-attachment-965\" class=\"wp-caption-text\">Eichelh\u00e4her, 2008<\/p><\/div>\n<div id=\"attachment_966\" style=\"width: 310px\" class=\"wp-caption aligncenter\"><a href=\"http:\/\/www.berliner-seiten.de\/ganz-nah\/files\/2011\/06\/Karte-B3.jpg\"><img loading=\"lazy\" decoding=\"async\" aria-describedby=\"caption-attachment-966\" class=\"size-medium wp-image-966\" src=\"http:\/\/www.berliner-seiten.de\/ganz-nah\/files\/2011\/06\/Karte-B3-300x200.jpg\" alt=\"\" width=\"300\" height=\"200\" srcset=\"http:\/\/www.berliner-seiten.de\/ganz-nah\/files\/2011\/06\/Karte-B3-300x200.jpg 300w, http:\/\/www.berliner-seiten.de\/ganz-nah\/files\/2011\/06\/Karte-B3-1024x682.jpg 1024w\" sizes=\"auto, (max-width: 300px) 100vw, 300px\" \/><\/a><p id=\"caption-attachment-966\" class=\"wp-caption-text\">Nebelkr\u00e4he, 2008<\/p><\/div>\n<div id=\"attachment_967\" style=\"width: 310px\" class=\"wp-caption aligncenter\"><a href=\"http:\/\/www.berliner-seiten.de\/ganz-nah\/files\/2011\/06\/Karte01.jpg\"><img loading=\"lazy\" decoding=\"async\" aria-describedby=\"caption-attachment-967\" class=\"size-medium wp-image-967\" src=\"http:\/\/www.berliner-seiten.de\/ganz-nah\/files\/2011\/06\/Karte01-300x200.jpg\" alt=\"\" width=\"300\" height=\"200\" srcset=\"http:\/\/www.berliner-seiten.de\/ganz-nah\/files\/2011\/06\/Karte01-300x200.jpg 300w, http:\/\/www.berliner-seiten.de\/ganz-nah\/files\/2011\/06\/Karte01-1024x682.jpg 1024w\" sizes=\"auto, (max-width: 300px) 100vw, 300px\" \/><\/a><p id=\"caption-attachment-967\" class=\"wp-caption-text\">Kanarienvogel-Baby, 2008<\/p><\/div>\n<div id=\"attachment_968\" style=\"width: 310px\" class=\"wp-caption aligncenter\"><a href=\"http:\/\/www.berliner-seiten.de\/ganz-nah\/files\/2011\/06\/Karte73.jpg\"><img loading=\"lazy\" decoding=\"async\" aria-describedby=\"caption-attachment-968\" class=\"size-medium wp-image-968\" src=\"http:\/\/www.berliner-seiten.de\/ganz-nah\/files\/2011\/06\/Karte73-300x200.jpg\" alt=\"\" width=\"300\" height=\"200\" srcset=\"http:\/\/www.berliner-seiten.de\/ganz-nah\/files\/2011\/06\/Karte73-300x200.jpg 300w, http:\/\/www.berliner-seiten.de\/ganz-nah\/files\/2011\/06\/Karte73-1024x682.jpg 1024w\" sizes=\"auto, (max-width: 300px) 100vw, 300px\" \/><\/a><p id=\"caption-attachment-968\" class=\"wp-caption-text\">Siebenlinge am Wei\u00dfen See, 2008<\/p><\/div>\n<div id=\"attachment_969\" style=\"width: 310px\" class=\"wp-caption aligncenter\"><a href=\"http:\/\/www.berliner-seiten.de\/ganz-nah\/files\/2011\/06\/Karte-E1.jpg\"><img loading=\"lazy\" decoding=\"async\" aria-describedby=\"caption-attachment-969\" class=\"size-medium wp-image-969\" src=\"http:\/\/www.berliner-seiten.de\/ganz-nah\/files\/2011\/06\/Karte-E1-300x200.jpg\" alt=\"\" width=\"300\" height=\"200\" srcset=\"http:\/\/www.berliner-seiten.de\/ganz-nah\/files\/2011\/06\/Karte-E1-300x200.jpg 300w, http:\/\/www.berliner-seiten.de\/ganz-nah\/files\/2011\/06\/Karte-E1-1024x682.jpg 1024w\" sizes=\"auto, (max-width: 300px) 100vw, 300px\" \/><\/a><p id=\"caption-attachment-969\" class=\"wp-caption-text\">St\u00f6rche auf der Falkenberger Flur, 2008<\/p><\/div>\n<div id=\"attachment_971\" style=\"width: 310px\" class=\"wp-caption aligncenter\"><a href=\"http:\/\/www.berliner-seiten.de\/ganz-nah\/files\/2011\/06\/Karte35.jpg\"><img loading=\"lazy\" decoding=\"async\" aria-describedby=\"caption-attachment-971\" class=\"size-medium wp-image-971\" src=\"http:\/\/www.berliner-seiten.de\/ganz-nah\/files\/2011\/06\/Karte35-300x200.jpg\" alt=\"\" width=\"300\" height=\"200\" srcset=\"http:\/\/www.berliner-seiten.de\/ganz-nah\/files\/2011\/06\/Karte35-300x200.jpg 300w, http:\/\/www.berliner-seiten.de\/ganz-nah\/files\/2011\/06\/Karte35-1024x682.jpg 1024w\" sizes=\"auto, (max-width: 300px) 100vw, 300px\" \/><\/a><p id=\"caption-attachment-971\" class=\"wp-caption-text\">Begegnungen auf der Falkenberger Flur, 2008<\/p><\/div>\n<div id=\"attachment_974\" style=\"width: 310px\" class=\"wp-caption aligncenter\"><a href=\"http:\/\/www.berliner-seiten.de\/ganz-nah\/files\/2011\/06\/Akrobaten31.jpg\"><img loading=\"lazy\" decoding=\"async\" aria-describedby=\"caption-attachment-974\" class=\"size-medium wp-image-974\" src=\"http:\/\/www.berliner-seiten.de\/ganz-nah\/files\/2011\/06\/Akrobaten31-300x200.jpg\" alt=\"\" width=\"300\" height=\"200\" srcset=\"http:\/\/www.berliner-seiten.de\/ganz-nah\/files\/2011\/06\/Akrobaten31-300x200.jpg 300w, http:\/\/www.berliner-seiten.de\/ganz-nah\/files\/2011\/06\/Akrobaten31-1024x683.jpg 1024w\" sizes=\"auto, (max-width: 300px) 100vw, 300px\" \/><\/a><p id=\"caption-attachment-974\" class=\"wp-caption-text\">Schneckenboom, 2008<\/p><\/div>\n<div id=\"attachment_979\" style=\"width: 310px\" class=\"wp-caption aligncenter\"><a href=\"http:\/\/www.berliner-seiten.de\/ganz-nah\/files\/2011\/06\/Karte36.jpg\"><img loading=\"lazy\" decoding=\"async\" aria-describedby=\"caption-attachment-979\" class=\"size-medium wp-image-979\" src=\"http:\/\/www.berliner-seiten.de\/ganz-nah\/files\/2011\/06\/Karte36-300x200.jpg\" alt=\"\" width=\"300\" height=\"200\" srcset=\"http:\/\/www.berliner-seiten.de\/ganz-nah\/files\/2011\/06\/Karte36-300x200.jpg 300w, http:\/\/www.berliner-seiten.de\/ganz-nah\/files\/2011\/06\/Karte36-1024x683.jpg 1024w\" sizes=\"auto, (max-width: 300px) 100vw, 300px\" \/><\/a><p id=\"caption-attachment-979\" class=\"wp-caption-text\">Elstern als H\u00e4uslebauer, 2009<\/p><\/div>\n<div id=\"attachment_982\" style=\"width: 310px\" class=\"wp-caption aligncenter\"><a href=\"http:\/\/www.berliner-seiten.de\/ganz-nah\/files\/2011\/06\/Karte-Eichelh2.jpg\"><img loading=\"lazy\" decoding=\"async\" aria-describedby=\"caption-attachment-982\" class=\"size-medium wp-image-982\" src=\"http:\/\/www.berliner-seiten.de\/ganz-nah\/files\/2011\/06\/Karte-Eichelh2-300x200.jpg\" alt=\"\" width=\"300\" height=\"200\" srcset=\"http:\/\/www.berliner-seiten.de\/ganz-nah\/files\/2011\/06\/Karte-Eichelh2-300x200.jpg 300w, http:\/\/www.berliner-seiten.de\/ganz-nah\/files\/2011\/06\/Karte-Eichelh2-1024x683.jpg 1024w\" sizes=\"auto, (max-width: 300px) 100vw, 300px\" \/><\/a><p id=\"caption-attachment-982\" class=\"wp-caption-text\">Eichelh\u00e4her beim Anbaden, 2009<\/p><\/div>\n<div id=\"attachment_983\" style=\"width: 310px\" class=\"wp-caption aligncenter\"><a href=\"http:\/\/www.berliner-seiten.de\/ganz-nah\/files\/2011\/06\/Karte17.jpg\"><img loading=\"lazy\" decoding=\"async\" aria-describedby=\"caption-attachment-983\" class=\"size-medium wp-image-983\" src=\"http:\/\/www.berliner-seiten.de\/ganz-nah\/files\/2011\/06\/Karte17-300x201.jpg\" alt=\"\" width=\"300\" height=\"201\" srcset=\"http:\/\/www.berliner-seiten.de\/ganz-nah\/files\/2011\/06\/Karte17-300x201.jpg 300w, http:\/\/www.berliner-seiten.de\/ganz-nah\/files\/2011\/06\/Karte17-1024x687.jpg 1024w\" sizes=\"auto, (max-width: 300px) 100vw, 300px\" \/><\/a><p id=\"caption-attachment-983\" class=\"wp-caption-text\">Gymnastik, 2009<\/p><\/div>\n<div id=\"attachment_985\" style=\"width: 310px\" class=\"wp-caption aligncenter\"><a href=\"http:\/\/www.berliner-seiten.de\/ganz-nah\/files\/2011\/06\/A_Paradies.jpg\"><img loading=\"lazy\" decoding=\"async\" aria-describedby=\"caption-attachment-985\" class=\"size-medium wp-image-985\" src=\"http:\/\/www.berliner-seiten.de\/ganz-nah\/files\/2011\/06\/A_Paradies-300x200.jpg\" alt=\"\" width=\"300\" height=\"200\" srcset=\"http:\/\/www.berliner-seiten.de\/ganz-nah\/files\/2011\/06\/A_Paradies-300x200.jpg 300w, http:\/\/www.berliner-seiten.de\/ganz-nah\/files\/2011\/06\/A_Paradies-1024x683.jpg 1024w\" sizes=\"auto, (max-width: 300px) 100vw, 300px\" \/><\/a><p id=\"caption-attachment-985\" class=\"wp-caption-text\">Wei\u00dfer See - Paradies der Wasserv\u00f6gel, 2009<\/p><\/div>\n<div id=\"attachment_986\" style=\"width: 310px\" class=\"wp-caption aligncenter\"><a href=\"http:\/\/www.berliner-seiten.de\/ganz-nah\/files\/2011\/06\/A_Karte-C.jpg\"><img loading=\"lazy\" decoding=\"async\" aria-describedby=\"caption-attachment-986\" class=\"size-medium wp-image-986\" src=\"http:\/\/www.berliner-seiten.de\/ganz-nah\/files\/2011\/06\/A_Karte-C-300x200.jpg\" alt=\"\" width=\"300\" height=\"200\" srcset=\"http:\/\/www.berliner-seiten.de\/ganz-nah\/files\/2011\/06\/A_Karte-C-300x200.jpg 300w, http:\/\/www.berliner-seiten.de\/ganz-nah\/files\/2011\/06\/A_Karte-C-1024x682.jpg 1024w\" sizes=\"auto, (max-width: 300px) 100vw, 300px\" \/><\/a><p id=\"caption-attachment-986\" class=\"wp-caption-text\">Blessh\u00fchner vom Wei\u00dfen See, 2009<\/p><\/div>\n<div id=\"attachment_987\" style=\"width: 310px\" class=\"wp-caption aligncenter\"><a href=\"http:\/\/www.berliner-seiten.de\/ganz-nah\/files\/2011\/06\/Karte37.jpg\"><img loading=\"lazy\" decoding=\"async\" aria-describedby=\"caption-attachment-987\" class=\"size-medium wp-image-987\" src=\"http:\/\/www.berliner-seiten.de\/ganz-nah\/files\/2011\/06\/Karte37-300x200.jpg\" alt=\"\" width=\"300\" height=\"200\" srcset=\"http:\/\/www.berliner-seiten.de\/ganz-nah\/files\/2011\/06\/Karte37-300x200.jpg 300w, http:\/\/www.berliner-seiten.de\/ganz-nah\/files\/2011\/06\/Karte37-1024x682.jpg 1024w\" sizes=\"auto, (max-width: 300px) 100vw, 300px\" \/><\/a><p id=\"caption-attachment-987\" class=\"wp-caption-text\">Schw\u00e4ne vom Wei\u00dfen See, 2009<\/p><\/div>\n<div id=\"attachment_994\" style=\"width: 310px\" class=\"wp-caption aligncenter\"><a href=\"http:\/\/www.berliner-seiten.de\/ganz-nah\/files\/2011\/06\/Karte02.jpg\"><img loading=\"lazy\" decoding=\"async\" aria-describedby=\"caption-attachment-994\" class=\"size-medium wp-image-994\" src=\"http:\/\/www.berliner-seiten.de\/ganz-nah\/files\/2011\/06\/Karte02-300x200.jpg\" alt=\"\" width=\"300\" height=\"200\" srcset=\"http:\/\/www.berliner-seiten.de\/ganz-nah\/files\/2011\/06\/Karte02-300x200.jpg 300w, http:\/\/www.berliner-seiten.de\/ganz-nah\/files\/2011\/06\/Karte02-1024x682.jpg 1024w\" sizes=\"auto, (max-width: 300px) 100vw, 300px\" \/><\/a><p id=\"caption-attachment-994\" class=\"wp-caption-text\">Sommerfreude, 2009<\/p><\/div>\n<div id=\"attachment_995\" style=\"width: 310px\" class=\"wp-caption aligncenter\"><a href=\"http:\/\/www.berliner-seiten.de\/ganz-nah\/files\/2011\/06\/Karte-3.jpg\"><img loading=\"lazy\" decoding=\"async\" aria-describedby=\"caption-attachment-995\" class=\"size-medium wp-image-995\" src=\"http:\/\/www.berliner-seiten.de\/ganz-nah\/files\/2011\/06\/Karte-3-300x200.jpg\" alt=\"\" width=\"300\" height=\"200\" srcset=\"http:\/\/www.berliner-seiten.de\/ganz-nah\/files\/2011\/06\/Karte-3-300x200.jpg 300w, http:\/\/www.berliner-seiten.de\/ganz-nah\/files\/2011\/06\/Karte-3-1024x682.jpg 1024w\" sizes=\"auto, (max-width: 300px) 100vw, 300px\" \/><\/a><p id=\"caption-attachment-995\" class=\"wp-caption-text\">Liebesinsel, 2009<\/p><\/div>\n<div id=\"attachment_996\" style=\"width: 310px\" class=\"wp-caption aligncenter\"><a href=\"http:\/\/www.berliner-seiten.de\/ganz-nah\/files\/2011\/06\/Karte-Falter2.jpg\"><img loading=\"lazy\" decoding=\"async\" aria-describedby=\"caption-attachment-996\" class=\"size-medium wp-image-996\" src=\"http:\/\/www.berliner-seiten.de\/ganz-nah\/files\/2011\/06\/Karte-Falter2-300x200.jpg\" alt=\"\" width=\"300\" height=\"200\" srcset=\"http:\/\/www.berliner-seiten.de\/ganz-nah\/files\/2011\/06\/Karte-Falter2-300x200.jpg 300w, http:\/\/www.berliner-seiten.de\/ganz-nah\/files\/2011\/06\/Karte-Falter2-1024x682.jpg 1024w\" sizes=\"auto, (max-width: 300px) 100vw, 300px\" \/><\/a><p id=\"caption-attachment-996\" class=\"wp-caption-text\">Schmetterlingslied, 2009<\/p><\/div>\n<div id=\"attachment_997\" style=\"width: 310px\" class=\"wp-caption aligncenter\"><a href=\"http:\/\/www.berliner-seiten.de\/ganz-nah\/files\/2011\/06\/Karte47.jpg\"><img loading=\"lazy\" decoding=\"async\" aria-describedby=\"caption-attachment-997\" class=\"size-medium wp-image-997\" src=\"http:\/\/www.berliner-seiten.de\/ganz-nah\/files\/2011\/06\/Karte47-300x200.jpg\" alt=\"\" width=\"300\" height=\"200\" srcset=\"http:\/\/www.berliner-seiten.de\/ganz-nah\/files\/2011\/06\/Karte47-300x200.jpg 300w, http:\/\/www.berliner-seiten.de\/ganz-nah\/files\/2011\/06\/Karte47-1024x682.jpg 1024w, http:\/\/www.berliner-seiten.de\/ganz-nah\/files\/2011\/06\/Karte47.jpg 1800w\" sizes=\"auto, (max-width: 300px) 100vw, 300px\" \/><\/a><p id=\"caption-attachment-997\" class=\"wp-caption-text\">Spitzent\u00e4nzer, Zuschauerfoto im RBB, 2009<\/p><\/div>\n<div id=\"attachment_998\" style=\"width: 310px\" class=\"wp-caption aligncenter\"><a href=\"http:\/\/www.berliner-seiten.de\/ganz-nah\/files\/2011\/06\/Karte03.jpg\"><img loading=\"lazy\" decoding=\"async\" aria-describedby=\"caption-attachment-998\" class=\"size-medium wp-image-998\" src=\"http:\/\/www.berliner-seiten.de\/ganz-nah\/files\/2011\/06\/Karte03-300x200.jpg\" alt=\"\" width=\"300\" height=\"200\" srcset=\"http:\/\/www.berliner-seiten.de\/ganz-nah\/files\/2011\/06\/Karte03-300x200.jpg 300w, http:\/\/www.berliner-seiten.de\/ganz-nah\/files\/2011\/06\/Karte03-1024x682.jpg 1024w\" sizes=\"auto, (max-width: 300px) 100vw, 300px\" \/><\/a><p id=\"caption-attachment-998\" class=\"wp-caption-text\">Libelle, 2009<\/p><\/div>\n<div id=\"attachment_999\" style=\"width: 310px\" class=\"wp-caption aligncenter\"><a href=\"http:\/\/www.berliner-seiten.de\/ganz-nah\/files\/2011\/06\/A_Karte1.jpg\"><img loading=\"lazy\" decoding=\"async\" aria-describedby=\"caption-attachment-999\" class=\"size-medium wp-image-999\" src=\"http:\/\/www.berliner-seiten.de\/ganz-nah\/files\/2011\/06\/A_Karte1-300x201.jpg\" alt=\"\" width=\"300\" height=\"201\" srcset=\"http:\/\/www.berliner-seiten.de\/ganz-nah\/files\/2011\/06\/A_Karte1-300x201.jpg 300w, http:\/\/www.berliner-seiten.de\/ganz-nah\/files\/2011\/06\/A_Karte1-1024x687.jpg 1024w\" sizes=\"auto, (max-width: 300px) 100vw, 300px\" \/><\/a><p id=\"caption-attachment-999\" class=\"wp-caption-text\">Wasserv\u00f6gel vom wei\u00dfen See, 2009<\/p><\/div>\n<div id=\"attachment_1001\" style=\"width: 310px\" class=\"wp-caption aligncenter\"><a href=\"http:\/\/www.berliner-seiten.de\/ganz-nah\/files\/2011\/06\/KarteB1.jpg\"><img loading=\"lazy\" decoding=\"async\" aria-describedby=\"caption-attachment-1001\" class=\"size-medium wp-image-1001\" src=\"http:\/\/www.berliner-seiten.de\/ganz-nah\/files\/2011\/06\/KarteB1-300x201.jpg\" alt=\"\" width=\"300\" height=\"201\" srcset=\"http:\/\/www.berliner-seiten.de\/ganz-nah\/files\/2011\/06\/KarteB1-300x201.jpg 300w, http:\/\/www.berliner-seiten.de\/ganz-nah\/files\/2011\/06\/KarteB1-1024x687.jpg 1024w\" sizes=\"auto, (max-width: 300px) 100vw, 300px\" \/><\/a><p id=\"caption-attachment-1001\" class=\"wp-caption-text\">M\u00f6wenlied, 2009<\/p><\/div>\n<div id=\"attachment_1002\" style=\"width: 310px\" class=\"wp-caption aligncenter\"><a href=\"http:\/\/www.berliner-seiten.de\/ganz-nah\/files\/2011\/06\/A_Karte01.jpg\"><img loading=\"lazy\" decoding=\"async\" aria-describedby=\"caption-attachment-1002\" class=\"size-medium wp-image-1002\" src=\"http:\/\/www.berliner-seiten.de\/ganz-nah\/files\/2011\/06\/A_Karte01-300x200.jpg\" alt=\"\" width=\"300\" height=\"200\" srcset=\"http:\/\/www.berliner-seiten.de\/ganz-nah\/files\/2011\/06\/A_Karte01-300x200.jpg 300w, http:\/\/www.berliner-seiten.de\/ganz-nah\/files\/2011\/06\/A_Karte01-1024x683.jpg 1024w\" sizes=\"auto, (max-width: 300px) 100vw, 300px\" \/><\/a><p id=\"caption-attachment-1002\" class=\"wp-caption-text\">Rettet das Klima! 2009<\/p><\/div>\n<div id=\"attachment_1003\" style=\"width: 310px\" class=\"wp-caption aligncenter\"><a href=\"http:\/\/www.berliner-seiten.de\/ganz-nah\/files\/2011\/06\/A_Karte14.jpg\"><img loading=\"lazy\" decoding=\"async\" aria-describedby=\"caption-attachment-1003\" class=\"size-medium wp-image-1003\" src=\"http:\/\/www.berliner-seiten.de\/ganz-nah\/files\/2011\/06\/A_Karte14-300x200.jpg\" alt=\"\" width=\"300\" height=\"200\" srcset=\"http:\/\/www.berliner-seiten.de\/ganz-nah\/files\/2011\/06\/A_Karte14-300x200.jpg 300w, http:\/\/www.berliner-seiten.de\/ganz-nah\/files\/2011\/06\/A_Karte14-1024x684.jpg 1024w\" sizes=\"auto, (max-width: 300px) 100vw, 300px\" \/><\/a><p id=\"caption-attachment-1003\" class=\"wp-caption-text\">Schwanzmeisen im harten Winter, 2010<\/p><\/div>\n<div id=\"attachment_1004\" style=\"width: 310px\" class=\"wp-caption aligncenter\"><a href=\"http:\/\/www.berliner-seiten.de\/ganz-nah\/files\/2011\/06\/Sanssouci0.jpg\"><img loading=\"lazy\" decoding=\"async\" aria-describedby=\"caption-attachment-1004\" class=\"size-medium wp-image-1004\" src=\"http:\/\/www.berliner-seiten.de\/ganz-nah\/files\/2011\/06\/Sanssouci0-300x200.jpg\" alt=\"\" width=\"300\" height=\"200\" srcset=\"http:\/\/www.berliner-seiten.de\/ganz-nah\/files\/2011\/06\/Sanssouci0-300x200.jpg 300w, http:\/\/www.berliner-seiten.de\/ganz-nah\/files\/2011\/06\/Sanssouci0-1024x682.jpg 1024w\" sizes=\"auto, (max-width: 300px) 100vw, 300px\" \/><\/a><p id=\"caption-attachment-1004\" class=\"wp-caption-text\">Fr\u00fchlingsankunft in Sanssouci, 2010<\/p><\/div>\n<div id=\"attachment_1006\" style=\"width: 310px\" class=\"wp-caption aligncenter\"><a href=\"http:\/\/www.berliner-seiten.de\/ganz-nah\/files\/2011\/06\/A21.jpg\"><img loading=\"lazy\" decoding=\"async\" aria-describedby=\"caption-attachment-1006\" class=\"size-medium wp-image-1006\" src=\"http:\/\/www.berliner-seiten.de\/ganz-nah\/files\/2011\/06\/A21-300x200.jpg\" alt=\"\" width=\"300\" height=\"200\" srcset=\"http:\/\/www.berliner-seiten.de\/ganz-nah\/files\/2011\/06\/A21-300x200.jpg 300w, http:\/\/www.berliner-seiten.de\/ganz-nah\/files\/2011\/06\/A21-1024x682.jpg 1024w\" sizes=\"auto, (max-width: 300px) 100vw, 300px\" \/><\/a><p id=\"caption-attachment-1006\" class=\"wp-caption-text\">Haubentaucher am Wei\u00dfen See, 2010<\/p><\/div>\n<div id=\"attachment_1007\" style=\"width: 310px\" class=\"wp-caption aligncenter\"><a href=\"http:\/\/www.berliner-seiten.de\/ganz-nah\/files\/2011\/06\/Karte38.jpg\"><img loading=\"lazy\" decoding=\"async\" aria-describedby=\"caption-attachment-1007\" class=\"size-medium wp-image-1007\" src=\"http:\/\/www.berliner-seiten.de\/ganz-nah\/files\/2011\/06\/Karte38-300x200.jpg\" alt=\"\" width=\"300\" height=\"200\" srcset=\"http:\/\/www.berliner-seiten.de\/ganz-nah\/files\/2011\/06\/Karte38-300x200.jpg 300w, http:\/\/www.berliner-seiten.de\/ganz-nah\/files\/2011\/06\/Karte38-1024x682.jpg 1024w\" sizes=\"auto, (max-width: 300px) 100vw, 300px\" \/><\/a><p id=\"caption-attachment-1007\" class=\"wp-caption-text\">Frohe Erwartung am Wei\u00dfen See, 2010<\/p><\/div>\n<div id=\"attachment_1009\" style=\"width: 310px\" class=\"wp-caption aligncenter\"><a href=\"http:\/\/www.berliner-seiten.de\/ganz-nah\/files\/2011\/06\/Karte27.jpg\"><img loading=\"lazy\" decoding=\"async\" aria-describedby=\"caption-attachment-1009\" class=\"size-medium wp-image-1009\" src=\"http:\/\/www.berliner-seiten.de\/ganz-nah\/files\/2011\/06\/Karte27-300x200.jpg\" alt=\"\" width=\"300\" height=\"200\" srcset=\"http:\/\/www.berliner-seiten.de\/ganz-nah\/files\/2011\/06\/Karte27-300x200.jpg 300w, http:\/\/www.berliner-seiten.de\/ganz-nah\/files\/2011\/06\/Karte27-1024x685.jpg 1024w\" sizes=\"auto, (max-width: 300px) 100vw, 300px\" \/><\/a><p id=\"caption-attachment-1009\" class=\"wp-caption-text\">Am Wei\u00dfen See: Wieder alles gut gemacht, 2010<\/p><\/div>\n<div id=\"attachment_1010\" style=\"width: 310px\" class=\"wp-caption aligncenter\"><a href=\"http:\/\/www.berliner-seiten.de\/ganz-nah\/files\/2011\/06\/A_Karte_X.jpg\"><img loading=\"lazy\" decoding=\"async\" aria-describedby=\"caption-attachment-1010\" class=\"size-medium wp-image-1010\" src=\"http:\/\/www.berliner-seiten.de\/ganz-nah\/files\/2011\/06\/A_Karte_X-300x200.jpg\" alt=\"\" width=\"300\" height=\"200\" srcset=\"http:\/\/www.berliner-seiten.de\/ganz-nah\/files\/2011\/06\/A_Karte_X-300x200.jpg 300w, http:\/\/www.berliner-seiten.de\/ganz-nah\/files\/2011\/06\/A_Karte_X-1024x682.jpg 1024w\" sizes=\"auto, (max-width: 300px) 100vw, 300px\" \/><\/a><p id=\"caption-attachment-1010\" class=\"wp-caption-text\">Gefl\u00fcster der Sechslinge am Wei\u00dfen See, 2010<\/p><\/div>\n<div id=\"attachment_1011\" style=\"width: 210px\" class=\"wp-caption aligncenter\"><a href=\"http:\/\/www.berliner-seiten.de\/ganz-nah\/files\/2011\/06\/A_Karte7.jpg\"><img loading=\"lazy\" decoding=\"async\" aria-describedby=\"caption-attachment-1011\" class=\"size-medium wp-image-1011\" src=\"http:\/\/www.berliner-seiten.de\/ganz-nah\/files\/2011\/06\/A_Karte7-200x300.jpg\" alt=\"\" width=\"200\" height=\"300\" srcset=\"http:\/\/www.berliner-seiten.de\/ganz-nah\/files\/2011\/06\/A_Karte7-200x300.jpg 200w, http:\/\/www.berliner-seiten.de\/ganz-nah\/files\/2011\/06\/A_Karte7.jpg 666w\" sizes=\"auto, (max-width: 200px) 100vw, 200px\" \/><\/a><p id=\"caption-attachment-1011\" class=\"wp-caption-text\">Hei\u00dfer Sommer, 2010<\/p><\/div>\n<div id=\"attachment_1012\" style=\"width: 310px\" class=\"wp-caption aligncenter\"><a href=\"http:\/\/www.berliner-seiten.de\/ganz-nah\/files\/2011\/06\/Sommer-1.jpg\"><img loading=\"lazy\" decoding=\"async\" aria-describedby=\"caption-attachment-1012\" class=\"size-medium wp-image-1012\" src=\"http:\/\/www.berliner-seiten.de\/ganz-nah\/files\/2011\/06\/Sommer-1-300x199.jpg\" alt=\"\" width=\"300\" height=\"199\" srcset=\"http:\/\/www.berliner-seiten.de\/ganz-nah\/files\/2011\/06\/Sommer-1-300x199.jpg 300w, http:\/\/www.berliner-seiten.de\/ganz-nah\/files\/2011\/06\/Sommer-1-1024x680.jpg 1024w, http:\/\/www.berliner-seiten.de\/ganz-nah\/files\/2011\/06\/Sommer-1.jpg 2048w\" sizes=\"auto, (max-width: 300px) 100vw, 300px\" \/><\/a><p id=\"caption-attachment-1012\" class=\"wp-caption-text\">Rastlos - auch an den Hundstagen, 2010<\/p><\/div>\n<div id=\"attachment_1018\" style=\"width: 310px\" class=\"wp-caption aligncenter\"><a href=\"http:\/\/www.berliner-seiten.de\/ganz-nah\/files\/2011\/06\/A_Karte-neu0.jpg\"><img loading=\"lazy\" decoding=\"async\" aria-describedby=\"caption-attachment-1018\" class=\"size-medium wp-image-1018\" src=\"http:\/\/www.berliner-seiten.de\/ganz-nah\/files\/2011\/06\/A_Karte-neu0-300x199.jpg\" alt=\"\" width=\"300\" height=\"199\" srcset=\"http:\/\/www.berliner-seiten.de\/ganz-nah\/files\/2011\/06\/A_Karte-neu0-300x199.jpg 300w, http:\/\/www.berliner-seiten.de\/ganz-nah\/files\/2011\/06\/A_Karte-neu0-1024x680.jpg 1024w, http:\/\/www.berliner-seiten.de\/ganz-nah\/files\/2011\/06\/A_Karte-neu0.jpg 2048w\" sizes=\"auto, (max-width: 300px) 100vw, 300px\" \/><\/a><p id=\"caption-attachment-1018\" class=\"wp-caption-text\">Immer wieder Erstaunen, 2010<\/p><\/div>\n<div id=\"attachment_1014\" style=\"width: 310px\" class=\"wp-caption aligncenter\"><a href=\"http:\/\/www.berliner-seiten.de\/ganz-nah\/files\/2011\/06\/Karte_AC.jpg\"><img loading=\"lazy\" decoding=\"async\" aria-describedby=\"caption-attachment-1014\" class=\"size-medium wp-image-1014\" src=\"http:\/\/www.berliner-seiten.de\/ganz-nah\/files\/2011\/06\/Karte_AC-300x199.jpg\" alt=\"\" width=\"300\" height=\"199\" srcset=\"http:\/\/www.berliner-seiten.de\/ganz-nah\/files\/2011\/06\/Karte_AC-300x199.jpg 300w, http:\/\/www.berliner-seiten.de\/ganz-nah\/files\/2011\/06\/Karte_AC-1024x680.jpg 1024w, http:\/\/www.berliner-seiten.de\/ganz-nah\/files\/2011\/06\/Karte_AC.jpg 2048w\" sizes=\"auto, (max-width: 300px) 100vw, 300px\" \/><\/a><p id=\"caption-attachment-1014\" class=\"wp-caption-text\">Herbstgedanken, 2010<\/p><\/div>\n<div id=\"attachment_1015\" style=\"width: 310px\" class=\"wp-caption aligncenter\"><a href=\"http:\/\/www.berliner-seiten.de\/ganz-nah\/files\/2011\/06\/A_Winter21.jpg\"><img loading=\"lazy\" decoding=\"async\" aria-describedby=\"caption-attachment-1015\" class=\"size-medium wp-image-1015\" src=\"http:\/\/www.berliner-seiten.de\/ganz-nah\/files\/2011\/06\/A_Winter21-300x199.jpg\" alt=\"\" width=\"300\" height=\"199\" srcset=\"http:\/\/www.berliner-seiten.de\/ganz-nah\/files\/2011\/06\/A_Winter21-300x199.jpg 300w, http:\/\/www.berliner-seiten.de\/ganz-nah\/files\/2011\/06\/A_Winter21-1024x680.jpg 1024w, http:\/\/www.berliner-seiten.de\/ganz-nah\/files\/2011\/06\/A_Winter21.jpg 2048w\" sizes=\"auto, (max-width: 300px) 100vw, 300px\" \/><\/a><p id=\"caption-attachment-1015\" class=\"wp-caption-text\">Fr\u00fcher Winterbeginn, 2010<\/p><\/div>\n<div id=\"attachment_1059\" style=\"width: 310px\" class=\"wp-caption aligncenter\"><a href=\"http:\/\/www.berliner-seiten.de\/ganz-nah\/files\/2011\/06\/Regen-1.jpg\"><img loading=\"lazy\" decoding=\"async\" aria-describedby=\"caption-attachment-1059\" class=\"size-medium wp-image-1059\" src=\"http:\/\/www.berliner-seiten.de\/ganz-nah\/files\/2011\/06\/Regen-1-300x212.jpg\" alt=\"\" width=\"300\" height=\"212\" srcset=\"http:\/\/www.berliner-seiten.de\/ganz-nah\/files\/2011\/06\/Regen-1-300x212.jpg 300w, http:\/\/www.berliner-seiten.de\/ganz-nah\/files\/2011\/06\/Regen-1-1024x726.jpg 1024w, http:\/\/www.berliner-seiten.de\/ganz-nah\/files\/2011\/06\/Regen-1.jpg 1282w\" sizes=\"auto, (max-width: 300px) 100vw, 300px\" \/><\/a><p id=\"caption-attachment-1059\" class=\"wp-caption-text\">Fr\u00fchlingsgru\u00df, Fotomontage, 2011<\/p><\/div>\n<div id=\"attachment_1060\" style=\"width: 310px\" class=\"wp-caption aligncenter\"><a href=\"http:\/\/www.berliner-seiten.de\/ganz-nah\/files\/2011\/06\/Fukushima-1.jpg\"><img loading=\"lazy\" decoding=\"async\" aria-describedby=\"caption-attachment-1060\" class=\"size-medium wp-image-1060\" src=\"http:\/\/www.berliner-seiten.de\/ganz-nah\/files\/2011\/06\/Fukushima-1-300x199.jpg\" alt=\"\" width=\"300\" height=\"199\" srcset=\"http:\/\/www.berliner-seiten.de\/ganz-nah\/files\/2011\/06\/Fukushima-1-300x199.jpg 300w, http:\/\/www.berliner-seiten.de\/ganz-nah\/files\/2011\/06\/Fukushima-1-1024x680.jpg 1024w, http:\/\/www.berliner-seiten.de\/ganz-nah\/files\/2011\/06\/Fukushima-1.jpg 2048w\" sizes=\"auto, (max-width: 300px) 100vw, 300px\" \/><\/a><p id=\"caption-attachment-1060\" class=\"wp-caption-text\">Fukushima mahnt! Fotomontage, 2011<\/p><\/div>\n<div id=\"attachment_1061\" style=\"width: 310px\" class=\"wp-caption aligncenter\"><a href=\"http:\/\/www.berliner-seiten.de\/ganz-nah\/files\/2011\/06\/Fukushima-6.jpg\"><img loading=\"lazy\" decoding=\"async\" aria-describedby=\"caption-attachment-1061\" class=\"size-medium wp-image-1061\" src=\"http:\/\/www.berliner-seiten.de\/ganz-nah\/files\/2011\/06\/Fukushima-6-300x212.jpg\" alt=\"\" width=\"300\" height=\"212\" srcset=\"http:\/\/www.berliner-seiten.de\/ganz-nah\/files\/2011\/06\/Fukushima-6-300x212.jpg 300w, http:\/\/www.berliner-seiten.de\/ganz-nah\/files\/2011\/06\/Fukushima-6-1024x726.jpg 1024w, http:\/\/www.berliner-seiten.de\/ganz-nah\/files\/2011\/06\/Fukushima-6.jpg 1282w\" sizes=\"auto, (max-width: 300px) 100vw, 300px\" \/><\/a><p id=\"caption-attachment-1061\" class=\"wp-caption-text\">Fukushima mahnt: Nicht abtauchen! Fotomontage, 2011<\/p><\/div>\n<div id=\"attachment_1062\" style=\"width: 310px\" class=\"wp-caption aligncenter\"><a href=\"http:\/\/www.berliner-seiten.de\/ganz-nah\/files\/2011\/06\/A_Karte41.jpg\"><img loading=\"lazy\" decoding=\"async\" aria-describedby=\"caption-attachment-1062\" class=\"size-medium wp-image-1062\" src=\"http:\/\/www.berliner-seiten.de\/ganz-nah\/files\/2011\/06\/A_Karte41-300x199.jpg\" alt=\"\" width=\"300\" height=\"199\" srcset=\"http:\/\/www.berliner-seiten.de\/ganz-nah\/files\/2011\/06\/A_Karte41-300x199.jpg 300w, http:\/\/www.berliner-seiten.de\/ganz-nah\/files\/2011\/06\/A_Karte41-1024x680.jpg 1024w, http:\/\/www.berliner-seiten.de\/ganz-nah\/files\/2011\/06\/A_Karte41.jpg 2048w\" sizes=\"auto, (max-width: 300px) 100vw, 300px\" \/><\/a><p id=\"caption-attachment-1062\" class=\"wp-caption-text\">Endlich Fr\u00fchling! 2011<\/p><\/div>\n<div id=\"attachment_1063\" style=\"width: 310px\" class=\"wp-caption aligncenter\"><a href=\"http:\/\/www.berliner-seiten.de\/ganz-nah\/files\/2011\/06\/Haubentaucher-3.jpg\"><img loading=\"lazy\" decoding=\"async\" aria-describedby=\"caption-attachment-1063\" class=\"size-medium wp-image-1063\" src=\"http:\/\/www.berliner-seiten.de\/ganz-nah\/files\/2011\/06\/Haubentaucher-3-300x200.jpg\" alt=\"\" width=\"300\" height=\"200\" srcset=\"http:\/\/www.berliner-seiten.de\/ganz-nah\/files\/2011\/06\/Haubentaucher-3-300x200.jpg 300w, http:\/\/www.berliner-seiten.de\/ganz-nah\/files\/2011\/06\/Haubentaucher-3-1024x683.jpg 1024w, http:\/\/www.berliner-seiten.de\/ganz-nah\/files\/2011\/06\/Haubentaucher-3.jpg 1274w\" sizes=\"auto, (max-width: 300px) 100vw, 300px\" \/><\/a><p id=\"caption-attachment-1063\" class=\"wp-caption-text\">Haubentaucher am Wei\u00dfen See, 2011<\/p><\/div>\n<div id=\"attachment_1067\" style=\"width: 310px\" class=\"wp-caption aligncenter\"><a href=\"http:\/\/www.berliner-seiten.de\/ganz-nah\/files\/2011\/06\/Brutlook-2.jpg\"><img loading=\"lazy\" decoding=\"async\" aria-describedby=\"caption-attachment-1067\" class=\"size-medium wp-image-1067\" src=\"http:\/\/www.berliner-seiten.de\/ganz-nah\/files\/2011\/06\/Brutlook-2-300x199.jpg\" alt=\"\" width=\"300\" height=\"199\" srcset=\"http:\/\/www.berliner-seiten.de\/ganz-nah\/files\/2011\/06\/Brutlook-2-300x199.jpg 300w, http:\/\/www.berliner-seiten.de\/ganz-nah\/files\/2011\/06\/Brutlook-2-1024x680.jpg 1024w, http:\/\/www.berliner-seiten.de\/ganz-nah\/files\/2011\/06\/Brutlook-2.jpg 2048w\" sizes=\"auto, (max-width: 300px) 100vw, 300px\" \/><\/a><p id=\"caption-attachment-1067\" class=\"wp-caption-text\">Fr\u00fchlingsgesang, 2011<\/p><\/div>\n<div id=\"attachment_1068\" style=\"width: 310px\" class=\"wp-caption aligncenter\"><a href=\"http:\/\/www.berliner-seiten.de\/ganz-nah\/files\/2011\/06\/Karte-71.jpg\"><img loading=\"lazy\" decoding=\"async\" aria-describedby=\"caption-attachment-1068\" class=\"size-medium wp-image-1068\" src=\"http:\/\/www.berliner-seiten.de\/ganz-nah\/files\/2011\/06\/Karte-71-300x212.jpg\" alt=\"\" width=\"300\" height=\"212\" srcset=\"http:\/\/www.berliner-seiten.de\/ganz-nah\/files\/2011\/06\/Karte-71-300x212.jpg 300w, http:\/\/www.berliner-seiten.de\/ganz-nah\/files\/2011\/06\/Karte-71-1024x724.jpg 1024w\" sizes=\"auto, (max-width: 300px) 100vw, 300px\" \/><\/a><p id=\"caption-attachment-1068\" class=\"wp-caption-text\">Haubentaucher-Superstar--Show, 2011<\/p><\/div>\n<div id=\"attachment_1069\" style=\"width: 310px\" class=\"wp-caption aligncenter\"><a href=\"http:\/\/www.berliner-seiten.de\/ganz-nah\/files\/2011\/06\/A_Karte-11.jpg\"><img loading=\"lazy\" decoding=\"async\" aria-describedby=\"caption-attachment-1069\" class=\"size-medium wp-image-1069\" src=\"http:\/\/www.berliner-seiten.de\/ganz-nah\/files\/2011\/06\/A_Karte-11-300x212.jpg\" alt=\"\" width=\"300\" height=\"212\" srcset=\"http:\/\/www.berliner-seiten.de\/ganz-nah\/files\/2011\/06\/A_Karte-11-300x212.jpg 300w, http:\/\/www.berliner-seiten.de\/ganz-nah\/files\/2011\/06\/A_Karte-11-1024x724.jpg 1024w\" sizes=\"auto, (max-width: 300px) 100vw, 300px\" \/><\/a><p id=\"caption-attachment-1069\" class=\"wp-caption-text\">Verantwortung am Wei\u00dfen See, 2011<\/p><\/div>\n<div id=\"attachment_1070\" style=\"width: 310px\" class=\"wp-caption aligncenter\"><a href=\"http:\/\/www.berliner-seiten.de\/ganz-nah\/files\/2011\/06\/A_Karte-3a.jpg\"><img loading=\"lazy\" decoding=\"async\" aria-describedby=\"caption-attachment-1070\" class=\"size-medium wp-image-1070\" src=\"http:\/\/www.berliner-seiten.de\/ganz-nah\/files\/2011\/06\/A_Karte-3a-300x212.jpg\" alt=\"\" width=\"300\" height=\"212\" srcset=\"http:\/\/www.berliner-seiten.de\/ganz-nah\/files\/2011\/06\/A_Karte-3a-300x212.jpg 300w, http:\/\/www.berliner-seiten.de\/ganz-nah\/files\/2011\/06\/A_Karte-3a-1024x724.jpg 1024w\" sizes=\"auto, (max-width: 300px) 100vw, 300px\" \/><\/a><p id=\"caption-attachment-1070\" class=\"wp-caption-text\">Nachwuchs bei den Haubentauchern, 2011<\/p><\/div>\n<div id=\"attachment_1072\" style=\"width: 310px\" class=\"wp-caption aligncenter\"><a href=\"http:\/\/www.berliner-seiten.de\/ganz-nah\/files\/2011\/06\/Schwan2c.jpg\"><img loading=\"lazy\" decoding=\"async\" aria-describedby=\"caption-attachment-1072\" class=\"size-medium wp-image-1072\" src=\"http:\/\/www.berliner-seiten.de\/ganz-nah\/files\/2011\/06\/Schwan2c-300x212.jpg\" alt=\"\" width=\"300\" height=\"212\" srcset=\"http:\/\/www.berliner-seiten.de\/ganz-nah\/files\/2011\/06\/Schwan2c-300x212.jpg 300w, http:\/\/www.berliner-seiten.de\/ganz-nah\/files\/2011\/06\/Schwan2c-1024x724.jpg 1024w\" sizes=\"auto, (max-width: 300px) 100vw, 300px\" \/><\/a><p id=\"caption-attachment-1072\" class=\"wp-caption-text\">Gru\u00dfkarte, 2011<\/p><\/div>\n<div id=\"attachment_1073\" style=\"width: 310px\" class=\"wp-caption aligncenter\"><a href=\"http:\/\/www.berliner-seiten.de\/ganz-nah\/files\/2011\/06\/1.jpg\"><img loading=\"lazy\" decoding=\"async\" aria-describedby=\"caption-attachment-1073\" class=\"size-medium wp-image-1073\" src=\"http:\/\/www.berliner-seiten.de\/ganz-nah\/files\/2011\/06\/1-300x212.jpg\" alt=\"\" width=\"300\" height=\"212\" srcset=\"http:\/\/www.berliner-seiten.de\/ganz-nah\/files\/2011\/06\/1-300x212.jpg 300w, http:\/\/www.berliner-seiten.de\/ganz-nah\/files\/2011\/06\/1-1024x724.jpg 1024w\" sizes=\"auto, (max-width: 300px) 100vw, 300px\" \/><\/a><p id=\"caption-attachment-1073\" class=\"wp-caption-text\">Geburt eines Schwanes am Wei\u00dfen See, 2011<\/p><\/div>\n<div id=\"attachment_1074\" style=\"width: 310px\" class=\"wp-caption aligncenter\"><a href=\"http:\/\/www.berliner-seiten.de\/ganz-nah\/files\/2011\/06\/16a.jpg\"><img loading=\"lazy\" decoding=\"async\" aria-describedby=\"caption-attachment-1074\" class=\"size-medium wp-image-1074\" src=\"http:\/\/www.berliner-seiten.de\/ganz-nah\/files\/2011\/06\/16a-300x212.jpg\" alt=\"\" width=\"300\" height=\"212\" srcset=\"http:\/\/www.berliner-seiten.de\/ganz-nah\/files\/2011\/06\/16a-300x212.jpg 300w, http:\/\/www.berliner-seiten.de\/ganz-nah\/files\/2011\/06\/16a-1024x724.jpg 1024w\" sizes=\"auto, (max-width: 300px) 100vw, 300px\" \/><\/a><p id=\"caption-attachment-1074\" class=\"wp-caption-text\">Siebenlinge am Wei\u00dfen See, 2011<\/p><\/div>\n<div id=\"attachment_1075\" style=\"width: 310px\" class=\"wp-caption aligncenter\"><a href=\"http:\/\/www.berliner-seiten.de\/ganz-nah\/files\/2011\/06\/12a.jpg\"><img loading=\"lazy\" decoding=\"async\" aria-describedby=\"caption-attachment-1075\" class=\"size-medium wp-image-1075\" src=\"http:\/\/www.berliner-seiten.de\/ganz-nah\/files\/2011\/06\/12a-300x212.jpg\" alt=\"\" width=\"300\" height=\"212\" srcset=\"http:\/\/www.berliner-seiten.de\/ganz-nah\/files\/2011\/06\/12a-300x212.jpg 300w, http:\/\/www.berliner-seiten.de\/ganz-nah\/files\/2011\/06\/12a-1024x724.jpg 1024w\" sizes=\"auto, (max-width: 300px) 100vw, 300px\" \/><\/a><p id=\"caption-attachment-1075\" class=\"wp-caption-text\">Gro\u00dffamilien am Wei\u00dfen See, 2011<\/p><\/div>\n<div id=\"attachment_1077\" style=\"width: 310px\" class=\"wp-caption aligncenter\"><a href=\"http:\/\/www.berliner-seiten.de\/ganz-nah\/files\/2011\/06\/9.jpg\"><img loading=\"lazy\" decoding=\"async\" aria-describedby=\"caption-attachment-1077\" class=\"size-medium wp-image-1077\" src=\"http:\/\/www.berliner-seiten.de\/ganz-nah\/files\/2011\/06\/9-300x199.jpg\" alt=\"\" width=\"300\" height=\"199\" srcset=\"http:\/\/www.berliner-seiten.de\/ganz-nah\/files\/2011\/06\/9-300x199.jpg 300w, http:\/\/www.berliner-seiten.de\/ganz-nah\/files\/2011\/06\/9-1024x682.jpg 1024w, http:\/\/www.berliner-seiten.de\/ganz-nah\/files\/2011\/06\/9.jpg 1586w\" sizes=\"auto, (max-width: 300px) 100vw, 300px\" \/><\/a><p id=\"caption-attachment-1077\" class=\"wp-caption-text\">Geburtsprotokoll, 2011<\/p><\/div>\n<div id=\"attachment_1078\" style=\"width: 310px\" class=\"wp-caption aligncenter\"><a href=\"http:\/\/www.berliner-seiten.de\/ganz-nah\/files\/2011\/06\/A_Schw\u00e4ne3.jpg\"><img loading=\"lazy\" decoding=\"async\" aria-describedby=\"caption-attachment-1078\" class=\"size-medium wp-image-1078\" src=\"http:\/\/www.berliner-seiten.de\/ganz-nah\/files\/2011\/06\/A_Schw\u00e4ne3-300x212.jpg\" alt=\"\" width=\"300\" height=\"212\" srcset=\"http:\/\/www.berliner-seiten.de\/ganz-nah\/files\/2011\/06\/A_Schw\u00e4ne3-300x212.jpg 300w, http:\/\/www.berliner-seiten.de\/ganz-nah\/files\/2011\/06\/A_Schw\u00e4ne3-1024x724.jpg 1024w\" sizes=\"auto, (max-width: 300px) 100vw, 300px\" \/><\/a><p id=\"caption-attachment-1078\" class=\"wp-caption-text\">Carpe diem! 2011<\/p><\/div>\n<div id=\"attachment_1079\" style=\"width: 310px\" class=\"wp-caption aligncenter\"><a href=\"http:\/\/www.berliner-seiten.de\/ganz-nah\/files\/2011\/06\/A_Schw\u00e4ne1.jpg\"><img loading=\"lazy\" decoding=\"async\" aria-describedby=\"caption-attachment-1079\" class=\"size-medium wp-image-1079\" src=\"http:\/\/www.berliner-seiten.de\/ganz-nah\/files\/2011\/06\/A_Schw\u00e4ne1-300x212.jpg\" alt=\"\" width=\"300\" height=\"212\" srcset=\"http:\/\/www.berliner-seiten.de\/ganz-nah\/files\/2011\/06\/A_Schw\u00e4ne1-300x212.jpg 300w, http:\/\/www.berliner-seiten.de\/ganz-nah\/files\/2011\/06\/A_Schw\u00e4ne1-1024x724.jpg 1024w\" sizes=\"auto, (max-width: 300px) 100vw, 300px\" \/><\/a><p id=\"caption-attachment-1079\" class=\"wp-caption-text\">Kleine Schwanengeschichte, 2005-2011<\/p><\/div>\n<div id=\"attachment_1083\" style=\"width: 310px\" class=\"wp-caption aligncenter\"><a href=\"http:\/\/www.berliner-seiten.de\/ganz-nah\/files\/2011\/06\/2.jpg\"><img loading=\"lazy\" decoding=\"async\" aria-describedby=\"caption-attachment-1083\" class=\"size-medium wp-image-1083\" src=\"http:\/\/www.berliner-seiten.de\/ganz-nah\/files\/2011\/06\/2-300x212.jpg\" alt=\"\" width=\"300\" height=\"212\" srcset=\"http:\/\/www.berliner-seiten.de\/ganz-nah\/files\/2011\/06\/2-300x212.jpg 300w, http:\/\/www.berliner-seiten.de\/ganz-nah\/files\/2011\/06\/2-1024x724.jpg 1024w\" sizes=\"auto, (max-width: 300px) 100vw, 300px\" \/><\/a><p id=\"caption-attachment-1083\" class=\"wp-caption-text\">Blessh\u00fchner am Wei\u00dfen See, 2011<\/p><\/div>\n<div id=\"attachment_1080\" style=\"width: 310px\" class=\"wp-caption aligncenter\"><a href=\"http:\/\/www.berliner-seiten.de\/ganz-nah\/files\/2011\/06\/Babyboom-Wh.jpg\"><img loading=\"lazy\" decoding=\"async\" aria-describedby=\"caption-attachment-1080\" class=\"size-medium wp-image-1080\" src=\"http:\/\/www.berliner-seiten.de\/ganz-nah\/files\/2011\/06\/Babyboom-Wh-300x212.jpg\" alt=\"\" width=\"300\" height=\"212\" srcset=\"http:\/\/www.berliner-seiten.de\/ganz-nah\/files\/2011\/06\/Babyboom-Wh-300x212.jpg 300w, http:\/\/www.berliner-seiten.de\/ganz-nah\/files\/2011\/06\/Babyboom-Wh-1024x724.jpg 1024w\" sizes=\"auto, (max-width: 300px) 100vw, 300px\" \/><\/a><p id=\"caption-attachment-1080\" class=\"wp-caption-text\">Babyboom am Wei\u00dfen See, 2011<\/p><\/div>\n<div id=\"attachment_1081\" style=\"width: 310px\" class=\"wp-caption aligncenter\"><a href=\"http:\/\/www.berliner-seiten.de\/ganz-nah\/files\/2011\/06\/Schw\u00e4ne2.jpg\"><img loading=\"lazy\" decoding=\"async\" aria-describedby=\"caption-attachment-1081\" class=\"size-medium wp-image-1081\" src=\"http:\/\/www.berliner-seiten.de\/ganz-nah\/files\/2011\/06\/Schw\u00e4ne2-300x212.jpg\" alt=\"\" width=\"300\" height=\"212\" srcset=\"http:\/\/www.berliner-seiten.de\/ganz-nah\/files\/2011\/06\/Schw\u00e4ne2-300x212.jpg 300w, http:\/\/www.berliner-seiten.de\/ganz-nah\/files\/2011\/06\/Schw\u00e4ne2-1024x724.jpg 1024w\" sizes=\"auto, (max-width: 300px) 100vw, 300px\" \/><\/a><p id=\"caption-attachment-1081\" class=\"wp-caption-text\">Show-Augenblicke, 2011<\/p><\/div>\n<div id=\"attachment_1082\" style=\"width: 310px\" class=\"wp-caption aligncenter\"><a href=\"http:\/\/www.berliner-seiten.de\/ganz-nah\/files\/2011\/06\/Schwanen-Ballett.jpg\"><img loading=\"lazy\" decoding=\"async\" aria-describedby=\"caption-attachment-1082\" class=\"size-medium wp-image-1082\" src=\"http:\/\/www.berliner-seiten.de\/ganz-nah\/files\/2011\/06\/Schwanen-Ballett-300x212.jpg\" alt=\"\" width=\"300\" height=\"212\" srcset=\"http:\/\/www.berliner-seiten.de\/ganz-nah\/files\/2011\/06\/Schwanen-Ballett-300x212.jpg 300w, http:\/\/www.berliner-seiten.de\/ganz-nah\/files\/2011\/06\/Schwanen-Ballett-1024x724.jpg 1024w\" sizes=\"auto, (max-width: 300px) 100vw, 300px\" \/><\/a><p id=\"caption-attachment-1082\" class=\"wp-caption-text\">Schwanen-Ballett, 2011<\/p><\/div>\n<div id=\"attachment_1084\" style=\"width: 310px\" class=\"wp-caption aligncenter\"><a href=\"http:\/\/www.berliner-seiten.de\/ganz-nah\/files\/2011\/06\/3.jpg\"><img loading=\"lazy\" decoding=\"async\" aria-describedby=\"caption-attachment-1084\" class=\"size-medium wp-image-1084\" src=\"http:\/\/www.berliner-seiten.de\/ganz-nah\/files\/2011\/06\/3-300x212.jpg\" alt=\"\" width=\"300\" height=\"212\" srcset=\"http:\/\/www.berliner-seiten.de\/ganz-nah\/files\/2011\/06\/3-300x212.jpg 300w, http:\/\/www.berliner-seiten.de\/ganz-nah\/files\/2011\/06\/3-1024x724.jpg 1024w\" sizes=\"auto, (max-width: 300px) 100vw, 300px\" \/><\/a><p id=\"caption-attachment-1084\" class=\"wp-caption-text\">Je mehr Kinder ..., 2011<\/p><\/div>\n<div id=\"attachment_1284\" style=\"width: 310px\" class=\"wp-caption aligncenter\"><a href=\"http:\/\/www.berliner-seiten.de\/ganz-nah\/files\/2011\/06\/Falkenberg2.jpg\"><img loading=\"lazy\" decoding=\"async\" aria-describedby=\"caption-attachment-1284\" class=\"size-medium wp-image-1284\" src=\"http:\/\/www.berliner-seiten.de\/ganz-nah\/files\/2011\/06\/Falkenberg2-300x199.jpg\" alt=\"\" width=\"300\" height=\"199\" srcset=\"http:\/\/www.berliner-seiten.de\/ganz-nah\/files\/2011\/06\/Falkenberg2-300x199.jpg 300w, http:\/\/www.berliner-seiten.de\/ganz-nah\/files\/2011\/06\/Falkenberg2-1024x680.jpg 1024w, http:\/\/www.berliner-seiten.de\/ganz-nah\/files\/2011\/06\/Falkenberg2.jpg 2048w\" sizes=\"auto, (max-width: 300px) 100vw, 300px\" \/><\/a><p id=\"caption-attachment-1284\" class=\"wp-caption-text\">Sommertreiben auf der Falkenberger Feldflur, 2011<\/p><\/div>\n<div id=\"attachment_1286\" style=\"width: 310px\" class=\"wp-caption aligncenter\"><a href=\"http:\/\/www.berliner-seiten.de\/ganz-nah\/files\/2011\/06\/A_Falkenberg4.jpg\"><img loading=\"lazy\" decoding=\"async\" aria-describedby=\"caption-attachment-1286\" class=\"size-medium wp-image-1286\" src=\"http:\/\/www.berliner-seiten.de\/ganz-nah\/files\/2011\/06\/A_Falkenberg4-300x212.jpg\" alt=\"\" width=\"300\" height=\"212\" srcset=\"http:\/\/www.berliner-seiten.de\/ganz-nah\/files\/2011\/06\/A_Falkenberg4-300x212.jpg 300w, http:\/\/www.berliner-seiten.de\/ganz-nah\/files\/2011\/06\/A_Falkenberg4-1024x724.jpg 1024w\" sizes=\"auto, (max-width: 300px) 100vw, 300px\" \/><\/a><p id=\"caption-attachment-1286\" class=\"wp-caption-text\">Bleibe nicht am Boden haften..., 2011<\/p><\/div>\n<div id=\"attachment_1354\" style=\"width: 310px\" class=\"wp-caption aligncenter\"><a href=\"http:\/\/www.berliner-seiten.de\/ganz-nah\/files\/2011\/06\/A_Karte-A.jpg\"><img loading=\"lazy\" decoding=\"async\" aria-describedby=\"caption-attachment-1354\" class=\"size-medium wp-image-1354\" src=\"http:\/\/www.berliner-seiten.de\/ganz-nah\/files\/2011\/06\/A_Karte-A-300x198.jpg\" alt=\"\" width=\"300\" height=\"198\" srcset=\"http:\/\/www.berliner-seiten.de\/ganz-nah\/files\/2011\/06\/A_Karte-A-300x198.jpg 300w, http:\/\/www.berliner-seiten.de\/ganz-nah\/files\/2011\/06\/A_Karte-A-1024x678.jpg 1024w\" sizes=\"auto, (max-width: 300px) 100vw, 300px\" \/><\/a><p id=\"caption-attachment-1354\" class=\"wp-caption-text\">&quot;Raum ist in der kleinsten H\u00fctte&quot;, 2011<\/p><\/div>\n<div id=\"attachment_1355\" style=\"width: 310px\" class=\"wp-caption aligncenter\"><a href=\"http:\/\/www.berliner-seiten.de\/ganz-nah\/files\/2011\/06\/A_Karte-C-2.jpg\"><img loading=\"lazy\" decoding=\"async\" aria-describedby=\"caption-attachment-1355\" class=\"size-medium wp-image-1355\" src=\"http:\/\/www.berliner-seiten.de\/ganz-nah\/files\/2011\/06\/A_Karte-C-2-300x212.jpg\" alt=\"\" width=\"300\" height=\"212\" srcset=\"http:\/\/www.berliner-seiten.de\/ganz-nah\/files\/2011\/06\/A_Karte-C-2-300x212.jpg 300w, http:\/\/www.berliner-seiten.de\/ganz-nah\/files\/2011\/06\/A_Karte-C-2-1024x724.jpg 1024w\" sizes=\"auto, (max-width: 300px) 100vw, 300px\" \/><\/a><p id=\"caption-attachment-1355\" class=\"wp-caption-text\">Gef\u00e4hrliche Sch\u00f6nheit: Bienenwolf, 2011<\/p><\/div>\n<div id=\"attachment_1356\" style=\"width: 310px\" class=\"wp-caption aligncenter\"><a href=\"http:\/\/www.berliner-seiten.de\/ganz-nah\/files\/2011\/06\/A_Karte-H.jpg\"><img loading=\"lazy\" decoding=\"async\" aria-describedby=\"caption-attachment-1356\" class=\"size-medium wp-image-1356\" src=\"http:\/\/www.berliner-seiten.de\/ganz-nah\/files\/2011\/06\/A_Karte-H-300x198.jpg\" alt=\"\" width=\"300\" height=\"198\" srcset=\"http:\/\/www.berliner-seiten.de\/ganz-nah\/files\/2011\/06\/A_Karte-H-300x198.jpg 300w, http:\/\/www.berliner-seiten.de\/ganz-nah\/files\/2011\/06\/A_Karte-H-1024x678.jpg 1024w\" sizes=\"auto, (max-width: 300px) 100vw, 300px\" \/><\/a><p id=\"caption-attachment-1356\" class=\"wp-caption-text\">Hochzeit der Braunen Weichk\u00e4fer, 2011<\/p><\/div>\n<div id=\"attachment_1721\" style=\"width: 310px\" class=\"wp-caption aligncenter\"><a href=\"http:\/\/www.berliner-seiten.de\/ganz-nah\/files\/2011\/06\/Schmetterlinge.jpg\"><img loading=\"lazy\" decoding=\"async\" aria-describedby=\"caption-attachment-1721\" class=\"size-medium wp-image-1721\" src=\"http:\/\/www.berliner-seiten.de\/ganz-nah\/files\/2011\/06\/Schmetterlinge-300x212.jpg\" alt=\"\" width=\"300\" height=\"212\" srcset=\"http:\/\/www.berliner-seiten.de\/ganz-nah\/files\/2011\/06\/Schmetterlinge-300x212.jpg 300w, http:\/\/www.berliner-seiten.de\/ganz-nah\/files\/2011\/06\/Schmetterlinge-1024x724.jpg 1024w\" sizes=\"auto, (max-width: 300px) 100vw, 300px\" \/><\/a><p id=\"caption-attachment-1721\" class=\"wp-caption-text\">70 Pr0zent weniger Schmetterlinge! 2011<\/p><\/div>\n<div id=\"attachment_1722\" style=\"width: 310px\" class=\"wp-caption aligncenter\"><a href=\"http:\/\/www.berliner-seiten.de\/ganz-nah\/files\/2011\/06\/Regen-3.jpg\"><img loading=\"lazy\" decoding=\"async\" aria-describedby=\"caption-attachment-1722\" class=\"size-medium wp-image-1722\" src=\"http:\/\/www.berliner-seiten.de\/ganz-nah\/files\/2011\/06\/Regen-3-300x212.jpg\" alt=\"\" width=\"300\" height=\"212\" srcset=\"http:\/\/www.berliner-seiten.de\/ganz-nah\/files\/2011\/06\/Regen-3-300x212.jpg 300w, http:\/\/www.berliner-seiten.de\/ganz-nah\/files\/2011\/06\/Regen-3-1024x724.jpg 1024w\" sizes=\"auto, (max-width: 300px) 100vw, 300px\" \/><\/a><p id=\"caption-attachment-1722\" class=\"wp-caption-text\">Unerm\u00fcdliche Mistbiene, 2011<\/p><\/div>\n<div id=\"attachment_1723\" style=\"width: 310px\" class=\"wp-caption aligncenter\"><a href=\"http:\/\/www.berliner-seiten.de\/ganz-nah\/files\/2011\/06\/A_Karte15.jpg\"><img loading=\"lazy\" decoding=\"async\" aria-describedby=\"caption-attachment-1723\" class=\"size-medium wp-image-1723\" src=\"http:\/\/www.berliner-seiten.de\/ganz-nah\/files\/2011\/06\/A_Karte15-300x200.jpg\" alt=\"\" width=\"300\" height=\"200\" srcset=\"http:\/\/www.berliner-seiten.de\/ganz-nah\/files\/2011\/06\/A_Karte15-300x200.jpg 300w, http:\/\/www.berliner-seiten.de\/ganz-nah\/files\/2011\/06\/A_Karte15-1024x685.jpg 1024w\" sizes=\"auto, (max-width: 300px) 100vw, 300px\" \/><\/a><p id=\"caption-attachment-1723\" class=\"wp-caption-text\">Kampf um die Poleposition, 2011<\/p><\/div>\n<div id=\"attachment_1724\" style=\"width: 310px\" class=\"wp-caption aligncenter\"><a href=\"http:\/\/www.berliner-seiten.de\/ganz-nah\/files\/2011\/06\/A_Karte4a.jpg\"><img loading=\"lazy\" decoding=\"async\" aria-describedby=\"caption-attachment-1724\" class=\"size-medium wp-image-1724\" src=\"http:\/\/www.berliner-seiten.de\/ganz-nah\/files\/2011\/06\/A_Karte4a-300x212.jpg\" alt=\"\" width=\"300\" height=\"212\" srcset=\"http:\/\/www.berliner-seiten.de\/ganz-nah\/files\/2011\/06\/A_Karte4a-300x212.jpg 300w, http:\/\/www.berliner-seiten.de\/ganz-nah\/files\/2011\/06\/A_Karte4a-1024x724.jpg 1024w\" sizes=\"auto, (max-width: 300px) 100vw, 300px\" \/><\/a><p id=\"caption-attachment-1724\" class=\"wp-caption-text\">Dreibund, 2011<\/p><\/div>\n<div id=\"attachment_1725\" style=\"width: 210px\" class=\"wp-caption aligncenter\"><a href=\"http:\/\/www.berliner-seiten.de\/ganz-nah\/files\/2011\/06\/A_Karte2-2.jpg\"><img loading=\"lazy\" decoding=\"async\" aria-describedby=\"caption-attachment-1725\" class=\"size-medium wp-image-1725\" src=\"http:\/\/www.berliner-seiten.de\/ganz-nah\/files\/2011\/06\/A_Karte2-2-200x300.jpg\" alt=\"\" width=\"200\" height=\"300\" srcset=\"http:\/\/www.berliner-seiten.de\/ganz-nah\/files\/2011\/06\/A_Karte2-2-200x300.jpg 200w, http:\/\/www.berliner-seiten.de\/ganz-nah\/files\/2011\/06\/A_Karte2-2-682x1024.jpg 682w, http:\/\/www.berliner-seiten.de\/ganz-nah\/files\/2011\/06\/A_Karte2-2.jpg 1277w\" sizes=\"auto, (max-width: 200px) 100vw, 200px\" \/><\/a><p id=\"caption-attachment-1725\" class=\"wp-caption-text\">Auf dem Gipfel, 2011<\/p><\/div>\n<div id=\"attachment_1726\" style=\"width: 209px\" class=\"wp-caption aligncenter\"><a href=\"http:\/\/www.berliner-seiten.de\/ganz-nah\/files\/2011\/06\/A_Karte2-1.jpg\"><img loading=\"lazy\" decoding=\"async\" aria-describedby=\"caption-attachment-1726\" class=\"size-medium wp-image-1726\" src=\"http:\/\/www.berliner-seiten.de\/ganz-nah\/files\/2011\/06\/A_Karte2-1-199x300.jpg\" alt=\"\" width=\"199\" height=\"300\" srcset=\"http:\/\/www.berliner-seiten.de\/ganz-nah\/files\/2011\/06\/A_Karte2-1-199x300.jpg 199w, http:\/\/www.berliner-seiten.de\/ganz-nah\/files\/2011\/06\/A_Karte2-1-681x1024.jpg 681w, http:\/\/www.berliner-seiten.de\/ganz-nah\/files\/2011\/06\/A_Karte2-1.jpg 1180w\" sizes=\"auto, (max-width: 199px) 100vw, 199px\" \/><\/a><p id=\"caption-attachment-1726\" class=\"wp-caption-text\">Unliebsame St\u00f6rung, 2011<\/p><\/div>\n<div id=\"attachment_1788\" style=\"width: 210px\" class=\"wp-caption aligncenter\"><a href=\"http:\/\/www.berliner-seiten.de\/ganz-nah\/files\/2011\/06\/A_Karte_0879a.jpg\"><img loading=\"lazy\" decoding=\"async\" aria-describedby=\"caption-attachment-1788\" class=\"size-medium wp-image-1788\" src=\"http:\/\/www.berliner-seiten.de\/ganz-nah\/files\/2011\/06\/A_Karte_0879a-200x300.jpg\" alt=\"\" width=\"200\" height=\"300\" srcset=\"http:\/\/www.berliner-seiten.de\/ganz-nah\/files\/2011\/06\/A_Karte_0879a-200x300.jpg 200w, http:\/\/www.berliner-seiten.de\/ganz-nah\/files\/2011\/06\/A_Karte_0879a-684x1024.jpg 684w, http:\/\/www.berliner-seiten.de\/ganz-nah\/files\/2011\/06\/A_Karte_0879a.jpg 1728w\" sizes=\"auto, (max-width: 200px) 100vw, 200px\" \/><\/a><p id=\"caption-attachment-1788\" class=\"wp-caption-text\">Gastfreundschaft, 2011<\/p><\/div>\n<div id=\"attachment_1789\" style=\"width: 210px\" class=\"wp-caption aligncenter\"><a href=\"http:\/\/www.berliner-seiten.de\/ganz-nah\/files\/2011\/06\/A-Karte-Feuerwanze.jpg\"><img loading=\"lazy\" decoding=\"async\" aria-describedby=\"caption-attachment-1789\" class=\"size-medium wp-image-1789\" src=\"http:\/\/www.berliner-seiten.de\/ganz-nah\/files\/2011\/06\/A-Karte-Feuerwanze-200x300.jpg\" alt=\"\" width=\"200\" height=\"300\" srcset=\"http:\/\/www.berliner-seiten.de\/ganz-nah\/files\/2011\/06\/A-Karte-Feuerwanze-200x300.jpg 200w, http:\/\/www.berliner-seiten.de\/ganz-nah\/files\/2011\/06\/A-Karte-Feuerwanze-682x1024.jpg 682w, http:\/\/www.berliner-seiten.de\/ganz-nah\/files\/2011\/06\/A-Karte-Feuerwanze.jpg 798w\" sizes=\"auto, (max-width: 200px) 100vw, 200px\" \/><\/a><p id=\"caption-attachment-1789\" class=\"wp-caption-text\">Feuerwanze mit attraktiver Maske, 2011<\/p><\/div>\n<div id=\"attachment_1917\" style=\"width: 310px\" class=\"wp-caption aligncenter\"><a href=\"http:\/\/www.berliner-seiten.de\/ganz-nah\/files\/2011\/06\/Karte-2.jpg\"><img loading=\"lazy\" decoding=\"async\" aria-describedby=\"caption-attachment-1917\" class=\"size-medium wp-image-1917\" src=\"http:\/\/www.berliner-seiten.de\/ganz-nah\/files\/2011\/06\/Karte-2-300x200.jpg\" alt=\"\" width=\"300\" height=\"200\" srcset=\"http:\/\/www.berliner-seiten.de\/ganz-nah\/files\/2011\/06\/Karte-2-300x200.jpg 300w, http:\/\/www.berliner-seiten.de\/ganz-nah\/files\/2011\/06\/Karte-2-1024x685.jpg 1024w\" sizes=\"auto, (max-width: 300px) 100vw, 300px\" \/><\/a><p id=\"caption-attachment-1917\" class=\"wp-caption-text\">Sp\u00e4tsommer, 2011<\/p><\/div>\n<div id=\"attachment_2120\" style=\"width: 310px\" class=\"wp-caption aligncenter\"><a href=\"http:\/\/www.berliner-seiten.de\/ganz-nah\/files\/2011\/06\/A_Karte-D.jpg\"><img loading=\"lazy\" decoding=\"async\" aria-describedby=\"caption-attachment-2120\" class=\"size-medium wp-image-2120\" src=\"http:\/\/www.berliner-seiten.de\/ganz-nah\/files\/2011\/06\/A_Karte-D-300x199.jpg\" alt=\"\" width=\"300\" height=\"199\" srcset=\"http:\/\/www.berliner-seiten.de\/ganz-nah\/files\/2011\/06\/A_Karte-D-300x199.jpg 300w, http:\/\/www.berliner-seiten.de\/ganz-nah\/files\/2011\/06\/A_Karte-D-1024x680.jpg 1024w, http:\/\/www.berliner-seiten.de\/ganz-nah\/files\/2011\/06\/A_Karte-D.jpg 2048w\" sizes=\"auto, (max-width: 300px) 100vw, 300px\" \/><\/a><p id=\"caption-attachment-2120\" class=\"wp-caption-text\">Altweibersommer-1, 2011<\/p><\/div>\n<div id=\"attachment_2121\" style=\"width: 310px\" class=\"wp-caption aligncenter\"><a href=\"http:\/\/www.berliner-seiten.de\/ganz-nah\/files\/2011\/06\/A_Karte_C-1.jpg\"><img loading=\"lazy\" decoding=\"async\" aria-describedby=\"caption-attachment-2121\" class=\"size-medium wp-image-2121\" src=\"http:\/\/www.berliner-seiten.de\/ganz-nah\/files\/2011\/06\/A_Karte_C-1-300x212.jpg\" alt=\"\" width=\"300\" height=\"212\" srcset=\"http:\/\/www.berliner-seiten.de\/ganz-nah\/files\/2011\/06\/A_Karte_C-1-300x212.jpg 300w, http:\/\/www.berliner-seiten.de\/ganz-nah\/files\/2011\/06\/A_Karte_C-1-1024x724.jpg 1024w\" sizes=\"auto, (max-width: 300px) 100vw, 300px\" \/><\/a><p id=\"caption-attachment-2121\" class=\"wp-caption-text\">Altweibersommer-2, 2011<\/p><\/div>\n<div id=\"attachment_2228\" style=\"width: 310px\" class=\"wp-caption aligncenter\"><a href=\"http:\/\/www.berliner-seiten.de\/ganz-nah\/files\/2011\/06\/A_Herbst7.jpg\"><img loading=\"lazy\" decoding=\"async\" aria-describedby=\"caption-attachment-2228\" class=\"size-medium wp-image-2228\" src=\"http:\/\/www.berliner-seiten.de\/ganz-nah\/files\/2011\/06\/A_Herbst7-300x212.jpg\" alt=\"\" width=\"300\" height=\"212\" srcset=\"http:\/\/www.berliner-seiten.de\/ganz-nah\/files\/2011\/06\/A_Herbst7-300x212.jpg 300w, http:\/\/www.berliner-seiten.de\/ganz-nah\/files\/2011\/06\/A_Herbst7-1024x724.jpg 1024w\" sizes=\"auto, (max-width: 300px) 100vw, 300px\" \/><\/a><p id=\"caption-attachment-2228\" class=\"wp-caption-text\">Spinnennetze im Morgentau, 2011<\/p><\/div>\n","protected":false},"excerpt":{"rendered":"<p>Die Sch\u00f6nheit der Tierwelt war und ist ein Hauptmotiv vieler meiner Fotos. Tiere der freien Natur sind wie Pflanzen hervorragend geeignet zur Gestaltung von Fotokarten, besonders, wenn es gelingt, sie in &#8222;ganz-nah&#8220;- Einstellungen vor die Kameralinse zu bekommen. So finden &hellip; <a href=\"http:\/\/www.berliner-seiten.de\/ganz-nah\/fotokarten\/tiere-auf-fotokarten\/\">Weiterlesen <span class=\"meta-nav\">&rarr;<\/span><\/a><\/p>\n","protected":false},"author":6,"featured_media":0,"parent":316,"menu_order":3,"comment_status":"closed","ping_status":"closed","template":"","meta":{"footnotes":""},"class_list":["post-353","page","type-page","status-publish","hentry"],"_links":{"self":[{"href":"http:\/\/www.berliner-seiten.de\/ganz-nah\/wp-json\/wp\/v2\/pages\/353","targetHints":{"allow":["GET"]}}],"collection":[{"href":"http:\/\/www.berliner-seiten.de\/ganz-nah\/wp-json\/wp\/v2\/pages"}],"about":[{"href":"http:\/\/www.berliner-seiten.de\/ganz-nah\/wp-json\/wp\/v2\/types\/page"}],"author":[{"embeddable":true,"href":"http:\/\/www.berliner-seiten.de\/ganz-nah\/wp-json\/wp\/v2\/users\/6"}],"replies":[{"embeddable":true,"href":"http:\/\/www.berliner-seiten.de\/ganz-nah\/wp-json\/wp\/v2\/comments?post=353"}],"version-history":[{"count":31,"href":"http:\/\/www.berliner-seiten.de\/ganz-nah\/wp-json\/wp\/v2\/pages\/353\/revisions"}],"predecessor-version":[{"id":882,"href":"http:\/\/www.berliner-seiten.de\/ganz-nah\/wp-json\/wp\/v2\/pages\/353\/revisions\/882"}],"up":[{"embeddable":true,"href":"http:\/\/www.berliner-seiten.de\/ganz-nah\/wp-json\/wp\/v2\/pages\/316"}],"wp:attachment":[{"href":"http:\/\/www.berliner-seiten.de\/ganz-nah\/wp-json\/wp\/v2\/media?parent=353"}],"curies":[{"name":"wp","href":"https:\/\/api.w.org\/{rel}","templated":true}]}}