{"id":355,"date":"2011-06-11T00:04:55","date_gmt":"2011-06-10T22:04:55","guid":{"rendered":"http:\/\/www.berliner-seiten.de\/ganz-nah\/?page_id=355"},"modified":"2012-06-26T17:26:26","modified_gmt":"2012-06-26T15:26:26","slug":"fruechte-und-blueten-auf-fotokarten","status":"publish","type":"page","link":"http:\/\/www.berliner-seiten.de\/ganz-nah\/fotokarten\/fruechte-und-blueten-auf-fotokarten\/","title":{"rendered":"Fr\u00fcchte und Bl\u00fcten auf Fotokarten"},"content":{"rendered":"<h3>Auch in der Planzenwelt war und ist meine Kamera st\u00e4ndig auf der Suche nach sch\u00f6nen Motiven. Nichts ist geeigneter als Sinnbild, Symbol oder Metapher f\u00fcr die unterschiedlichsten Lebenssituationen als die Vielfalt der Pflanzen in ihrer jahreszeitlichen Pracht. Besonders durch Bl\u00fcten und Fr\u00fcchte aller Art lassen sich Werden und Vergehen von Leben ausdr\u00fccken, aber auch menschliche Gef\u00fchle wie Freude und Leid, Hoffnung und Niedergeschlagenheit, Mut und Verzweiflung und so weiter. Kurzum: F\u00fcr mein Grundthema &#8222;Natur in Wort und Bild&#8220; sind Pflanzen in ihrer unendlichen Vielfalt unverzichtbar. Nachdenkenswertes steckt zum Beispiel in den Goethe-Spr\u00fcchen: <em>&#8222;Alle Bl\u00fcten m\u00fcssen vergehn, da\u00df Fr\u00fcchte begl\u00fccken&#8220;,<\/em> oder: <em>&#8222;Angedenken an das Sch\u00f6ne \/ Ist das Heil der Erdens\u00f6hne.&#8220; <\/em><\/h3>\n<h3>So versteht es sich fast von selbst, Pflanzen besonders f\u00fcr die Gestaltung thematischer Fotokarten zu verwenden. Auch das habe ich seit Jahren versucht, wie die folgende Auswahl zeigt. Ludwig Uhlands sch\u00f6ner Vers aus <em>&#8222;Fr\u00fchlingsglaube&#8220;<\/em> (1812) stand schon fr\u00fch ganz oben auf meiner Wunschliste bei der Verbindung von Bild und Wort: <em>&#8222;Die Welt wird sch\u00f6ner mit jedem Tag, \/ Man wei\u00df nicht, was noch werden mag, \/ Das Bl\u00fchen will nicht enden.&#8220;<\/em><\/h3>\n<div id=\"attachment_731\" style=\"width: 310px\" class=\"wp-caption aligncenter\"><a href=\"http:\/\/www.berliner-seiten.de\/ganz-nah\/files\/2011\/06\/Bild44.jpg\"><img loading=\"lazy\" decoding=\"async\" aria-describedby=\"caption-attachment-731\" class=\"size-medium wp-image-731\" src=\"http:\/\/www.berliner-seiten.de\/ganz-nah\/files\/2011\/06\/Bild44-300x200.jpg\" alt=\"\" width=\"300\" height=\"200\" srcset=\"http:\/\/www.berliner-seiten.de\/ganz-nah\/files\/2011\/06\/Bild44-300x200.jpg 300w, http:\/\/www.berliner-seiten.de\/ganz-nah\/files\/2011\/06\/Bild44-1024x683.jpg 1024w\" sizes=\"auto, (max-width: 300px) 100vw, 300px\" \/><\/a><p id=\"caption-attachment-731\" class=\"wp-caption-text\">Fr\u00fchlingsglaube, 2007<\/p><\/div>\n<div id=\"attachment_734\" style=\"width: 310px\" class=\"wp-caption aligncenter\"><a href=\"http:\/\/www.berliner-seiten.de\/ganz-nah\/files\/2011\/06\/Karte31.jpg\"><img loading=\"lazy\" decoding=\"async\" aria-describedby=\"caption-attachment-734\" class=\"size-medium wp-image-734\" src=\"http:\/\/www.berliner-seiten.de\/ganz-nah\/files\/2011\/06\/Karte31-300x200.jpg\" alt=\"\" width=\"300\" height=\"200\" srcset=\"http:\/\/www.berliner-seiten.de\/ganz-nah\/files\/2011\/06\/Karte31-300x200.jpg 300w, http:\/\/www.berliner-seiten.de\/ganz-nah\/files\/2011\/06\/Karte31-1024x683.jpg 1024w\" sizes=\"auto, (max-width: 300px) 100vw, 300px\" \/><\/a><p id=\"caption-attachment-734\" class=\"wp-caption-text\">Sommertag, 2007<\/p><\/div>\n<div id=\"attachment_735\" style=\"width: 310px\" class=\"wp-caption aligncenter\"><a href=\"http:\/\/www.berliner-seiten.de\/ganz-nah\/files\/2011\/06\/Bild68.jpg\"><img loading=\"lazy\" decoding=\"async\" aria-describedby=\"caption-attachment-735\" class=\"size-medium wp-image-735\" src=\"http:\/\/www.berliner-seiten.de\/ganz-nah\/files\/2011\/06\/Bild68-300x200.jpg\" alt=\"\" width=\"300\" height=\"200\" srcset=\"http:\/\/www.berliner-seiten.de\/ganz-nah\/files\/2011\/06\/Bild68-300x200.jpg 300w, http:\/\/www.berliner-seiten.de\/ganz-nah\/files\/2011\/06\/Bild68-1024x683.jpg 1024w\" sizes=\"auto, (max-width: 300px) 100vw, 300px\" \/><\/a><p id=\"caption-attachment-735\" class=\"wp-caption-text\">Morgenglanz, 2007<\/p><\/div>\n<div id=\"attachment_738\" style=\"width: 310px\" class=\"wp-caption aligncenter\"><a href=\"http:\/\/www.berliner-seiten.de\/ganz-nah\/files\/2011\/06\/Bild116.jpg\"><img loading=\"lazy\" decoding=\"async\" aria-describedby=\"caption-attachment-738\" class=\"size-medium wp-image-738\" src=\"http:\/\/www.berliner-seiten.de\/ganz-nah\/files\/2011\/06\/Bild116-300x200.jpg\" alt=\"\" width=\"300\" height=\"200\" srcset=\"http:\/\/www.berliner-seiten.de\/ganz-nah\/files\/2011\/06\/Bild116-300x200.jpg 300w, http:\/\/www.berliner-seiten.de\/ganz-nah\/files\/2011\/06\/Bild116-1024x683.jpg 1024w\" sizes=\"auto, (max-width: 300px) 100vw, 300px\" \/><\/a><p id=\"caption-attachment-738\" class=\"wp-caption-text\">K\u00f6nigskerzen, 2007<\/p><\/div>\n<div id=\"attachment_740\" style=\"width: 310px\" class=\"wp-caption aligncenter\"><a href=\"http:\/\/www.berliner-seiten.de\/ganz-nah\/files\/2011\/06\/Karte1a.jpg\"><img loading=\"lazy\" decoding=\"async\" aria-describedby=\"caption-attachment-740\" class=\"size-medium wp-image-740\" src=\"http:\/\/www.berliner-seiten.de\/ganz-nah\/files\/2011\/06\/Karte1a-300x200.jpg\" alt=\"\" width=\"300\" height=\"200\" srcset=\"http:\/\/www.berliner-seiten.de\/ganz-nah\/files\/2011\/06\/Karte1a-300x200.jpg 300w, http:\/\/www.berliner-seiten.de\/ganz-nah\/files\/2011\/06\/Karte1a-1024x682.jpg 1024w\" sizes=\"auto, (max-width: 300px) 100vw, 300px\" \/><\/a><p id=\"caption-attachment-740\" class=\"wp-caption-text\">Herbstzauber, 2007<\/p><\/div>\n<div id=\"attachment_745\" style=\"width: 310px\" class=\"wp-caption aligncenter\"><a href=\"http:\/\/www.berliner-seiten.de\/ganz-nah\/files\/2011\/06\/Karte12.jpg\"><img loading=\"lazy\" decoding=\"async\" aria-describedby=\"caption-attachment-745\" class=\"size-medium wp-image-745\" src=\"http:\/\/www.berliner-seiten.de\/ganz-nah\/files\/2011\/06\/Karte12-300x200.jpg\" alt=\"\" width=\"300\" height=\"200\" srcset=\"http:\/\/www.berliner-seiten.de\/ganz-nah\/files\/2011\/06\/Karte12-300x200.jpg 300w, http:\/\/www.berliner-seiten.de\/ganz-nah\/files\/2011\/06\/Karte12-1024x682.jpg 1024w\" sizes=\"auto, (max-width: 300px) 100vw, 300px\" \/><\/a><p id=\"caption-attachment-745\" class=\"wp-caption-text\">Fr\u00fchlingsboten, 2008<\/p><\/div>\n<div id=\"attachment_747\" style=\"width: 310px\" class=\"wp-caption aligncenter\"><a href=\"http:\/\/www.berliner-seiten.de\/ganz-nah\/files\/2011\/06\/Karte21.jpg\"><img loading=\"lazy\" decoding=\"async\" aria-describedby=\"caption-attachment-747\" class=\"size-medium wp-image-747\" src=\"http:\/\/www.berliner-seiten.de\/ganz-nah\/files\/2011\/06\/Karte21-300x200.jpg\" alt=\"\" width=\"300\" height=\"200\" srcset=\"http:\/\/www.berliner-seiten.de\/ganz-nah\/files\/2011\/06\/Karte21-300x200.jpg 300w, http:\/\/www.berliner-seiten.de\/ganz-nah\/files\/2011\/06\/Karte21-1024x684.jpg 1024w\" sizes=\"auto, (max-width: 300px) 100vw, 300px\" \/><\/a><p id=\"caption-attachment-747\" class=\"wp-caption-text\">Nach dem Regen, 2008<\/p><\/div>\n<div id=\"attachment_750\" style=\"width: 310px\" class=\"wp-caption aligncenter\"><a href=\"http:\/\/www.berliner-seiten.de\/ganz-nah\/files\/2011\/06\/Karte22.jpg\"><img loading=\"lazy\" decoding=\"async\" aria-describedby=\"caption-attachment-750\" class=\"size-medium wp-image-750\" src=\"http:\/\/www.berliner-seiten.de\/ganz-nah\/files\/2011\/06\/Karte22-300x200.jpg\" alt=\"\" width=\"300\" height=\"200\" srcset=\"http:\/\/www.berliner-seiten.de\/ganz-nah\/files\/2011\/06\/Karte22-300x200.jpg 300w, http:\/\/www.berliner-seiten.de\/ganz-nah\/files\/2011\/06\/Karte22-1024x682.jpg 1024w\" sizes=\"auto, (max-width: 300px) 100vw, 300px\" \/><\/a><p id=\"caption-attachment-750\" class=\"wp-caption-text\">Das Auge ist zum Sehen da, 2008<\/p><\/div>\n<div id=\"attachment_751\" style=\"width: 310px\" class=\"wp-caption aligncenter\"><a href=\"http:\/\/www.berliner-seiten.de\/ganz-nah\/files\/2011\/06\/Karte42.jpg\"><img loading=\"lazy\" decoding=\"async\" aria-describedby=\"caption-attachment-751\" class=\"size-medium wp-image-751\" src=\"http:\/\/www.berliner-seiten.de\/ganz-nah\/files\/2011\/06\/Karte42-300x200.jpg\" alt=\"\" width=\"300\" height=\"200\" srcset=\"http:\/\/www.berliner-seiten.de\/ganz-nah\/files\/2011\/06\/Karte42-300x200.jpg 300w, http:\/\/www.berliner-seiten.de\/ganz-nah\/files\/2011\/06\/Karte42-1024x682.jpg 1024w\" sizes=\"auto, (max-width: 300px) 100vw, 300px\" \/><\/a><p id=\"caption-attachment-751\" class=\"wp-caption-text\">Sommer im Kiez, 2008<\/p><\/div>\n<div id=\"attachment_753\" style=\"width: 310px\" class=\"wp-caption aligncenter\"><a href=\"http:\/\/www.berliner-seiten.de\/ganz-nah\/files\/2011\/06\/Karte43.jpg\"><img loading=\"lazy\" decoding=\"async\" aria-describedby=\"caption-attachment-753\" class=\"size-medium wp-image-753\" src=\"http:\/\/www.berliner-seiten.de\/ganz-nah\/files\/2011\/06\/Karte43-300x200.jpg\" alt=\"\" width=\"300\" height=\"200\" srcset=\"http:\/\/www.berliner-seiten.de\/ganz-nah\/files\/2011\/06\/Karte43-300x200.jpg 300w, http:\/\/www.berliner-seiten.de\/ganz-nah\/files\/2011\/06\/Karte43-1024x682.jpg 1024w\" sizes=\"auto, (max-width: 300px) 100vw, 300px\" \/><\/a><p id=\"caption-attachment-753\" class=\"wp-caption-text\">Filzkletten, 2008<\/p><\/div>\n<div id=\"attachment_754\" style=\"width: 310px\" class=\"wp-caption aligncenter\"><a href=\"http:\/\/www.berliner-seiten.de\/ganz-nah\/files\/2011\/06\/Karte06.jpg\"><img loading=\"lazy\" decoding=\"async\" aria-describedby=\"caption-attachment-754\" class=\"size-medium wp-image-754\" src=\"http:\/\/www.berliner-seiten.de\/ganz-nah\/files\/2011\/06\/Karte06-300x200.jpg\" alt=\"\" width=\"300\" height=\"200\" srcset=\"http:\/\/www.berliner-seiten.de\/ganz-nah\/files\/2011\/06\/Karte06-300x200.jpg 300w, http:\/\/www.berliner-seiten.de\/ganz-nah\/files\/2011\/06\/Karte06-1024x682.jpg 1024w\" sizes=\"auto, (max-width: 300px) 100vw, 300px\" \/><\/a><p id=\"caption-attachment-754\" class=\"wp-caption-text\">Filzkletten auf dem Barnim, 2008<\/p><\/div>\n<div id=\"attachment_756\" style=\"width: 310px\" class=\"wp-caption aligncenter\"><a href=\"http:\/\/www.berliner-seiten.de\/ganz-nah\/files\/2011\/06\/Karte23.jpg\"><img loading=\"lazy\" decoding=\"async\" aria-describedby=\"caption-attachment-756\" class=\"size-medium wp-image-756\" src=\"http:\/\/www.berliner-seiten.de\/ganz-nah\/files\/2011\/06\/Karte23-300x200.jpg\" alt=\"\" width=\"300\" height=\"200\" srcset=\"http:\/\/www.berliner-seiten.de\/ganz-nah\/files\/2011\/06\/Karte23-300x200.jpg 300w, http:\/\/www.berliner-seiten.de\/ganz-nah\/files\/2011\/06\/Karte23-1024x682.jpg 1024w\" sizes=\"auto, (max-width: 300px) 100vw, 300px\" \/><\/a><p id=\"caption-attachment-756\" class=\"wp-caption-text\">Regentropfen- ganz nah, 2008<\/p><\/div>\n<div id=\"attachment_757\" style=\"width: 310px\" class=\"wp-caption aligncenter\"><a href=\"http:\/\/www.berliner-seiten.de\/ganz-nah\/files\/2011\/06\/Karte_C.jpg\"><img loading=\"lazy\" decoding=\"async\" aria-describedby=\"caption-attachment-757\" class=\"size-medium wp-image-757\" src=\"http:\/\/www.berliner-seiten.de\/ganz-nah\/files\/2011\/06\/Karte_C-300x200.jpg\" alt=\"\" width=\"300\" height=\"200\" srcset=\"http:\/\/www.berliner-seiten.de\/ganz-nah\/files\/2011\/06\/Karte_C-300x200.jpg 300w, http:\/\/www.berliner-seiten.de\/ganz-nah\/files\/2011\/06\/Karte_C-1024x682.jpg 1024w\" sizes=\"auto, (max-width: 300px) 100vw, 300px\" \/><\/a><p id=\"caption-attachment-757\" class=\"wp-caption-text\">&#8222;Rosen\u00e4pfel&#8220; bei Regen und Sonne, 2008<\/p><\/div>\n<div id=\"attachment_758\" style=\"width: 310px\" class=\"wp-caption aligncenter\"><a href=\"http:\/\/www.berliner-seiten.de\/ganz-nah\/files\/2011\/06\/Karte-A1.jpg\"><img loading=\"lazy\" decoding=\"async\" aria-describedby=\"caption-attachment-758\" class=\"size-medium wp-image-758\" src=\"http:\/\/www.berliner-seiten.de\/ganz-nah\/files\/2011\/06\/Karte-A1-300x200.jpg\" alt=\"\" width=\"300\" height=\"200\" srcset=\"http:\/\/www.berliner-seiten.de\/ganz-nah\/files\/2011\/06\/Karte-A1-300x200.jpg 300w, http:\/\/www.berliner-seiten.de\/ganz-nah\/files\/2011\/06\/Karte-A1-1024x682.jpg 1024w\" sizes=\"auto, (max-width: 300px) 100vw, 300px\" \/><\/a><p id=\"caption-attachment-758\" class=\"wp-caption-text\">Herbst im Kiez, 2008<\/p><\/div>\n<div id=\"attachment_760\" style=\"width: 310px\" class=\"wp-caption aligncenter\"><a href=\"http:\/\/www.berliner-seiten.de\/ganz-nah\/files\/2011\/06\/Karte44.jpg\"><img loading=\"lazy\" decoding=\"async\" aria-describedby=\"caption-attachment-760\" class=\"size-medium wp-image-760\" src=\"http:\/\/www.berliner-seiten.de\/ganz-nah\/files\/2011\/06\/Karte44-300x200.jpg\" alt=\"\" width=\"300\" height=\"200\" srcset=\"http:\/\/www.berliner-seiten.de\/ganz-nah\/files\/2011\/06\/Karte44-300x200.jpg 300w, http:\/\/www.berliner-seiten.de\/ganz-nah\/files\/2011\/06\/Karte44-1024x682.jpg 1024w\" sizes=\"auto, (max-width: 300px) 100vw, 300px\" \/><\/a><p id=\"caption-attachment-760\" class=\"wp-caption-text\">Lichtfestival, 2008<\/p><\/div>\n<div id=\"attachment_761\" style=\"width: 310px\" class=\"wp-caption aligncenter\"><a href=\"http:\/\/www.berliner-seiten.de\/ganz-nah\/files\/2011\/06\/Karte-H.jpg\"><img loading=\"lazy\" decoding=\"async\" aria-describedby=\"caption-attachment-761\" class=\"size-medium wp-image-761\" src=\"http:\/\/www.berliner-seiten.de\/ganz-nah\/files\/2011\/06\/Karte-H-300x200.jpg\" alt=\"\" width=\"300\" height=\"200\" srcset=\"http:\/\/www.berliner-seiten.de\/ganz-nah\/files\/2011\/06\/Karte-H-300x200.jpg 300w, http:\/\/www.berliner-seiten.de\/ganz-nah\/files\/2011\/06\/Karte-H-1024x682.jpg 1024w\" sizes=\"auto, (max-width: 300px) 100vw, 300px\" \/><\/a><p id=\"caption-attachment-761\" class=\"wp-caption-text\">Herbstansichten, 2008<\/p><\/div>\n<div id=\"attachment_762\" style=\"width: 310px\" class=\"wp-caption aligncenter\"><a href=\"http:\/\/www.berliner-seiten.de\/ganz-nah\/files\/2011\/06\/Karte_AF.jpg\"><img loading=\"lazy\" decoding=\"async\" aria-describedby=\"caption-attachment-762\" class=\"size-medium wp-image-762\" src=\"http:\/\/www.berliner-seiten.de\/ganz-nah\/files\/2011\/06\/Karte_AF-300x199.jpg\" alt=\"\" width=\"300\" height=\"199\" srcset=\"http:\/\/www.berliner-seiten.de\/ganz-nah\/files\/2011\/06\/Karte_AF-300x199.jpg 300w, http:\/\/www.berliner-seiten.de\/ganz-nah\/files\/2011\/06\/Karte_AF-1024x682.jpg 1024w\" sizes=\"auto, (max-width: 300px) 100vw, 300px\" \/><\/a><p id=\"caption-attachment-762\" class=\"wp-caption-text\">Gunst des Augenblicks, 2008<\/p><\/div>\n<div id=\"attachment_763\" style=\"width: 310px\" class=\"wp-caption aligncenter\"><a href=\"http:\/\/www.berliner-seiten.de\/ganz-nah\/files\/2011\/06\/Karte00.jpg\"><img loading=\"lazy\" decoding=\"async\" aria-describedby=\"caption-attachment-763\" class=\"size-medium wp-image-763\" src=\"http:\/\/www.berliner-seiten.de\/ganz-nah\/files\/2011\/06\/Karte00-300x200.jpg\" alt=\"\" width=\"300\" height=\"200\" srcset=\"http:\/\/www.berliner-seiten.de\/ganz-nah\/files\/2011\/06\/Karte00-300x200.jpg 300w, http:\/\/www.berliner-seiten.de\/ganz-nah\/files\/2011\/06\/Karte00-1024x682.jpg 1024w\" sizes=\"auto, (max-width: 300px) 100vw, 300px\" \/><\/a><p id=\"caption-attachment-763\" class=\"wp-caption-text\">Erster Schnee, 2008<\/p><\/div>\n<div id=\"attachment_764\" style=\"width: 310px\" class=\"wp-caption aligncenter\"><a href=\"http:\/\/www.berliner-seiten.de\/ganz-nah\/files\/2011\/06\/Sch\u00f6pfung1.jpg\"><img loading=\"lazy\" decoding=\"async\" aria-describedby=\"caption-attachment-764\" class=\"size-medium wp-image-764\" src=\"http:\/\/www.berliner-seiten.de\/ganz-nah\/files\/2011\/06\/Sch\u00f6pfung1-300x200.jpg\" alt=\"\" width=\"300\" height=\"200\" srcset=\"http:\/\/www.berliner-seiten.de\/ganz-nah\/files\/2011\/06\/Sch\u00f6pfung1-300x200.jpg 300w, http:\/\/www.berliner-seiten.de\/ganz-nah\/files\/2011\/06\/Sch\u00f6pfung1-1024x683.jpg 1024w\" sizes=\"auto, (max-width: 300px) 100vw, 300px\" \/><\/a><p id=\"caption-attachment-764\" class=\"wp-caption-text\">Vom Schnee \u00fcberrascht, 2008<\/p><\/div>\n<div id=\"attachment_766\" style=\"width: 310px\" class=\"wp-caption aligncenter\"><a href=\"http:\/\/www.berliner-seiten.de\/ganz-nah\/files\/2011\/06\/Karte-Wdh3.jpg\"><img loading=\"lazy\" decoding=\"async\" aria-describedby=\"caption-attachment-766\" class=\"size-medium wp-image-766\" src=\"http:\/\/www.berliner-seiten.de\/ganz-nah\/files\/2011\/06\/Karte-Wdh3-300x200.jpg\" alt=\"\" width=\"300\" height=\"200\" srcset=\"http:\/\/www.berliner-seiten.de\/ganz-nah\/files\/2011\/06\/Karte-Wdh3-300x200.jpg 300w, http:\/\/www.berliner-seiten.de\/ganz-nah\/files\/2011\/06\/Karte-Wdh3-1024x683.jpg 1024w\" sizes=\"auto, (max-width: 300px) 100vw, 300px\" \/><\/a><p id=\"caption-attachment-766\" class=\"wp-caption-text\">Jahresr\u00fcckschau, 2008<\/p><\/div>\n<div id=\"attachment_767\" style=\"width: 310px\" class=\"wp-caption aligncenter\"><a href=\"http:\/\/www.berliner-seiten.de\/ganz-nah\/files\/2011\/06\/Karte71.jpg\"><img loading=\"lazy\" decoding=\"async\" aria-describedby=\"caption-attachment-767\" class=\"size-medium wp-image-767\" src=\"http:\/\/www.berliner-seiten.de\/ganz-nah\/files\/2011\/06\/Karte71-300x200.jpg\" alt=\"\" width=\"300\" height=\"200\" srcset=\"http:\/\/www.berliner-seiten.de\/ganz-nah\/files\/2011\/06\/Karte71-300x200.jpg 300w, http:\/\/www.berliner-seiten.de\/ganz-nah\/files\/2011\/06\/Karte71-1024x682.jpg 1024w\" sizes=\"auto, (max-width: 300px) 100vw, 300px\" \/><\/a><p id=\"caption-attachment-767\" class=\"wp-caption-text\">Kant und die Natur, 2009<\/p><\/div>\n<div id=\"attachment_773\" style=\"width: 310px\" class=\"wp-caption aligncenter\"><a href=\"http:\/\/www.berliner-seiten.de\/ganz-nah\/files\/2011\/06\/Karte-AB.jpg\"><img loading=\"lazy\" decoding=\"async\" aria-describedby=\"caption-attachment-773\" class=\"size-medium wp-image-773\" src=\"http:\/\/www.berliner-seiten.de\/ganz-nah\/files\/2011\/06\/Karte-AB-300x200.jpg\" alt=\"\" width=\"300\" height=\"200\" srcset=\"http:\/\/www.berliner-seiten.de\/ganz-nah\/files\/2011\/06\/Karte-AB-300x200.jpg 300w, http:\/\/www.berliner-seiten.de\/ganz-nah\/files\/2011\/06\/Karte-AB-1024x682.jpg 1024w\" sizes=\"auto, (max-width: 300px) 100vw, 300px\" \/><\/a><p id=\"caption-attachment-773\" class=\"wp-caption-text\">Spreewald im Winterkleid, 2009<\/p><\/div>\n<div id=\"attachment_774\" style=\"width: 310px\" class=\"wp-caption aligncenter\"><a href=\"http:\/\/www.berliner-seiten.de\/ganz-nah\/files\/2011\/06\/Karte-Winter.jpg\"><img loading=\"lazy\" decoding=\"async\" aria-describedby=\"caption-attachment-774\" class=\"size-medium wp-image-774\" src=\"http:\/\/www.berliner-seiten.de\/ganz-nah\/files\/2011\/06\/Karte-Winter-300x200.jpg\" alt=\"\" width=\"300\" height=\"200\" srcset=\"http:\/\/www.berliner-seiten.de\/ganz-nah\/files\/2011\/06\/Karte-Winter-300x200.jpg 300w, http:\/\/www.berliner-seiten.de\/ganz-nah\/files\/2011\/06\/Karte-Winter-1024x683.jpg 1024w\" sizes=\"auto, (max-width: 300px) 100vw, 300px\" \/><\/a><p id=\"caption-attachment-774\" class=\"wp-caption-text\">Winterzauber, 2009<\/p><\/div>\n<div id=\"attachment_775\" style=\"width: 310px\" class=\"wp-caption aligncenter\"><a href=\"http:\/\/www.berliner-seiten.de\/ganz-nah\/files\/2011\/06\/Karte-1F.jpg\"><img loading=\"lazy\" decoding=\"async\" aria-describedby=\"caption-attachment-775\" class=\"size-medium wp-image-775\" src=\"http:\/\/www.berliner-seiten.de\/ganz-nah\/files\/2011\/06\/Karte-1F-300x200.jpg\" alt=\"\" width=\"300\" height=\"200\" srcset=\"http:\/\/www.berliner-seiten.de\/ganz-nah\/files\/2011\/06\/Karte-1F-300x200.jpg 300w, http:\/\/www.berliner-seiten.de\/ganz-nah\/files\/2011\/06\/Karte-1F-1024x682.jpg 1024w\" sizes=\"auto, (max-width: 300px) 100vw, 300px\" \/><\/a><p id=\"caption-attachment-775\" class=\"wp-caption-text\">Winterpracht, 2009<\/p><\/div>\n<div id=\"attachment_776\" style=\"width: 310px\" class=\"wp-caption aligncenter\"><a href=\"http:\/\/www.berliner-seiten.de\/ganz-nah\/files\/2011\/06\/Karte13.jpg\"><img loading=\"lazy\" decoding=\"async\" aria-describedby=\"caption-attachment-776\" class=\"size-medium wp-image-776\" src=\"http:\/\/www.berliner-seiten.de\/ganz-nah\/files\/2011\/06\/Karte13-300x200.jpg\" alt=\"\" width=\"300\" height=\"200\" srcset=\"http:\/\/www.berliner-seiten.de\/ganz-nah\/files\/2011\/06\/Karte13-300x200.jpg 300w, http:\/\/www.berliner-seiten.de\/ganz-nah\/files\/2011\/06\/Karte13-1024x683.jpg 1024w\" sizes=\"auto, (max-width: 300px) 100vw, 300px\" \/><\/a><p id=\"caption-attachment-776\" class=\"wp-caption-text\">Vorfr\u00fchling in Sanssouci, 2009<\/p><\/div>\n<div id=\"attachment_777\" style=\"width: 310px\" class=\"wp-caption aligncenter\"><a href=\"http:\/\/www.berliner-seiten.de\/ganz-nah\/files\/2011\/06\/Karte32.jpg\"><img loading=\"lazy\" decoding=\"async\" aria-describedby=\"caption-attachment-777\" class=\"size-medium wp-image-777\" src=\"http:\/\/www.berliner-seiten.de\/ganz-nah\/files\/2011\/06\/Karte32-300x200.jpg\" alt=\"\" width=\"300\" height=\"200\" srcset=\"http:\/\/www.berliner-seiten.de\/ganz-nah\/files\/2011\/06\/Karte32-300x200.jpg 300w, http:\/\/www.berliner-seiten.de\/ganz-nah\/files\/2011\/06\/Karte32-1024x683.jpg 1024w\" sizes=\"auto, (max-width: 300px) 100vw, 300px\" \/><\/a><p id=\"caption-attachment-777\" class=\"wp-caption-text\">H\u00e4uslebauen, 2009<\/p><\/div>\n<div id=\"attachment_778\" style=\"width: 310px\" class=\"wp-caption aligncenter\"><a href=\"http:\/\/www.berliner-seiten.de\/ganz-nah\/files\/2011\/06\/Karte45.jpg\"><img loading=\"lazy\" decoding=\"async\" aria-describedby=\"caption-attachment-778\" class=\"size-medium wp-image-778\" src=\"http:\/\/www.berliner-seiten.de\/ganz-nah\/files\/2011\/06\/Karte45-300x200.jpg\" alt=\"\" width=\"300\" height=\"200\" srcset=\"http:\/\/www.berliner-seiten.de\/ganz-nah\/files\/2011\/06\/Karte45-300x200.jpg 300w, http:\/\/www.berliner-seiten.de\/ganz-nah\/files\/2011\/06\/Karte45-1024x682.jpg 1024w\" sizes=\"auto, (max-width: 300px) 100vw, 300px\" \/><\/a><p id=\"caption-attachment-778\" class=\"wp-caption-text\">Fr\u00fchling im Kiez, 2009<\/p><\/div>\n<div id=\"attachment_779\" style=\"width: 310px\" class=\"wp-caption aligncenter\"><a href=\"http:\/\/www.berliner-seiten.de\/ganz-nah\/files\/2011\/06\/Karte46.jpg\"><img loading=\"lazy\" decoding=\"async\" aria-describedby=\"caption-attachment-779\" class=\"size-medium wp-image-779\" src=\"http:\/\/www.berliner-seiten.de\/ganz-nah\/files\/2011\/06\/Karte46-300x200.jpg\" alt=\"\" width=\"300\" height=\"200\" srcset=\"http:\/\/www.berliner-seiten.de\/ganz-nah\/files\/2011\/06\/Karte46-300x200.jpg 300w, http:\/\/www.berliner-seiten.de\/ganz-nah\/files\/2011\/06\/Karte46-1024x682.jpg 1024w\" sizes=\"auto, (max-width: 300px) 100vw, 300px\" \/><\/a><p id=\"caption-attachment-779\" class=\"wp-caption-text\">Mein Biotop im Wechsel der Jahreszeiten, 2009<\/p><\/div>\n<div id=\"attachment_780\" style=\"width: 310px\" class=\"wp-caption aligncenter\"><a href=\"http:\/\/www.berliner-seiten.de\/ganz-nah\/files\/2011\/06\/Karte_X2.jpg\"><img loading=\"lazy\" decoding=\"async\" aria-describedby=\"caption-attachment-780\" class=\"size-medium wp-image-780\" src=\"http:\/\/www.berliner-seiten.de\/ganz-nah\/files\/2011\/06\/Karte_X2-300x200.jpg\" alt=\"\" width=\"300\" height=\"200\" srcset=\"http:\/\/www.berliner-seiten.de\/ganz-nah\/files\/2011\/06\/Karte_X2-300x200.jpg 300w, http:\/\/www.berliner-seiten.de\/ganz-nah\/files\/2011\/06\/Karte_X2-1024x682.jpg 1024w\" sizes=\"auto, (max-width: 300px) 100vw, 300px\" \/><\/a><p id=\"caption-attachment-780\" class=\"wp-caption-text\">Bl\u00fctenpracht, 2009<\/p><\/div>\n<div id=\"attachment_781\" style=\"width: 310px\" class=\"wp-caption aligncenter\"><a href=\"http:\/\/www.berliner-seiten.de\/ganz-nah\/files\/2011\/06\/Karte_Z.jpg\"><img loading=\"lazy\" decoding=\"async\" aria-describedby=\"caption-attachment-781\" class=\"size-medium wp-image-781\" src=\"http:\/\/www.berliner-seiten.de\/ganz-nah\/files\/2011\/06\/Karte_Z-300x200.jpg\" alt=\"\" width=\"300\" height=\"200\" srcset=\"http:\/\/www.berliner-seiten.de\/ganz-nah\/files\/2011\/06\/Karte_Z-300x200.jpg 300w, http:\/\/www.berliner-seiten.de\/ganz-nah\/files\/2011\/06\/Karte_Z-1024x682.jpg 1024w\" sizes=\"auto, (max-width: 300px) 100vw, 300px\" \/><\/a><p id=\"caption-attachment-781\" class=\"wp-caption-text\">Roter Mohn, 2009<\/p><\/div>\n<div id=\"attachment_782\" style=\"width: 310px\" class=\"wp-caption aligncenter\"><a href=\"http:\/\/www.berliner-seiten.de\/ganz-nah\/files\/2011\/06\/A_\u00c4hrenfeld-neu.jpg\"><img loading=\"lazy\" decoding=\"async\" aria-describedby=\"caption-attachment-782\" class=\"size-medium wp-image-782\" src=\"http:\/\/www.berliner-seiten.de\/ganz-nah\/files\/2011\/06\/A_\u00c4hrenfeld-neu-300x201.jpg\" alt=\"\" width=\"300\" height=\"201\" srcset=\"http:\/\/www.berliner-seiten.de\/ganz-nah\/files\/2011\/06\/A_\u00c4hrenfeld-neu-300x201.jpg 300w, http:\/\/www.berliner-seiten.de\/ganz-nah\/files\/2011\/06\/A_\u00c4hrenfeld-neu-1024x687.jpg 1024w\" sizes=\"auto, (max-width: 300px) 100vw, 300px\" \/><\/a><p id=\"caption-attachment-782\" class=\"wp-caption-text\">\u00c4hrenfeld, 2009<\/p><\/div>\n<div id=\"attachment_783\" style=\"width: 310px\" class=\"wp-caption aligncenter\"><a href=\"http:\/\/www.berliner-seiten.de\/ganz-nah\/files\/2011\/06\/A_Regen-D.jpg\"><img loading=\"lazy\" decoding=\"async\" aria-describedby=\"caption-attachment-783\" class=\"size-medium wp-image-783\" src=\"http:\/\/www.berliner-seiten.de\/ganz-nah\/files\/2011\/06\/A_Regen-D-300x200.jpg\" alt=\"\" width=\"300\" height=\"200\" srcset=\"http:\/\/www.berliner-seiten.de\/ganz-nah\/files\/2011\/06\/A_Regen-D-300x200.jpg 300w, http:\/\/www.berliner-seiten.de\/ganz-nah\/files\/2011\/06\/A_Regen-D-1024x683.jpg 1024w\" sizes=\"auto, (max-width: 300px) 100vw, 300px\" \/><\/a><p id=\"caption-attachment-783\" class=\"wp-caption-text\">Rosen im Juni-Regen, 2009<\/p><\/div>\n<div id=\"attachment_785\" style=\"width: 310px\" class=\"wp-caption aligncenter\"><a href=\"http:\/\/www.berliner-seiten.de\/ganz-nah\/files\/2011\/06\/Karte61.jpg\"><img loading=\"lazy\" decoding=\"async\" aria-describedby=\"caption-attachment-785\" class=\"size-medium wp-image-785\" src=\"http:\/\/www.berliner-seiten.de\/ganz-nah\/files\/2011\/06\/Karte61-300x200.jpg\" alt=\"\" width=\"300\" height=\"200\" srcset=\"http:\/\/www.berliner-seiten.de\/ganz-nah\/files\/2011\/06\/Karte61-300x200.jpg 300w, http:\/\/www.berliner-seiten.de\/ganz-nah\/files\/2011\/06\/Karte61-1024x684.jpg 1024w\" sizes=\"auto, (max-width: 300px) 100vw, 300px\" \/><\/a><p id=\"caption-attachment-785\" class=\"wp-caption-text\">Sp\u00e4tsommer, 2009<\/p><\/div>\n<div id=\"attachment_786\" style=\"width: 310px\" class=\"wp-caption aligncenter\"><a href=\"http:\/\/www.berliner-seiten.de\/ganz-nah\/files\/2011\/06\/Karte-7.jpg\"><img loading=\"lazy\" decoding=\"async\" aria-describedby=\"caption-attachment-786\" class=\"size-medium wp-image-786\" src=\"http:\/\/www.berliner-seiten.de\/ganz-nah\/files\/2011\/06\/Karte-7-300x200.jpg\" alt=\"\" width=\"300\" height=\"200\" srcset=\"http:\/\/www.berliner-seiten.de\/ganz-nah\/files\/2011\/06\/Karte-7-300x200.jpg 300w, http:\/\/www.berliner-seiten.de\/ganz-nah\/files\/2011\/06\/Karte-7-1024x682.jpg 1024w, http:\/\/www.berliner-seiten.de\/ganz-nah\/files\/2011\/06\/Karte-7.jpg 1750w\" sizes=\"auto, (max-width: 300px) 100vw, 300px\" \/><\/a><p id=\"caption-attachment-786\" class=\"wp-caption-text\">Herbsttag, wie ich keinen sah, 2009<\/p><\/div>\n<div id=\"attachment_787\" style=\"width: 310px\" class=\"wp-caption aligncenter\"><a href=\"http:\/\/www.berliner-seiten.de\/ganz-nah\/files\/2011\/06\/Erde1.jpg\"><img loading=\"lazy\" decoding=\"async\" aria-describedby=\"caption-attachment-787\" class=\"size-medium wp-image-787\" src=\"http:\/\/www.berliner-seiten.de\/ganz-nah\/files\/2011\/06\/Erde1-300x200.jpg\" alt=\"\" width=\"300\" height=\"200\" srcset=\"http:\/\/www.berliner-seiten.de\/ganz-nah\/files\/2011\/06\/Erde1-300x200.jpg 300w, http:\/\/www.berliner-seiten.de\/ganz-nah\/files\/2011\/06\/Erde1-1024x683.jpg 1024w\" sizes=\"auto, (max-width: 300px) 100vw, 300px\" \/><\/a><p id=\"caption-attachment-787\" class=\"wp-caption-text\">Unverw\u00fcstlicher Sommer, 2009<\/p><\/div>\n<div id=\"attachment_788\" style=\"width: 310px\" class=\"wp-caption aligncenter\"><a href=\"http:\/\/www.berliner-seiten.de\/ganz-nah\/files\/2011\/06\/A_Karte2.jpg\"><img loading=\"lazy\" decoding=\"async\" aria-describedby=\"caption-attachment-788\" class=\"size-medium wp-image-788\" src=\"http:\/\/www.berliner-seiten.de\/ganz-nah\/files\/2011\/06\/A_Karte2-300x200.jpg\" alt=\"\" width=\"300\" height=\"200\" srcset=\"http:\/\/www.berliner-seiten.de\/ganz-nah\/files\/2011\/06\/A_Karte2-300x200.jpg 300w, http:\/\/www.berliner-seiten.de\/ganz-nah\/files\/2011\/06\/A_Karte2-1024x683.jpg 1024w\" sizes=\"auto, (max-width: 300px) 100vw, 300px\" \/><\/a><p id=\"caption-attachment-788\" class=\"wp-caption-text\">Sommerausklag, 2009<\/p><\/div>\n<div id=\"attachment_790\" style=\"width: 310px\" class=\"wp-caption aligncenter\"><a href=\"http:\/\/www.berliner-seiten.de\/ganz-nah\/files\/2011\/06\/Karte-AC.jpg\"><img loading=\"lazy\" decoding=\"async\" aria-describedby=\"caption-attachment-790\" class=\"size-medium wp-image-790\" src=\"http:\/\/www.berliner-seiten.de\/ganz-nah\/files\/2011\/06\/Karte-AC-300x200.jpg\" alt=\"\" width=\"300\" height=\"200\" srcset=\"http:\/\/www.berliner-seiten.de\/ganz-nah\/files\/2011\/06\/Karte-AC-300x200.jpg 300w, http:\/\/www.berliner-seiten.de\/ganz-nah\/files\/2011\/06\/Karte-AC-1024x684.jpg 1024w\" sizes=\"auto, (max-width: 300px) 100vw, 300px\" \/><\/a><p id=\"caption-attachment-790\" class=\"wp-caption-text\">Fr\u00fchherbst, 2009<\/p><\/div>\n<div id=\"attachment_791\" style=\"width: 310px\" class=\"wp-caption aligncenter\"><a href=\"http:\/\/www.berliner-seiten.de\/ganz-nah\/files\/2011\/06\/A_Karte21.jpg\"><img loading=\"lazy\" decoding=\"async\" aria-describedby=\"caption-attachment-791\" class=\"size-medium wp-image-791\" src=\"http:\/\/www.berliner-seiten.de\/ganz-nah\/files\/2011\/06\/A_Karte21-300x201.jpg\" alt=\"\" width=\"300\" height=\"201\" srcset=\"http:\/\/www.berliner-seiten.de\/ganz-nah\/files\/2011\/06\/A_Karte21-300x201.jpg 300w, http:\/\/www.berliner-seiten.de\/ganz-nah\/files\/2011\/06\/A_Karte21-1024x687.jpg 1024w\" sizes=\"auto, (max-width: 300px) 100vw, 300px\" \/><\/a><p id=\"caption-attachment-791\" class=\"wp-caption-text\">Bunter Herbst, 2009<\/p><\/div>\n<div id=\"attachment_792\" style=\"width: 310px\" class=\"wp-caption aligncenter\"><a href=\"http:\/\/www.berliner-seiten.de\/ganz-nah\/files\/2011\/06\/A_Karte4.jpg\"><img loading=\"lazy\" decoding=\"async\" aria-describedby=\"caption-attachment-792\" class=\"size-medium wp-image-792\" src=\"http:\/\/www.berliner-seiten.de\/ganz-nah\/files\/2011\/06\/A_Karte4-300x200.jpg\" alt=\"\" width=\"300\" height=\"200\" srcset=\"http:\/\/www.berliner-seiten.de\/ganz-nah\/files\/2011\/06\/A_Karte4-300x200.jpg 300w, http:\/\/www.berliner-seiten.de\/ganz-nah\/files\/2011\/06\/A_Karte4-1024x682.jpg 1024w\" sizes=\"auto, (max-width: 300px) 100vw, 300px\" \/><\/a><p id=\"caption-attachment-792\" class=\"wp-caption-text\">Lichtspiel, 2009<\/p><\/div>\n<div id=\"attachment_796\" style=\"width: 310px\" class=\"wp-caption aligncenter\"><a href=\"http:\/\/www.berliner-seiten.de\/ganz-nah\/files\/2011\/06\/A_Winter1.jpg\"><img loading=\"lazy\" decoding=\"async\" aria-describedby=\"caption-attachment-796\" class=\"size-medium wp-image-796\" src=\"http:\/\/www.berliner-seiten.de\/ganz-nah\/files\/2011\/06\/A_Winter1-300x200.jpg\" alt=\"\" width=\"300\" height=\"200\" srcset=\"http:\/\/www.berliner-seiten.de\/ganz-nah\/files\/2011\/06\/A_Winter1-300x200.jpg 300w, http:\/\/www.berliner-seiten.de\/ganz-nah\/files\/2011\/06\/A_Winter1-1024x683.jpg 1024w\" sizes=\"auto, (max-width: 300px) 100vw, 300px\" \/><\/a><p id=\"caption-attachment-796\" class=\"wp-caption-text\">Sch\u00f6nheiten im Frost, 2009<\/p><\/div>\n<div id=\"attachment_797\" style=\"width: 310px\" class=\"wp-caption aligncenter\"><a href=\"http:\/\/www.berliner-seiten.de\/ganz-nah\/files\/2011\/06\/A_Winter2.jpg\"><img loading=\"lazy\" decoding=\"async\" aria-describedby=\"caption-attachment-797\" class=\"size-medium wp-image-797\" src=\"http:\/\/www.berliner-seiten.de\/ganz-nah\/files\/2011\/06\/A_Winter2-300x200.jpg\" alt=\"\" width=\"300\" height=\"200\" srcset=\"http:\/\/www.berliner-seiten.de\/ganz-nah\/files\/2011\/06\/A_Winter2-300x200.jpg 300w, http:\/\/www.berliner-seiten.de\/ganz-nah\/files\/2011\/06\/A_Winter2-1024x683.jpg 1024w\" sizes=\"auto, (max-width: 300px) 100vw, 300px\" \/><\/a><p id=\"caption-attachment-797\" class=\"wp-caption-text\">Unverw\u00fcstlicher Winter, 2009<\/p><\/div>\n<div id=\"attachment_799\" style=\"width: 310px\" class=\"wp-caption aligncenter\"><a href=\"http:\/\/www.berliner-seiten.de\/ganz-nah\/fotokarten\/fruechte-und-blueten-auf-fotokarten\/winter-b-2\/\" rel=\"attachment wp-att-799\"><img loading=\"lazy\" decoding=\"async\" aria-describedby=\"caption-attachment-799\" class=\"size-medium wp-image-799\" src=\"http:\/\/www.berliner-seiten.de\/ganz-nah\/files\/2011\/06\/Winter-B-2-300x200.jpg\" alt=\"\" width=\"300\" height=\"200\" srcset=\"http:\/\/www.berliner-seiten.de\/ganz-nah\/files\/2011\/06\/Winter-B-2-300x200.jpg 300w, http:\/\/www.berliner-seiten.de\/ganz-nah\/files\/2011\/06\/Winter-B-2-1024x683.jpg 1024w\" sizes=\"auto, (max-width: 300px) 100vw, 300px\" \/><\/a><p id=\"caption-attachment-799\" class=\"wp-caption-text\">Eisiger Winter, 2010<\/p><\/div>\n<div id=\"attachment_801\" style=\"width: 310px\" class=\"wp-caption aligncenter\"><a href=\"http:\/\/www.berliner-seiten.de\/ganz-nah\/files\/2011\/06\/A_Karte-B\u00fcrgel.jpg\"><img loading=\"lazy\" decoding=\"async\" aria-describedby=\"caption-attachment-801\" class=\"size-medium wp-image-801\" src=\"http:\/\/www.berliner-seiten.de\/ganz-nah\/files\/2011\/06\/A_Karte-B\u00fcrgel-300x200.jpg\" alt=\"\" width=\"300\" height=\"200\" srcset=\"http:\/\/www.berliner-seiten.de\/ganz-nah\/files\/2011\/06\/A_Karte-B\u00fcrgel-300x200.jpg 300w, http:\/\/www.berliner-seiten.de\/ganz-nah\/files\/2011\/06\/A_Karte-B\u00fcrgel-1024x685.jpg 1024w\" sizes=\"auto, (max-width: 300px) 100vw, 300px\" \/><\/a><p id=\"caption-attachment-801\" class=\"wp-caption-text\">B\u00fcrgels Mahnung, 2010<\/p><\/div>\n<div id=\"attachment_802\" style=\"width: 310px\" class=\"wp-caption aligncenter\"><a href=\"http:\/\/www.berliner-seiten.de\/ganz-nah\/files\/2011\/06\/A_Karte-Heine1.jpg\"><img loading=\"lazy\" decoding=\"async\" aria-describedby=\"caption-attachment-802\" class=\"size-medium wp-image-802\" src=\"http:\/\/www.berliner-seiten.de\/ganz-nah\/files\/2011\/06\/A_Karte-Heine1-300x200.jpg\" alt=\"\" width=\"300\" height=\"200\" srcset=\"http:\/\/www.berliner-seiten.de\/ganz-nah\/files\/2011\/06\/A_Karte-Heine1-300x200.jpg 300w, http:\/\/www.berliner-seiten.de\/ganz-nah\/files\/2011\/06\/A_Karte-Heine1-1024x685.jpg 1024w\" sizes=\"auto, (max-width: 300px) 100vw, 300px\" \/><\/a><p id=\"caption-attachment-802\" class=\"wp-caption-text\">Heines Lob, 2010<\/p><\/div>\n<div id=\"attachment_803\" style=\"width: 310px\" class=\"wp-caption aligncenter\"><a href=\"http:\/\/www.berliner-seiten.de\/ganz-nah\/files\/2011\/06\/Sanssouci0-Wdh.jpg\"><img loading=\"lazy\" decoding=\"async\" aria-describedby=\"caption-attachment-803\" class=\"size-medium wp-image-803\" src=\"http:\/\/www.berliner-seiten.de\/ganz-nah\/files\/2011\/06\/Sanssouci0-Wdh-300x200.jpg\" alt=\"\" width=\"300\" height=\"200\" srcset=\"http:\/\/www.berliner-seiten.de\/ganz-nah\/files\/2011\/06\/Sanssouci0-Wdh-300x200.jpg 300w, http:\/\/www.berliner-seiten.de\/ganz-nah\/files\/2011\/06\/Sanssouci0-Wdh-1024x682.jpg 1024w\" sizes=\"auto, (max-width: 300px) 100vw, 300px\" \/><\/a><p id=\"caption-attachment-803\" class=\"wp-caption-text\">Fr\u00fchlingsankunft, 2010<\/p><\/div>\n<div id=\"attachment_804\" style=\"width: 310px\" class=\"wp-caption aligncenter\"><a href=\"http:\/\/www.berliner-seiten.de\/ganz-nah\/files\/2011\/06\/5-Seen.jpg\"><img loading=\"lazy\" decoding=\"async\" aria-describedby=\"caption-attachment-804\" class=\"size-medium wp-image-804\" src=\"http:\/\/www.berliner-seiten.de\/ganz-nah\/files\/2011\/06\/5-Seen-300x200.jpg\" alt=\"\" width=\"300\" height=\"200\" srcset=\"http:\/\/www.berliner-seiten.de\/ganz-nah\/files\/2011\/06\/5-Seen-300x200.jpg 300w, http:\/\/www.berliner-seiten.de\/ganz-nah\/files\/2011\/06\/5-Seen-1024x682.jpg 1024w\" sizes=\"auto, (max-width: 300px) 100vw, 300px\" \/><\/a><p id=\"caption-attachment-804\" class=\"wp-caption-text\">Fr\u00fchlingsausfahrt, 2010<\/p><\/div>\n<div id=\"attachment_808\" style=\"width: 310px\" class=\"wp-caption aligncenter\"><a href=\"http:\/\/www.berliner-seiten.de\/ganz-nah\/files\/2011\/06\/Karte-B2.jpg\"><img loading=\"lazy\" decoding=\"async\" aria-describedby=\"caption-attachment-808\" class=\"size-medium wp-image-808\" src=\"http:\/\/www.berliner-seiten.de\/ganz-nah\/files\/2011\/06\/Karte-B2-300x200.jpg\" alt=\"\" width=\"300\" height=\"200\" srcset=\"http:\/\/www.berliner-seiten.de\/ganz-nah\/files\/2011\/06\/Karte-B2-300x200.jpg 300w, http:\/\/www.berliner-seiten.de\/ganz-nah\/files\/2011\/06\/Karte-B2-1024x684.jpg 1024w\" sizes=\"auto, (max-width: 300px) 100vw, 300px\" \/><\/a><p id=\"caption-attachment-808\" class=\"wp-caption-text\">Rot und Blau als Duo, 2010<\/p><\/div>\n<div id=\"attachment_809\" style=\"width: 310px\" class=\"wp-caption aligncenter\"><a href=\"http:\/\/www.berliner-seiten.de\/ganz-nah\/files\/2011\/06\/Karte_0.jpg\"><img loading=\"lazy\" decoding=\"async\" aria-describedby=\"caption-attachment-809\" class=\"size-medium wp-image-809\" src=\"http:\/\/www.berliner-seiten.de\/ganz-nah\/files\/2011\/06\/Karte_0-300x200.jpg\" alt=\"\" width=\"300\" height=\"200\" srcset=\"http:\/\/www.berliner-seiten.de\/ganz-nah\/files\/2011\/06\/Karte_0-300x200.jpg 300w, http:\/\/www.berliner-seiten.de\/ganz-nah\/files\/2011\/06\/Karte_0-1024x682.jpg 1024w\" sizes=\"auto, (max-width: 300px) 100vw, 300px\" \/><\/a><p id=\"caption-attachment-809\" class=\"wp-caption-text\">Fr\u00fchling im Kiez, 2010<\/p><\/div>\n<div id=\"attachment_810\" style=\"width: 310px\" class=\"wp-caption aligncenter\"><a href=\"http:\/\/www.berliner-seiten.de\/ganz-nah\/files\/2011\/06\/A_Karte-1.jpg\"><img loading=\"lazy\" decoding=\"async\" aria-describedby=\"caption-attachment-810\" class=\"size-medium wp-image-810\" src=\"http:\/\/www.berliner-seiten.de\/ganz-nah\/files\/2011\/06\/A_Karte-1-300x200.jpg\" alt=\"\" width=\"300\" height=\"200\" srcset=\"http:\/\/www.berliner-seiten.de\/ganz-nah\/files\/2011\/06\/A_Karte-1-300x200.jpg 300w, http:\/\/www.berliner-seiten.de\/ganz-nah\/files\/2011\/06\/A_Karte-1-1024x682.jpg 1024w\" sizes=\"auto, (max-width: 300px) 100vw, 300px\" \/><\/a><p id=\"caption-attachment-810\" class=\"wp-caption-text\">Tautropfen, 2010<\/p><\/div>\n<div id=\"attachment_811\" style=\"width: 310px\" class=\"wp-caption aligncenter\"><a href=\"http:\/\/www.berliner-seiten.de\/ganz-nah\/files\/2011\/06\/A_Karte-neu1.jpg\"><img loading=\"lazy\" decoding=\"async\" aria-describedby=\"caption-attachment-811\" class=\"size-medium wp-image-811\" src=\"http:\/\/www.berliner-seiten.de\/ganz-nah\/files\/2011\/06\/A_Karte-neu1-300x199.jpg\" alt=\"\" width=\"300\" height=\"199\" srcset=\"http:\/\/www.berliner-seiten.de\/ganz-nah\/files\/2011\/06\/A_Karte-neu1-300x199.jpg 300w, http:\/\/www.berliner-seiten.de\/ganz-nah\/files\/2011\/06\/A_Karte-neu1-1024x680.jpg 1024w, http:\/\/www.berliner-seiten.de\/ganz-nah\/files\/2011\/06\/A_Karte-neu1.jpg 2048w\" sizes=\"auto, (max-width: 300px) 100vw, 300px\" \/><\/a><p id=\"caption-attachment-811\" class=\"wp-caption-text\">Sommershow, 2010<\/p><\/div>\n<div id=\"attachment_812\" style=\"width: 310px\" class=\"wp-caption aligncenter\"><a href=\"http:\/\/www.berliner-seiten.de\/ganz-nah\/files\/2011\/06\/Karte_E.jpg\"><img loading=\"lazy\" decoding=\"async\" aria-describedby=\"caption-attachment-812\" class=\"size-medium wp-image-812\" src=\"http:\/\/www.berliner-seiten.de\/ganz-nah\/files\/2011\/06\/Karte_E-300x199.jpg\" alt=\"\" width=\"300\" height=\"199\" srcset=\"http:\/\/www.berliner-seiten.de\/ganz-nah\/files\/2011\/06\/Karte_E-300x199.jpg 300w, http:\/\/www.berliner-seiten.de\/ganz-nah\/files\/2011\/06\/Karte_E-1024x680.jpg 1024w, http:\/\/www.berliner-seiten.de\/ganz-nah\/files\/2011\/06\/Karte_E.jpg 2048w\" sizes=\"auto, (max-width: 300px) 100vw, 300px\" \/><\/a><p id=\"caption-attachment-812\" class=\"wp-caption-text\">Sommerregen, 2010<\/p><\/div>\n<div id=\"attachment_813\" style=\"width: 310px\" class=\"wp-caption aligncenter\"><a href=\"http:\/\/www.berliner-seiten.de\/ganz-nah\/files\/2011\/06\/A_Herbst-1.jpg\"><img loading=\"lazy\" decoding=\"async\" aria-describedby=\"caption-attachment-813\" class=\"size-medium wp-image-813\" src=\"http:\/\/www.berliner-seiten.de\/ganz-nah\/files\/2011\/06\/A_Herbst-1-300x199.jpg\" alt=\"\" width=\"300\" height=\"199\" srcset=\"http:\/\/www.berliner-seiten.de\/ganz-nah\/files\/2011\/06\/A_Herbst-1-300x199.jpg 300w, http:\/\/www.berliner-seiten.de\/ganz-nah\/files\/2011\/06\/A_Herbst-1-1024x680.jpg 1024w, http:\/\/www.berliner-seiten.de\/ganz-nah\/files\/2011\/06\/A_Herbst-1.jpg 2048w\" sizes=\"auto, (max-width: 300px) 100vw, 300px\" \/><\/a><p id=\"caption-attachment-813\" class=\"wp-caption-text\">Herbstgr\u00fc\u00dfe, 2010<\/p><\/div>\n<div id=\"attachment_814\" style=\"width: 310px\" class=\"wp-caption aligncenter\"><a href=\"http:\/\/www.berliner-seiten.de\/ganz-nah\/files\/2011\/06\/A_Karte-B.jpg\"><img loading=\"lazy\" decoding=\"async\" aria-describedby=\"caption-attachment-814\" class=\"size-medium wp-image-814\" src=\"http:\/\/www.berliner-seiten.de\/ganz-nah\/files\/2011\/06\/A_Karte-B-300x199.jpg\" alt=\"\" width=\"300\" height=\"199\" srcset=\"http:\/\/www.berliner-seiten.de\/ganz-nah\/files\/2011\/06\/A_Karte-B-300x199.jpg 300w, http:\/\/www.berliner-seiten.de\/ganz-nah\/files\/2011\/06\/A_Karte-B-1024x681.jpg 1024w, http:\/\/www.berliner-seiten.de\/ganz-nah\/files\/2011\/06\/A_Karte-B.jpg 1775w\" sizes=\"auto, (max-width: 300px) 100vw, 300px\" \/><\/a><p id=\"caption-attachment-814\" class=\"wp-caption-text\">Bunt sind schon die Bl\u00e4tter, 2010<\/p><\/div>\n<div id=\"attachment_815\" style=\"width: 310px\" class=\"wp-caption aligncenter\"><a href=\"http:\/\/www.berliner-seiten.de\/ganz-nah\/files\/2011\/06\/Barnim-1.jpg\"><img loading=\"lazy\" decoding=\"async\" aria-describedby=\"caption-attachment-815\" class=\"size-medium wp-image-815\" src=\"http:\/\/www.berliner-seiten.de\/ganz-nah\/files\/2011\/06\/Barnim-1-300x199.jpg\" alt=\"\" width=\"300\" height=\"199\" srcset=\"http:\/\/www.berliner-seiten.de\/ganz-nah\/files\/2011\/06\/Barnim-1-300x199.jpg 300w, http:\/\/www.berliner-seiten.de\/ganz-nah\/files\/2011\/06\/Barnim-1-1024x680.jpg 1024w, http:\/\/www.berliner-seiten.de\/ganz-nah\/files\/2011\/06\/Barnim-1.jpg 2048w\" sizes=\"auto, (max-width: 300px) 100vw, 300px\" \/><\/a><p id=\"caption-attachment-815\" class=\"wp-caption-text\">Herbsttau auf dem Barnim, 2010<\/p><\/div>\n<div id=\"attachment_816\" style=\"width: 310px\" class=\"wp-caption aligncenter\"><a href=\"http:\/\/www.berliner-seiten.de\/ganz-nah\/files\/2011\/06\/A_Herbst2.jpg\"><img loading=\"lazy\" decoding=\"async\" aria-describedby=\"caption-attachment-816\" class=\"size-medium wp-image-816\" src=\"http:\/\/www.berliner-seiten.de\/ganz-nah\/files\/2011\/06\/A_Herbst2-300x199.jpg\" alt=\"\" width=\"300\" height=\"199\" srcset=\"http:\/\/www.berliner-seiten.de\/ganz-nah\/files\/2011\/06\/A_Herbst2-300x199.jpg 300w, http:\/\/www.berliner-seiten.de\/ganz-nah\/files\/2011\/06\/A_Herbst2-1024x680.jpg 1024w, http:\/\/www.berliner-seiten.de\/ganz-nah\/files\/2011\/06\/A_Herbst2.jpg 2048w\" sizes=\"auto, (max-width: 300px) 100vw, 300px\" \/><\/a><p id=\"caption-attachment-816\" class=\"wp-caption-text\">Herbsttag, 2010<\/p><\/div>\n<div id=\"attachment_817\" style=\"width: 310px\" class=\"wp-caption aligncenter\"><a href=\"http:\/\/www.berliner-seiten.de\/ganz-nah\/files\/2011\/06\/Winter5.jpg\"><img loading=\"lazy\" decoding=\"async\" aria-describedby=\"caption-attachment-817\" class=\"size-medium wp-image-817\" src=\"http:\/\/www.berliner-seiten.de\/ganz-nah\/files\/2011\/06\/Winter5-300x199.jpg\" alt=\"Sp\u00e4therbst, 2010\" width=\"300\" height=\"199\" srcset=\"http:\/\/www.berliner-seiten.de\/ganz-nah\/files\/2011\/06\/Winter5-300x199.jpg 300w, http:\/\/www.berliner-seiten.de\/ganz-nah\/files\/2011\/06\/Winter5-1024x680.jpg 1024w, http:\/\/www.berliner-seiten.de\/ganz-nah\/files\/2011\/06\/Winter5.jpg 2048w\" sizes=\"auto, (max-width: 300px) 100vw, 300px\" \/><\/a><p id=\"caption-attachment-817\" class=\"wp-caption-text\">Freude am Licht<\/p><\/div>\n<div id=\"attachment_818\" style=\"width: 310px\" class=\"wp-caption aligncenter\"><a href=\"http:\/\/www.berliner-seiten.de\/ganz-nah\/files\/2011\/06\/Winter2.jpg\"><img loading=\"lazy\" decoding=\"async\" aria-describedby=\"caption-attachment-818\" class=\"size-medium wp-image-818\" src=\"http:\/\/www.berliner-seiten.de\/ganz-nah\/files\/2011\/06\/Winter2-300x199.jpg\" alt=\"\" width=\"300\" height=\"199\" srcset=\"http:\/\/www.berliner-seiten.de\/ganz-nah\/files\/2011\/06\/Winter2-300x199.jpg 300w, http:\/\/www.berliner-seiten.de\/ganz-nah\/files\/2011\/06\/Winter2-1024x680.jpg 1024w, http:\/\/www.berliner-seiten.de\/ganz-nah\/files\/2011\/06\/Winter2.jpg 2048w\" sizes=\"auto, (max-width: 300px) 100vw, 300px\" \/><\/a><p id=\"caption-attachment-818\" class=\"wp-caption-text\">Wintereinbruch, 2010<\/p><\/div>\n<div id=\"attachment_819\" style=\"width: 310px\" class=\"wp-caption aligncenter\"><a href=\"http:\/\/www.berliner-seiten.de\/ganz-nah\/files\/2011\/06\/A_Karte-4.jpg\"><img loading=\"lazy\" decoding=\"async\" aria-describedby=\"caption-attachment-819\" class=\"size-medium wp-image-819\" src=\"http:\/\/www.berliner-seiten.de\/ganz-nah\/files\/2011\/06\/A_Karte-4-300x199.jpg\" alt=\"\" width=\"300\" height=\"199\" srcset=\"http:\/\/www.berliner-seiten.de\/ganz-nah\/files\/2011\/06\/A_Karte-4-300x199.jpg 300w, http:\/\/www.berliner-seiten.de\/ganz-nah\/files\/2011\/06\/A_Karte-4-1024x680.jpg 1024w, http:\/\/www.berliner-seiten.de\/ganz-nah\/files\/2011\/06\/A_Karte-4.jpg 2048w\" sizes=\"auto, (max-width: 300px) 100vw, 300px\" \/><\/a><p id=\"caption-attachment-819\" class=\"wp-caption-text\">Rekord-Schneehauben, 2010<\/p><\/div>\n<div id=\"attachment_820\" style=\"width: 310px\" class=\"wp-caption aligncenter\"><a href=\"http:\/\/www.berliner-seiten.de\/ganz-nah\/files\/2011\/06\/A_Karte-Eis1.jpg\"><img loading=\"lazy\" decoding=\"async\" aria-describedby=\"caption-attachment-820\" class=\"size-medium wp-image-820\" src=\"http:\/\/www.berliner-seiten.de\/ganz-nah\/files\/2011\/06\/A_Karte-Eis1-300x199.jpg\" alt=\"\" width=\"300\" height=\"199\" srcset=\"http:\/\/www.berliner-seiten.de\/ganz-nah\/files\/2011\/06\/A_Karte-Eis1-300x199.jpg 300w, http:\/\/www.berliner-seiten.de\/ganz-nah\/files\/2011\/06\/A_Karte-Eis1-1024x680.jpg 1024w, http:\/\/www.berliner-seiten.de\/ganz-nah\/files\/2011\/06\/A_Karte-Eis1.jpg 2048w\" sizes=\"auto, (max-width: 300px) 100vw, 300px\" \/><\/a><p id=\"caption-attachment-820\" class=\"wp-caption-text\">Neue Eiszeit, 2010<\/p><\/div>\n<div id=\"attachment_821\" style=\"width: 310px\" class=\"wp-caption aligncenter\"><a href=\"http:\/\/www.berliner-seiten.de\/ganz-nah\/files\/2011\/06\/Winterlast1.jpg\"><img loading=\"lazy\" decoding=\"async\" aria-describedby=\"caption-attachment-821\" class=\"size-medium wp-image-821\" src=\"http:\/\/www.berliner-seiten.de\/ganz-nah\/files\/2011\/06\/Winterlast1-300x199.jpg\" alt=\"\" width=\"300\" height=\"199\" srcset=\"http:\/\/www.berliner-seiten.de\/ganz-nah\/files\/2011\/06\/Winterlast1-300x199.jpg 300w, http:\/\/www.berliner-seiten.de\/ganz-nah\/files\/2011\/06\/Winterlast1-1024x680.jpg 1024w, http:\/\/www.berliner-seiten.de\/ganz-nah\/files\/2011\/06\/Winterlast1.jpg 2048w\" sizes=\"auto, (max-width: 300px) 100vw, 300px\" \/><\/a><p id=\"caption-attachment-821\" class=\"wp-caption-text\">Winterfreude-Winterlast, 2010<\/p><\/div>\n<div id=\"attachment_822\" style=\"width: 310px\" class=\"wp-caption aligncenter\"><a href=\"http:\/\/www.berliner-seiten.de\/ganz-nah\/files\/2011\/06\/A_Winter7.jpg\"><img loading=\"lazy\" decoding=\"async\" aria-describedby=\"caption-attachment-822\" class=\"size-medium wp-image-822\" src=\"http:\/\/www.berliner-seiten.de\/ganz-nah\/files\/2011\/06\/A_Winter7-300x200.jpg\" alt=\"\" width=\"300\" height=\"200\" srcset=\"http:\/\/www.berliner-seiten.de\/ganz-nah\/files\/2011\/06\/A_Winter7-300x200.jpg 300w, http:\/\/www.berliner-seiten.de\/ganz-nah\/files\/2011\/06\/A_Winter7-1024x685.jpg 1024w\" sizes=\"auto, (max-width: 300px) 100vw, 300px\" \/><\/a><p id=\"caption-attachment-822\" class=\"wp-caption-text\">Superwinter im Kiez, 2011<\/p><\/div>\n<div id=\"attachment_823\" style=\"width: 310px\" class=\"wp-caption aligncenter\"><a href=\"http:\/\/www.berliner-seiten.de\/ganz-nah\/files\/2011\/06\/Karte_C2.jpg\"><img loading=\"lazy\" decoding=\"async\" aria-describedby=\"caption-attachment-823\" class=\"size-medium wp-image-823\" src=\"http:\/\/www.berliner-seiten.de\/ganz-nah\/files\/2011\/06\/Karte_C2-300x199.jpg\" alt=\"\" width=\"300\" height=\"199\" srcset=\"http:\/\/www.berliner-seiten.de\/ganz-nah\/files\/2011\/06\/Karte_C2-300x199.jpg 300w, http:\/\/www.berliner-seiten.de\/ganz-nah\/files\/2011\/06\/Karte_C2-1024x680.jpg 1024w, http:\/\/www.berliner-seiten.de\/ganz-nah\/files\/2011\/06\/Karte_C2.jpg 2048w\" sizes=\"auto, (max-width: 300px) 100vw, 300px\" \/><\/a><p id=\"caption-attachment-823\" class=\"wp-caption-text\">Immer neuer Winterzauber, 2011<\/p><\/div>\n<div id=\"attachment_824\" style=\"width: 310px\" class=\"wp-caption aligncenter\"><a href=\"http:\/\/www.berliner-seiten.de\/ganz-nah\/files\/2011\/06\/Karte_A.jpg\"><img loading=\"lazy\" decoding=\"async\" aria-describedby=\"caption-attachment-824\" class=\"size-medium wp-image-824\" src=\"http:\/\/www.berliner-seiten.de\/ganz-nah\/files\/2011\/06\/Karte_A-300x199.jpg\" alt=\"\" width=\"300\" height=\"199\" srcset=\"http:\/\/www.berliner-seiten.de\/ganz-nah\/files\/2011\/06\/Karte_A-300x199.jpg 300w, http:\/\/www.berliner-seiten.de\/ganz-nah\/files\/2011\/06\/Karte_A-1024x680.jpg 1024w, http:\/\/www.berliner-seiten.de\/ganz-nah\/files\/2011\/06\/Karte_A.jpg 2048w\" sizes=\"auto, (max-width: 300px) 100vw, 300px\" \/><\/a><p id=\"caption-attachment-824\" class=\"wp-caption-text\">Standhafte Hagebutten, 2011<\/p><\/div>\n<div id=\"attachment_825\" style=\"width: 310px\" class=\"wp-caption aligncenter\"><a href=\"http:\/\/www.berliner-seiten.de\/ganz-nah\/files\/2011\/06\/Karte_2.jpg\"><img loading=\"lazy\" decoding=\"async\" aria-describedby=\"caption-attachment-825\" class=\"size-medium wp-image-825\" src=\"http:\/\/www.berliner-seiten.de\/ganz-nah\/files\/2011\/06\/Karte_2-300x199.jpg\" alt=\"\" width=\"300\" height=\"199\" srcset=\"http:\/\/www.berliner-seiten.de\/ganz-nah\/files\/2011\/06\/Karte_2-300x199.jpg 300w, http:\/\/www.berliner-seiten.de\/ganz-nah\/files\/2011\/06\/Karte_2-1024x680.jpg 1024w, http:\/\/www.berliner-seiten.de\/ganz-nah\/files\/2011\/06\/Karte_2.jpg 2048w\" sizes=\"auto, (max-width: 300px) 100vw, 300px\" \/><\/a><p id=\"caption-attachment-825\" class=\"wp-caption-text\">Fr\u00fchlingssehnsucht, 2011<\/p><\/div>\n<div id=\"attachment_828\" style=\"width: 310px\" class=\"wp-caption aligncenter\"><a href=\"http:\/\/www.berliner-seiten.de\/ganz-nah\/files\/2011\/06\/Wende-Wdh.jpg\"><img loading=\"lazy\" decoding=\"async\" aria-describedby=\"caption-attachment-828\" class=\"size-medium wp-image-828\" src=\"http:\/\/www.berliner-seiten.de\/ganz-nah\/files\/2011\/06\/Wende-Wdh-300x199.jpg\" alt=\"\" width=\"300\" height=\"199\" srcset=\"http:\/\/www.berliner-seiten.de\/ganz-nah\/files\/2011\/06\/Wende-Wdh-300x199.jpg 300w, http:\/\/www.berliner-seiten.de\/ganz-nah\/files\/2011\/06\/Wende-Wdh-1024x680.jpg 1024w, http:\/\/www.berliner-seiten.de\/ganz-nah\/files\/2011\/06\/Wende-Wdh.jpg 2048w\" sizes=\"auto, (max-width: 300px) 100vw, 300px\" \/><\/a><p id=\"caption-attachment-828\" class=\"wp-caption-text\">Krokusse im Friedrichshain in Berlin, 2011<\/p><\/div>\n<div id=\"attachment_829\" style=\"width: 310px\" class=\"wp-caption aligncenter\"><a href=\"http:\/\/www.berliner-seiten.de\/ganz-nah\/files\/2011\/06\/Karte-8.jpg\"><img loading=\"lazy\" decoding=\"async\" aria-describedby=\"caption-attachment-829\" class=\"size-medium wp-image-829\" src=\"http:\/\/www.berliner-seiten.de\/ganz-nah\/files\/2011\/06\/Karte-8-300x199.jpg\" alt=\"\" width=\"300\" height=\"199\" srcset=\"http:\/\/www.berliner-seiten.de\/ganz-nah\/files\/2011\/06\/Karte-8-300x199.jpg 300w, http:\/\/www.berliner-seiten.de\/ganz-nah\/files\/2011\/06\/Karte-8-1024x680.jpg 1024w, http:\/\/www.berliner-seiten.de\/ganz-nah\/files\/2011\/06\/Karte-8.jpg 2048w\" sizes=\"auto, (max-width: 300px) 100vw, 300px\" \/><\/a><p id=\"caption-attachment-829\" class=\"wp-caption-text\">Kiez im Fr\u00fchlingslook, 2011<\/p><\/div>\n<div id=\"attachment_1341\" style=\"width: 310px\" class=\"wp-caption aligncenter\"><a href=\"http:\/\/www.berliner-seiten.de\/ganz-nah\/files\/2011\/06\/A_Karte23.jpg\"><img loading=\"lazy\" decoding=\"async\" aria-describedby=\"caption-attachment-1341\" class=\"size-medium wp-image-1341\" src=\"http:\/\/www.berliner-seiten.de\/ganz-nah\/files\/2011\/06\/A_Karte23-300x198.jpg\" alt=\"\" width=\"300\" height=\"198\" srcset=\"http:\/\/www.berliner-seiten.de\/ganz-nah\/files\/2011\/06\/A_Karte23-300x198.jpg 300w, http:\/\/www.berliner-seiten.de\/ganz-nah\/files\/2011\/06\/A_Karte23-1024x678.jpg 1024w\" sizes=\"auto, (max-width: 300px) 100vw, 300px\" \/><\/a><p id=\"caption-attachment-1341\" class=\"wp-caption-text\">Spiel mit Formen, 2011<\/p><\/div>\n<div id=\"attachment_1359\" style=\"width: 310px\" class=\"wp-caption aligncenter\"><a href=\"http:\/\/www.berliner-seiten.de\/ganz-nah\/files\/2011\/06\/A_Karte-G.jpg\"><img loading=\"lazy\" decoding=\"async\" aria-describedby=\"caption-attachment-1359\" class=\"size-medium wp-image-1359\" src=\"http:\/\/www.berliner-seiten.de\/ganz-nah\/files\/2011\/06\/A_Karte-G-300x199.jpg\" alt=\"\" width=\"300\" height=\"199\" srcset=\"http:\/\/www.berliner-seiten.de\/ganz-nah\/files\/2011\/06\/A_Karte-G-300x199.jpg 300w, http:\/\/www.berliner-seiten.de\/ganz-nah\/files\/2011\/06\/A_Karte-G-1024x682.jpg 1024w\" sizes=\"auto, (max-width: 300px) 100vw, 300px\" \/><\/a><p id=\"caption-attachment-1359\" class=\"wp-caption-text\">Sommerregen, 2011<\/p><\/div>\n<div id=\"attachment_1728\" style=\"width: 310px\" class=\"wp-caption aligncenter\"><a href=\"http:\/\/www.berliner-seiten.de\/ganz-nah\/files\/2011\/06\/A_Filzklette2.jpg\"><img loading=\"lazy\" decoding=\"async\" aria-describedby=\"caption-attachment-1728\" class=\"size-medium wp-image-1728\" src=\"http:\/\/www.berliner-seiten.de\/ganz-nah\/files\/2011\/06\/A_Filzklette2-300x198.jpg\" alt=\"\" width=\"300\" height=\"198\" srcset=\"http:\/\/www.berliner-seiten.de\/ganz-nah\/files\/2011\/06\/A_Filzklette2-300x198.jpg 300w, http:\/\/www.berliner-seiten.de\/ganz-nah\/files\/2011\/06\/A_Filzklette2-1024x678.jpg 1024w\" sizes=\"auto, (max-width: 300px) 100vw, 300px\" \/><\/a><p id=\"caption-attachment-1728\" class=\"wp-caption-text\">Filzkletten, 2011<\/p><\/div>\n<div id=\"attachment_1729\" style=\"width: 310px\" class=\"wp-caption aligncenter\"><a href=\"http:\/\/www.berliner-seiten.de\/ganz-nah\/files\/2011\/06\/Regen-2.jpg\"><img loading=\"lazy\" decoding=\"async\" aria-describedby=\"caption-attachment-1729\" class=\"size-medium wp-image-1729\" src=\"http:\/\/www.berliner-seiten.de\/ganz-nah\/files\/2011\/06\/Regen-2-300x200.jpg\" alt=\"\" width=\"300\" height=\"200\" srcset=\"http:\/\/www.berliner-seiten.de\/ganz-nah\/files\/2011\/06\/Regen-2-300x200.jpg 300w, http:\/\/www.berliner-seiten.de\/ganz-nah\/files\/2011\/06\/Regen-2-1024x685.jpg 1024w\" sizes=\"auto, (max-width: 300px) 100vw, 300px\" \/><\/a><p id=\"caption-attachment-1729\" class=\"wp-caption-text\">Verregneter Sommer-1, 2011<\/p><\/div>\n<div id=\"attachment_1730\" style=\"width: 310px\" class=\"wp-caption aligncenter\"><a href=\"http:\/\/www.berliner-seiten.de\/ganz-nah\/files\/2011\/06\/Regen-11.jpg\"><img loading=\"lazy\" decoding=\"async\" aria-describedby=\"caption-attachment-1730\" class=\"size-medium wp-image-1730\" src=\"http:\/\/www.berliner-seiten.de\/ganz-nah\/files\/2011\/06\/Regen-11-300x212.jpg\" alt=\"\" width=\"300\" height=\"212\" srcset=\"http:\/\/www.berliner-seiten.de\/ganz-nah\/files\/2011\/06\/Regen-11-300x212.jpg 300w, http:\/\/www.berliner-seiten.de\/ganz-nah\/files\/2011\/06\/Regen-11-1024x724.jpg 1024w\" sizes=\"auto, (max-width: 300px) 100vw, 300px\" \/><\/a><p id=\"caption-attachment-1730\" class=\"wp-caption-text\">Verregneter Sommer-2, 2011<\/p><\/div>\n<div id=\"attachment_1731\" style=\"width: 310px\" class=\"wp-caption aligncenter\"><a href=\"http:\/\/www.berliner-seiten.de\/ganz-nah\/files\/2011\/06\/Regen-4.jpg\"><img loading=\"lazy\" decoding=\"async\" aria-describedby=\"caption-attachment-1731\" class=\"size-medium wp-image-1731\" src=\"http:\/\/www.berliner-seiten.de\/ganz-nah\/files\/2011\/06\/Regen-4-300x199.jpg\" alt=\"\" width=\"300\" height=\"199\" srcset=\"http:\/\/www.berliner-seiten.de\/ganz-nah\/files\/2011\/06\/Regen-4-300x199.jpg 300w, http:\/\/www.berliner-seiten.de\/ganz-nah\/files\/2011\/06\/Regen-4-1024x682.jpg 1024w, http:\/\/www.berliner-seiten.de\/ganz-nah\/files\/2011\/06\/Regen-4.jpg 1313w\" sizes=\"auto, (max-width: 300px) 100vw, 300px\" \/><\/a><p id=\"caption-attachment-1731\" class=\"wp-caption-text\">Verregneter Sommer-3, 2011<\/p><\/div>\n<div id=\"attachment_1732\" style=\"width: 310px\" class=\"wp-caption aligncenter\"><a href=\"http:\/\/www.berliner-seiten.de\/ganz-nah\/files\/2011\/06\/A_Karte-Wunder.jpg\"><img loading=\"lazy\" decoding=\"async\" aria-describedby=\"caption-attachment-1732\" class=\"size-medium wp-image-1732\" src=\"http:\/\/www.berliner-seiten.de\/ganz-nah\/files\/2011\/06\/A_Karte-Wunder-300x200.jpg\" alt=\"\" width=\"300\" height=\"200\" srcset=\"http:\/\/www.berliner-seiten.de\/ganz-nah\/files\/2011\/06\/A_Karte-Wunder-300x200.jpg 300w, http:\/\/www.berliner-seiten.de\/ganz-nah\/files\/2011\/06\/A_Karte-Wunder-1024x685.jpg 1024w\" sizes=\"auto, (max-width: 300px) 100vw, 300px\" \/><\/a><p id=\"caption-attachment-1732\" class=\"wp-caption-text\">Blaues Wunder im Regen, 2011<\/p><\/div>\n<div id=\"attachment_1733\" style=\"width: 310px\" class=\"wp-caption aligncenter\"><a href=\"http:\/\/www.berliner-seiten.de\/ganz-nah\/files\/2011\/06\/A_Karte-Wunder3.jpg\"><img loading=\"lazy\" decoding=\"async\" aria-describedby=\"caption-attachment-1733\" class=\"size-medium wp-image-1733\" src=\"http:\/\/www.berliner-seiten.de\/ganz-nah\/files\/2011\/06\/A_Karte-Wunder3-300x200.jpg\" alt=\"\" width=\"300\" height=\"200\" srcset=\"http:\/\/www.berliner-seiten.de\/ganz-nah\/files\/2011\/06\/A_Karte-Wunder3-300x200.jpg 300w, http:\/\/www.berliner-seiten.de\/ganz-nah\/files\/2011\/06\/A_Karte-Wunder3-1024x685.jpg 1024w\" sizes=\"auto, (max-width: 300px) 100vw, 300px\" \/><\/a><p id=\"caption-attachment-1733\" class=\"wp-caption-text\">Hagebutten im Regen, 2011<\/p><\/div>\n<div id=\"attachment_1791\" style=\"width: 310px\" class=\"wp-caption aligncenter\"><a href=\"http:\/\/www.berliner-seiten.de\/ganz-nah\/files\/2011\/06\/A_Karte_0796a.jpg\"><img loading=\"lazy\" decoding=\"async\" aria-describedby=\"caption-attachment-1791\" class=\"size-medium wp-image-1791\" src=\"http:\/\/www.berliner-seiten.de\/ganz-nah\/files\/2011\/06\/A_Karte_0796a-300x200.jpg\" alt=\"\" width=\"300\" height=\"200\" srcset=\"http:\/\/www.berliner-seiten.de\/ganz-nah\/files\/2011\/06\/A_Karte_0796a-300x200.jpg 300w, http:\/\/www.berliner-seiten.de\/ganz-nah\/files\/2011\/06\/A_Karte_0796a-1024x682.jpg 1024w\" sizes=\"auto, (max-width: 300px) 100vw, 300px\" \/><\/a><p id=\"caption-attachment-1791\" class=\"wp-caption-text\">Nach dem Regen, 2011<\/p><\/div>\n<div id=\"attachment_2123\" style=\"width: 310px\" class=\"wp-caption aligncenter\"><a href=\"http:\/\/www.berliner-seiten.de\/ganz-nah\/files\/2011\/06\/A_Karte-H1.jpg\"><img loading=\"lazy\" decoding=\"async\" aria-describedby=\"caption-attachment-2123\" class=\"size-medium wp-image-2123\" src=\"http:\/\/www.berliner-seiten.de\/ganz-nah\/files\/2011\/06\/A_Karte-H1-300x212.jpg\" alt=\"\" width=\"300\" height=\"212\" srcset=\"http:\/\/www.berliner-seiten.de\/ganz-nah\/files\/2011\/06\/A_Karte-H1-300x212.jpg 300w, http:\/\/www.berliner-seiten.de\/ganz-nah\/files\/2011\/06\/A_Karte-H1-1024x724.jpg 1024w\" sizes=\"auto, (max-width: 300px) 100vw, 300px\" \/><\/a><p id=\"caption-attachment-2123\" class=\"wp-caption-text\">Herbstgr\u00fc\u00dfe mit bunten Raublattastern, 2011<\/p><\/div>\n<div id=\"attachment_2231\" style=\"width: 310px\" class=\"wp-caption aligncenter\"><a href=\"http:\/\/www.berliner-seiten.de\/ganz-nah\/files\/2011\/06\/A_Herbst5.jpg\"><img loading=\"lazy\" decoding=\"async\" aria-describedby=\"caption-attachment-2231\" class=\"size-medium wp-image-2231\" src=\"http:\/\/www.berliner-seiten.de\/ganz-nah\/files\/2011\/06\/A_Herbst5-300x212.jpg\" alt=\"\" width=\"300\" height=\"212\" srcset=\"http:\/\/www.berliner-seiten.de\/ganz-nah\/files\/2011\/06\/A_Herbst5-300x212.jpg 300w, http:\/\/www.berliner-seiten.de\/ganz-nah\/files\/2011\/06\/A_Herbst5-1024x724.jpg 1024w\" sizes=\"auto, (max-width: 300px) 100vw, 300px\" \/><\/a><p id=\"caption-attachment-2231\" class=\"wp-caption-text\">Morgen im Fr\u00fchherbst, 2011<\/p><\/div>\n<div id=\"attachment_2232\" style=\"width: 310px\" class=\"wp-caption aligncenter\"><a href=\"http:\/\/www.berliner-seiten.de\/ganz-nah\/files\/2011\/06\/A_Herbst6.jpg\"><img loading=\"lazy\" decoding=\"async\" aria-describedby=\"caption-attachment-2232\" class=\"size-medium wp-image-2232\" src=\"http:\/\/www.berliner-seiten.de\/ganz-nah\/files\/2011\/06\/A_Herbst6-300x212.jpg\" alt=\"\" width=\"300\" height=\"212\" srcset=\"http:\/\/www.berliner-seiten.de\/ganz-nah\/files\/2011\/06\/A_Herbst6-300x212.jpg 300w, http:\/\/www.berliner-seiten.de\/ganz-nah\/files\/2011\/06\/A_Herbst6-1024x724.jpg 1024w\" sizes=\"auto, (max-width: 300px) 100vw, 300px\" \/><\/a><p id=\"caption-attachment-2232\" class=\"wp-caption-text\">&#8222;K\u00fchl und Labens ist der Tau&#8230;&#8220;, 2011<\/p><\/div>\n<p>&nbsp;<\/p>\n<p>&nbsp;<\/p>\n","protected":false},"excerpt":{"rendered":"<p>Auch in der Planzenwelt war und ist meine Kamera st\u00e4ndig auf der Suche nach sch\u00f6nen Motiven. Nichts ist geeigneter als Sinnbild, Symbol oder Metapher f\u00fcr die unterschiedlichsten Lebenssituationen als die Vielfalt der Pflanzen in ihrer jahreszeitlichen Pracht. Besonders durch Bl\u00fcten &hellip; <a href=\"http:\/\/www.berliner-seiten.de\/ganz-nah\/fotokarten\/fruechte-und-blueten-auf-fotokarten\/\">Weiterlesen <span class=\"meta-nav\">&rarr;<\/span><\/a><\/p>\n","protected":false},"author":6,"featured_media":0,"parent":316,"menu_order":2,"comment_status":"closed","ping_status":"closed","template":"","meta":{"footnotes":""},"class_list":["post-355","page","type-page","status-publish","hentry"],"_links":{"self":[{"href":"http:\/\/www.berliner-seiten.de\/ganz-nah\/wp-json\/wp\/v2\/pages\/355","targetHints":{"allow":["GET"]}}],"collection":[{"href":"http:\/\/www.berliner-seiten.de\/ganz-nah\/wp-json\/wp\/v2\/pages"}],"about":[{"href":"http:\/\/www.berliner-seiten.de\/ganz-nah\/wp-json\/wp\/v2\/types\/page"}],"author":[{"embeddable":true,"href":"http:\/\/www.berliner-seiten.de\/ganz-nah\/wp-json\/wp\/v2\/users\/6"}],"replies":[{"embeddable":true,"href":"http:\/\/www.berliner-seiten.de\/ganz-nah\/wp-json\/wp\/v2\/comments?post=355"}],"version-history":[{"count":31,"href":"http:\/\/www.berliner-seiten.de\/ganz-nah\/wp-json\/wp\/v2\/pages\/355\/revisions"}],"predecessor-version":[{"id":483,"href":"http:\/\/www.berliner-seiten.de\/ganz-nah\/wp-json\/wp\/v2\/pages\/355\/revisions\/483"}],"up":[{"embeddable":true,"href":"http:\/\/www.berliner-seiten.de\/ganz-nah\/wp-json\/wp\/v2\/pages\/316"}],"wp:attachment":[{"href":"http:\/\/www.berliner-seiten.de\/ganz-nah\/wp-json\/wp\/v2\/media?parent=355"}],"curies":[{"name":"wp","href":"https:\/\/api.w.org\/{rel}","templated":true}]}}